{"id":48045,"date":"2025-10-15T14:12:52","date_gmt":"2025-10-15T12:12:52","guid":{"rendered":"https:\/\/ajeandalucia.org\/granada\/?post_type=mec-events&#038;p=48045"},"modified":"2025-10-15T14:12:52","modified_gmt":"2025-10-15T12:12:52","slug":"jornada-puertas-abiertas-hubicc-aje","status":"publish","type":"mec-events","link":"https:\/\/ajeandalucia.org\/granada\/eventos\/jornada-puertas-abiertas-hubicc-aje\/","title":{"rendered":"Jornada de Puertas Abiertas en HUBICC- AJE Granada"},"content":{"rendered":"<p>\u00a1 VEN A TRABAJAR EN NUESTRO COWORKING!<\/p>\n<p><strong>Fecha: Martes 21 de octubre<\/strong><br \/>\n<strong>Hora: Desde las 09:00 hasta las 17:00 hrs<\/strong><br \/>\n<strong>Ubicaci\u00f3n: HUBICC (C\/Aguas Bravas,1, Genil, Albolote)<\/strong><\/p>\n<p><em>**Plazas limitadas<\/em><\/p>\n<p data-start=\"66\" data-end=\"306\">El pr\u00f3ximo <strong data-start=\"77\" data-end=\"100\">lunes 21 de octubre<\/strong>, abrimos las puertas de nuestro <strong data-start=\"133\" data-end=\"156\">coworking en HUBICC<\/strong>, la nueva sede de <strong data-start=\"175\" data-end=\"190\">AJE Granada<\/strong>, para que empresarios y profesionales puedan venir a <strong data-start=\"244\" data-end=\"279\">trabajar, inspirarse y conectar<\/strong> en un entorno \u00fanico.<\/p>\n<p data-start=\"412\" data-end=\"711\">Podr\u00e1s disfrutar de nuestros <strong data-start=\"441\" data-end=\"478\">espacios modernos y colaborativos<\/strong>, con todos los <strong data-start=\"494\" data-end=\"519\">servicios disponibles<\/strong>: zonas de trabajo equipadas, WiFi, salas de reuniones, zona de descanso y mucho m\u00e1s. Una oportunidad perfecta para conocer de cerca el nuevo punto de encuentro del emprendimiento granadino.<\/p>\n<p data-start=\"412\" data-end=\"711\">Para asistir, solo tienes que <strong data-start=\"771\" data-end=\"812\">rellenar el formulario de inscripci\u00f3n<\/strong> y reservar tu espacio de trabajo.<\/p>\n<p data-start=\"850\" data-end=\"941\">\u00a1Ven a vivir la experiencia HUBICC y conecta con la comunidad emprendedora de Granada!<\/p>\n<p data-start=\"644\" data-end=\"855\">Si necesita m\u00e1s informaci\u00f3n o tiene alguna duda cont\u00e1ctenos a ajegranada@ajegranada.com o desde nuestras redes sociales.<\/p>\n<p data-start=\"644\" data-end=\"855\"><a href=\"https:\/\/forms.gle\/1LQmS6YYWMyj2E6fA\"><strong>FORMULARIO DE INSCRIPCI\u00d3N<\/strong><\/a><\/p>\n","protected":false},"excerpt":{"rendered":"<p>Disfruta de una visita diferente con Granada a pie. Y despu\u00e9s&#8230; \u00a1recarga fuerzas con 3 cervezas + 3 tapas y  por tan solo 10 euros!<\/p>\n","protected":false},"author":6,"featured_media":48046,"comment_status":"closed","ping_status":"closed","template":"","meta":{"_acf_changed":false,"site-sidebar-layout":"default","site-content-layout":"","ast-site-content-layout":"default","site-content-style":"default","site-sidebar-style":"default","ast-global-header-display":"","ast-banner-title-visibility":"","ast-main-header-display":"","ast-hfb-above-header-display":"","ast-hfb-below-header-display":"","ast-hfb-mobile-header-display":"","site-post-title":"","ast-breadcrumbs-content":"","ast-featured-img":"","footer-sml-layout":"","ast-disable-related-posts":"","theme-transparent-header-meta":"default","adv-header-id-meta":"","stick-header-meta":"","header-above-stick-meta":"","header-main-stick-meta":"","header-below-stick-meta":"","astra-migrate-meta-layouts":"set","ast-page-background-enabled":"default","ast-page-background-meta":{"desktop":{"background-color":"var(--ast-global-color-5)","background-image":"","background-repeat":"repeat","background-position":"center center","background-size":"auto","background-attachment":"scroll","background-type":"","background-media":"","overlay-type":"","overlay-color":"","overlay-opacity":"","overlay-gradient":""},"tablet":{"background-color":"","background-image":"","background-repeat":"repeat","background-position":"center center","background-size":"auto","background-attachment":"scroll","background-type":"","background-media":"","overlay-type":"","overlay-color":"","overlay-opacity":"","overlay-gradient":""},"mobile":{"background-color":"","background-image":"","background-repeat":"repeat","background-position":"center center","background-size":"auto","background-attachment":"scroll","background-type":"","background-media":"","overlay-type":"","overlay-color":"","overlay-opacity":"","overlay-gradient":""}},"ast-content-background-meta":{"desktop":{"background-color":"var(--ast-global-color-4)","background-image":"","background-repeat":"repeat","background-position":"center center","background-size":"auto","background-attachment":"scroll","background-type":"","background-media":"","overlay-type":"","overlay-color":"","overlay-opacity":"","overlay-gradient":""},"tablet":{"background-color":"var(--ast-global-color-4)","background-image":"","background-repeat":"repeat","background-position":"center center","background-size":"auto","background-attachment":"scroll","background-type":"","background-media":"","overlay-type":"","overlay-color":"","overlay-opacity":"","overlay-gradient":""},"mobile":{"background-color":"var(--ast-global-color-4)","background-image":"","background-repeat":"repeat","background-position":"center center","background-size":"auto","background-attachment":"scroll","background-type":"","background-media":"","overlay-type":"","overlay-color":"","overlay-opacity":"","overlay-gradient":""}}},"tags":[],"mec_category":[5584],"mec_speaker":[],"mec_sponsor":[],"class_list":["post-48045","mec-events","type-mec-events","status-publish","has-post-thumbnail","hentry","mec_category-eventos-aje"],"acf":[],"yoast_head":"<!-- This site is optimized with the Yoast SEO plugin v26.9 - https:\/\/yoast.com\/product\/yoast-seo-wordpress\/ -->\n<title>Jornada de Puertas Abiertas en HUBICC- AJE Granada - AJE Granada<\/title>\n<meta name=\"robots\" content=\"index, follow, max-snippet:-1, max-image-preview:large, max-video-preview:-1\" \/>\n<link rel=\"canonical\" href=\"https:\/\/ajeandalucia.org\/granada\/eventos\/jornada-puertas-abiertas-hubicc-aje\/\" \/>\n<meta property=\"og:locale\" content=\"es_ES\" \/>\n<meta property=\"og:type\" content=\"article\" \/>\n<meta property=\"og:title\" content=\"Jornada de Puertas Abiertas en HUBICC- AJE Granada - AJE Granada\" \/>\n<meta property=\"og:description\" content=\"Disfruta de una visita diferente con Granada a pie. Y despu\u00e9s... \u00a1recarga fuerzas con 3 cervezas + 3 tapas y por tan solo 10 euros!\" \/>\n<meta property=\"og:url\" content=\"https:\/\/ajeandalucia.org\/granada\/eventos\/jornada-puertas-abiertas-hubicc-aje\/\" \/>\n<meta property=\"og:site_name\" content=\"AJE Granada\" \/>\n<meta property=\"og:image\" content=\"https:\/\/ajeandalucia.org\/granada\/wp-content\/uploads\/sites\/7\/2025\/10\/Coworking-AJE-1.png\" \/>\n\t<meta property=\"og:image:width\" content=\"1080\" \/>\n\t<meta property=\"og:image:height\" content=\"1080\" \/>\n\t<meta property=\"og:image:type\" content=\"image\/png\" \/>\n<meta name=\"twitter:card\" content=\"summary_large_image\" \/>\n<meta name=\"twitter:label1\" content=\"Tiempo de lectura\" \/>\n\t<meta name=\"twitter:data1\" content=\"1 minuto\" \/>\n<script type=\"application\/ld+json\" class=\"yoast-schema-graph\">{\"@context\":\"https:\/\/schema.org\",\"@graph\":[{\"@type\":\"WebPage\",\"@id\":\"https:\/\/ajeandalucia.org\/granada\/eventos\/jornada-puertas-abiertas-hubicc-aje\/\",\"url\":\"https:\/\/ajeandalucia.org\/granada\/eventos\/jornada-puertas-abiertas-hubicc-aje\/\",\"name\":\"Jornada de Puertas Abiertas en HUBICC- AJE Granada - AJE Granada\",\"isPartOf\":{\"@id\":\"https:\/\/ajeandalucia.org\/granada\/#website\"},\"primaryImageOfPage\":{\"@id\":\"https:\/\/ajeandalucia.org\/granada\/eventos\/jornada-puertas-abiertas-hubicc-aje\/#primaryimage\"},\"image\":{\"@id\":\"https:\/\/ajeandalucia.org\/granada\/eventos\/jornada-puertas-abiertas-hubicc-aje\/#primaryimage\"},\"thumbnailUrl\":\"https:\/\/ajeandalucia.org\/granada\/wp-content\/uploads\/sites\/7\/2025\/10\/Coworking-AJE-1.png\",\"datePublished\":\"2025-10-15T12:12:52+00:00\",\"breadcrumb\":{\"@id\":\"https:\/\/ajeandalucia.org\/granada\/eventos\/jornada-puertas-abiertas-hubicc-aje\/#breadcrumb\"},\"inLanguage\":\"es\",\"potentialAction\":[{\"@type\":\"ReadAction\",\"target\":[\"https:\/\/ajeandalucia.org\/granada\/eventos\/jornada-puertas-abiertas-hubicc-aje\/\"]}]},{\"@type\":\"ImageObject\",\"inLanguage\":\"es\",\"@id\":\"https:\/\/ajeandalucia.org\/granada\/eventos\/jornada-puertas-abiertas-hubicc-aje\/#primaryimage\",\"url\":\"https:\/\/ajeandalucia.org\/granada\/wp-content\/uploads\/sites\/7\/2025\/10\/Coworking-AJE-1.png\",\"contentUrl\":\"https:\/\/ajeandalucia.org\/granada\/wp-content\/uploads\/sites\/7\/2025\/10\/Coworking-AJE-1.png\",\"width\":1080,\"height\":1080},{\"@type\":\"BreadcrumbList\",\"@id\":\"https:\/\/ajeandalucia.org\/granada\/eventos\/jornada-puertas-abiertas-hubicc-aje\/#breadcrumb\",\"itemListElement\":[{\"@type\":\"ListItem\",\"position\":1,\"name\":\"Portada\",\"item\":\"https:\/\/ajeandalucia.org\/granada\/\"},{\"@type\":\"ListItem\",\"position\":2,\"name\":\"Eventos\",\"item\":\"https:\/\/ajeandalucia.org\/granada\/eventos\/\"},{\"@type\":\"ListItem\",\"position\":3,\"name\":\"Jornada de Puertas Abiertas en HUBICC- AJE Granada\"}]},{\"@type\":\"WebSite\",\"@id\":\"https:\/\/ajeandalucia.org\/granada\/#website\",\"url\":\"https:\/\/ajeandalucia.org\/granada\/\",\"name\":\"AJE Granada\",\"description\":\"J\u00f3venes Empresarios de Granada\",\"publisher\":{\"@id\":\"https:\/\/ajeandalucia.org\/granada\/#organization\"},\"potentialAction\":[{\"@type\":\"SearchAction\",\"target\":{\"@type\":\"EntryPoint\",\"urlTemplate\":\"https:\/\/ajeandalucia.org\/granada\/?s={search_term_string}\"},\"query-input\":{\"@type\":\"PropertyValueSpecification\",\"valueRequired\":true,\"valueName\":\"search_term_string\"}}],\"inLanguage\":\"es\"},{\"@type\":\"Organization\",\"@id\":\"https:\/\/ajeandalucia.org\/granada\/#organization\",\"name\":\"AJE Granada\",\"url\":\"https:\/\/ajeandalucia.org\/granada\/\",\"logo\":{\"@type\":\"ImageObject\",\"inLanguage\":\"es\",\"@id\":\"https:\/\/ajeandalucia.org\/granada\/#\/schema\/logo\/image\/\",\"url\":\"https:\/\/ajeandalucia.org\/granada\/wp-content\/uploads\/sites\/7\/2025\/02\/AJE-GRANADA-horizontal.png\",\"contentUrl\":\"https:\/\/ajeandalucia.org\/granada\/wp-content\/uploads\/sites\/7\/2025\/02\/AJE-GRANADA-horizontal.png\",\"width\":612,\"height\":200,\"caption\":\"AJE Granada\"},\"image\":{\"@id\":\"https:\/\/ajeandalucia.org\/granada\/#\/schema\/logo\/image\/\"}}]}<\/script>\n<!-- \/ Yoast SEO plugin. -->","yoast_head_json":{"title":"Jornada de Puertas Abiertas en HUBICC- AJE Granada - AJE Granada","robots":{"index":"index","follow":"follow","max-snippet":"max-snippet:-1","max-image-preview":"max-image-preview:large","max-video-preview":"max-video-preview:-1"},"canonical":"https:\/\/ajeandalucia.org\/granada\/eventos\/jornada-puertas-abiertas-hubicc-aje\/","og_locale":"es_ES","og_type":"article","og_title":"Jornada de Puertas Abiertas en HUBICC- AJE Granada - AJE Granada","og_description":"Disfruta de una visita diferente con Granada a pie. Y despu\u00e9s... \u00a1recarga fuerzas con 3 cervezas + 3 tapas y por tan solo 10 euros!","og_url":"https:\/\/ajeandalucia.org\/granada\/eventos\/jornada-puertas-abiertas-hubicc-aje\/","og_site_name":"AJE Granada","og_image":[{"width":1080,"height":1080,"url":"https:\/\/ajeandalucia.org\/granada\/wp-content\/uploads\/sites\/7\/2025\/10\/Coworking-AJE-1.png","type":"image\/png"}],"twitter_card":"summary_large_image","twitter_misc":{"Tiempo de lectura":"1 minuto"},"schema":{"@context":"https:\/\/schema.org","@graph":[{"@type":"WebPage","@id":"https:\/\/ajeandalucia.org\/granada\/eventos\/jornada-puertas-abiertas-hubicc-aje\/","url":"https:\/\/ajeandalucia.org\/granada\/eventos\/jornada-puertas-abiertas-hubicc-aje\/","name":"Jornada de Puertas Abiertas en HUBICC- AJE Granada - AJE Granada","isPartOf":{"@id":"https:\/\/ajeandalucia.org\/granada\/#website"},"primaryImageOfPage":{"@id":"https:\/\/ajeandalucia.org\/granada\/eventos\/jornada-puertas-abiertas-hubicc-aje\/#primaryimage"},"image":{"@id":"https:\/\/ajeandalucia.org\/granada\/eventos\/jornada-puertas-abiertas-hubicc-aje\/#primaryimage"},"thumbnailUrl":"https:\/\/ajeandalucia.org\/granada\/wp-content\/uploads\/sites\/7\/2025\/10\/Coworking-AJE-1.png","datePublished":"2025-10-15T12:12:52+00:00","breadcrumb":{"@id":"https:\/\/ajeandalucia.org\/granada\/eventos\/jornada-puertas-abiertas-hubicc-aje\/#breadcrumb"},"inLanguage":"es","potentialAction":[{"@type":"ReadAction","target":["https:\/\/ajeandalucia.org\/granada\/eventos\/jornada-puertas-abiertas-hubicc-aje\/"]}]},{"@type":"ImageObject","inLanguage":"es","@id":"https:\/\/ajeandalucia.org\/granada\/eventos\/jornada-puertas-abiertas-hubicc-aje\/#primaryimage","url":"https:\/\/ajeandalucia.org\/granada\/wp-content\/uploads\/sites\/7\/2025\/10\/Coworking-AJE-1.png","contentUrl":"https:\/\/ajeandalucia.org\/granada\/wp-content\/uploads\/sites\/7\/2025\/10\/Coworking-AJE-1.png","width":1080,"height":1080},{"@type":"BreadcrumbList","@id":"https:\/\/ajeandalucia.org\/granada\/eventos\/jornada-puertas-abiertas-hubicc-aje\/#breadcrumb","itemListElement":[{"@type":"ListItem","position":1,"name":"Portada","item":"https:\/\/ajeandalucia.org\/granada\/"},{"@type":"ListItem","position":2,"name":"Eventos","item":"https:\/\/ajeandalucia.org\/granada\/eventos\/"},{"@type":"ListItem","position":3,"name":"Jornada de Puertas Abiertas en HUBICC- AJE Granada"}]},{"@type":"WebSite","@id":"https:\/\/ajeandalucia.org\/granada\/#website","url":"https:\/\/ajeandalucia.org\/granada\/","name":"AJE Granada","description":"J\u00f3venes Empresarios de Granada","publisher":{"@id":"https:\/\/ajeandalucia.org\/granada\/#organization"},"potentialAction":[{"@type":"SearchAction","target":{"@type":"EntryPoint","urlTemplate":"https:\/\/ajeandalucia.org\/granada\/?s={search_term_string}"},"query-input":{"@type":"PropertyValueSpecification","valueRequired":true,"valueName":"search_term_string"}}],"inLanguage":"es"},{"@type":"Organization","@id":"https:\/\/ajeandalucia.org\/granada\/#organization","name":"AJE Granada","url":"https:\/\/ajeandalucia.org\/granada\/","logo":{"@type":"ImageObject","inLanguage":"es","@id":"https:\/\/ajeandalucia.org\/granada\/#\/schema\/logo\/image\/","url":"https:\/\/ajeandalucia.org\/granada\/wp-content\/uploads\/sites\/7\/2025\/02\/AJE-GRANADA-horizontal.png","contentUrl":"https:\/\/ajeandalucia.org\/granada\/wp-content\/uploads\/sites\/7\/2025\/02\/AJE-GRANADA-horizontal.png","width":612,"height":200,"caption":"AJE Granada"},"image":{"@id":"https:\/\/ajeandalucia.org\/granada\/#\/schema\/logo\/image\/"}}]}},"_links":{"self":[{"href":"https:\/\/ajeandalucia.org\/granada\/wp-json\/wp\/v2\/mec-events\/48045","targetHints":{"allow":["GET"]}}],"collection":[{"href":"https:\/\/ajeandalucia.org\/granada\/wp-json\/wp\/v2\/mec-events"}],"about":[{"href":"https:\/\/ajeandalucia.org\/granada\/wp-json\/wp\/v2\/types\/mec-events"}],"author":[{"embeddable":true,"href":"https:\/\/ajeandalucia.org\/granada\/wp-json\/wp\/v2\/users\/6"}],"replies":[{"embeddable":true,"href":"https:\/\/ajeandalucia.org\/granada\/wp-json\/wp\/v2\/comments?post=48045"}],"version-history":[{"count":1,"href":"https:\/\/ajeandalucia.org\/granada\/wp-json\/wp\/v2\/mec-events\/48045\/revisions"}],"predecessor-version":[{"id":48047,"href":"https:\/\/ajeandalucia.org\/granada\/wp-json\/wp\/v2\/mec-events\/48045\/revisions\/48047"}],"wp:featuredmedia":[{"embeddable":true,"href":"https:\/\/ajeandalucia.org\/granada\/wp-json\/wp\/v2\/media\/48046"}],"wp:attachment":[{"href":"https:\/\/ajeandalucia.org\/granada\/wp-json\/wp\/v2\/media?parent=48045"}],"wp:term":[{"taxonomy":"post_tag","embeddable":true,"href":"https:\/\/ajeandalucia.org\/granada\/wp-json\/wp\/v2\/tags?post=48045"},{"taxonomy":"mec_category","embeddable":true,"href":"https:\/\/ajeandalucia.org\/granada\/wp-json\/wp\/v2\/mec_category?post=48045"},{"taxonomy":"mec_speaker","embeddable":true,"href":"https:\/\/ajeandalucia.org\/granada\/wp-json\/wp\/v2\/mec_speaker?post=48045"},{"taxonomy":"mec_sponsor","embeddable":true,"href":"https:\/\/ajeandalucia.org\/granada\/wp-json\/wp\/v2\/mec_sponsor?post=48045"}],"curies":[{"name":"wp","href":"https:\/\/api.w.org\/{rel}","templated":true}]}}