{"id":48058,"date":"2025-10-21T14:46:22","date_gmt":"2025-10-21T12:46:22","guid":{"rendered":"https:\/\/ajeandalucia.org\/granada\/?post_type=mec-events&#038;p=48058"},"modified":"2025-10-21T14:46:22","modified_gmt":"2025-10-21T12:46:22","slug":"curso-corresponsabilidad-para-empresaris","status":"publish","type":"mec-events","link":"https:\/\/ajeandalucia.org\/granada\/eventos\/curso-corresponsabilidad-para-empresaris\/","title":{"rendered":"CURSO CORRESPONSABILIDAD PARA EMPRESARI@S"},"content":{"rendered":"<p>El pr\u00f3ximo jueves 30 de octubre, te invitamos a participar en un encuentro muy especial en HUBICC: un taller pr\u00e1ctico sobre corresponsabilidad, impartido por Irene Grac\u00eda Manzano, socia de Igual\u00e1ndote y miembro de la Junta Directiva de AJE.<\/p>\n<p> Fecha: Jueves 30 de octubre<br \/>\n Horario: De 10:00 a 12:00<br \/>\n Lugar: HUBICC<\/p>\n<p>Durante la sesi\u00f3n, Irene abordar\u00e1 temas tan actuales como la conciliaci\u00f3n, la carga mental (a trav\u00e9s de una met\u00e1fora muy visual: el iceberg de la carga mental) y el marco legal y los beneficios fiscales y de la Seguridad Social disponibles para empresari@s. Adem\u00e1s, compartir\u00e1 una herramienta pr\u00e1ctica para equilibrar las responsabilidades en pareja, aplicable tanto en la vida personal como en la gesti\u00f3n empresarial.<\/p>\n<p> Duraci\u00f3n del taller: 40 minutos<\/p>\n<p>La jornada continuar\u00e1 con una mesa redonda con empresari@s y asociad@s que han buscado siempre c\u00f3mo equilibrar con \u00e9xito su vida profesional y personal:<br \/>\n Jennifer Mart\u00ednez, CEO de Daira<br \/>\n Juan Ram\u00f3n G\u00f3mez, CEO de Viva Copier<br \/>\n Sensi Cort\u00e9s, CEO de Grupo2000<br \/>\n Luis Ventura, CEO de \u00cdndice FS<br \/>\n Inma Mart\u00edn, CEO de Grupo JUMADI<\/p>\n<p>Para finalizar, Irene llevar\u00e1 a cabo una actividad de 15 minutos, muy din\u00e1mica y visual, para afianzar lo aprendido de forma pr\u00e1ctica y amena.<\/p>\n<p>\u2615 Y como no puede faltar, habr\u00e1 desayuno y un espacio para networking, para seguir compartiendo experiencias entre empresari@s.<\/p>\n<p data-start=\"644\" data-end=\"855\"><a href=\"https:\/\/forms.gle\/1LQmS6YYWMyj2E6fA\"><strong>FORMULARIO DE INSCRIPCI\u00d3N<\/strong><\/a><\/p>\n","protected":false},"excerpt":{"rendered":"<p>Disfruta de una visita diferente con Granada a pie. Y despu\u00e9s&#8230; \u00a1recarga fuerzas con 3 cervezas + 3 tapas y  por tan solo 10 euros!<\/p>\n","protected":false},"author":6,"featured_media":48059,"comment_status":"closed","ping_status":"closed","template":"","meta":{"_acf_changed":false,"site-sidebar-layout":"default","site-content-layout":"","ast-site-content-layout":"default","site-content-style":"default","site-sidebar-style":"default","ast-global-header-display":"","ast-banner-title-visibility":"","ast-main-header-display":"","ast-hfb-above-header-display":"","ast-hfb-below-header-display":"","ast-hfb-mobile-header-display":"","site-post-title":"","ast-breadcrumbs-content":"","ast-featured-img":"","footer-sml-layout":"","ast-disable-related-posts":"","theme-transparent-header-meta":"default","adv-header-id-meta":"","stick-header-meta":"","header-above-stick-meta":"","header-main-stick-meta":"","header-below-stick-meta":"","astra-migrate-meta-layouts":"set","ast-page-background-enabled":"default","ast-page-background-meta":{"desktop":{"background-color":"var(--ast-global-color-5)","background-image":"","background-repeat":"repeat","background-position":"center center","background-size":"auto","background-attachment":"scroll","background-type":"","background-media":"","overlay-type":"","overlay-color":"","overlay-opacity":"","overlay-gradient":""},"tablet":{"background-color":"","background-image":"","background-repeat":"repeat","background-position":"center center","background-size":"auto","background-attachment":"scroll","background-type":"","background-media":"","overlay-type":"","overlay-color":"","overlay-opacity":"","overlay-gradient":""},"mobile":{"background-color":"","background-image":"","background-repeat":"repeat","background-position":"center center","background-size":"auto","background-attachment":"scroll","background-type":"","background-media":"","overlay-type":"","overlay-color":"","overlay-opacity":"","overlay-gradient":""}},"ast-content-background-meta":{"desktop":{"background-color":"var(--ast-global-color-4)","background-image":"","background-repeat":"repeat","background-position":"center center","background-size":"auto","background-attachment":"scroll","background-type":"","background-media":"","overlay-type":"","overlay-color":"","overlay-opacity":"","overlay-gradient":""},"tablet":{"background-color":"var(--ast-global-color-4)","background-image":"","background-repeat":"repeat","background-position":"center center","background-size":"auto","background-attachment":"scroll","background-type":"","background-media":"","overlay-type":"","overlay-color":"","overlay-opacity":"","overlay-gradient":""},"mobile":{"background-color":"var(--ast-global-color-4)","background-image":"","background-repeat":"repeat","background-position":"center center","background-size":"auto","background-attachment":"scroll","background-type":"","background-media":"","overlay-type":"","overlay-color":"","overlay-opacity":"","overlay-gradient":""}}},"tags":[],"mec_category":[5584],"mec_speaker":[],"mec_sponsor":[],"class_list":["post-48058","mec-events","type-mec-events","status-publish","has-post-thumbnail","hentry","mec_category-eventos-aje"],"acf":[],"yoast_head":"<!-- This site is optimized with the Yoast SEO plugin v26.9 - https:\/\/yoast.com\/product\/yoast-seo-wordpress\/ -->\n<title>CURSO CORRESPONSABILIDAD PARA EMPRESARI@S - AJE Granada<\/title>\n<meta name=\"robots\" content=\"index, follow, max-snippet:-1, max-image-preview:large, max-video-preview:-1\" \/>\n<link rel=\"canonical\" href=\"https:\/\/ajeandalucia.org\/granada\/eventos\/curso-corresponsabilidad-para-empresaris\/\" \/>\n<meta property=\"og:locale\" content=\"es_ES\" \/>\n<meta property=\"og:type\" content=\"article\" \/>\n<meta property=\"og:title\" content=\"CURSO CORRESPONSABILIDAD PARA EMPRESARI@S - AJE Granada\" \/>\n<meta property=\"og:description\" content=\"Disfruta de una visita diferente con Granada a pie. Y despu\u00e9s... \u00a1recarga fuerzas con 3 cervezas + 3 tapas y por tan solo 10 euros!\" \/>\n<meta property=\"og:url\" content=\"https:\/\/ajeandalucia.org\/granada\/eventos\/curso-corresponsabilidad-para-empresaris\/\" \/>\n<meta property=\"og:site_name\" content=\"AJE Granada\" \/>\n<meta property=\"og:image\" content=\"https:\/\/ajeandalucia.org\/granada\/wp-content\/uploads\/sites\/7\/2025\/10\/1000-1200.jpg\" \/>\n\t<meta property=\"og:image:width\" content=\"1080\" \/>\n\t<meta property=\"og:image:height\" content=\"1350\" \/>\n\t<meta property=\"og:image:type\" content=\"image\/jpeg\" \/>\n<meta name=\"twitter:card\" content=\"summary_large_image\" \/>\n<meta name=\"twitter:label1\" content=\"Tiempo de lectura\" \/>\n\t<meta name=\"twitter:data1\" content=\"2 minutos\" \/>\n<script type=\"application\/ld+json\" class=\"yoast-schema-graph\">{\"@context\":\"https:\/\/schema.org\",\"@graph\":[{\"@type\":\"WebPage\",\"@id\":\"https:\/\/ajeandalucia.org\/granada\/eventos\/curso-corresponsabilidad-para-empresaris\/\",\"url\":\"https:\/\/ajeandalucia.org\/granada\/eventos\/curso-corresponsabilidad-para-empresaris\/\",\"name\":\"CURSO CORRESPONSABILIDAD PARA EMPRESARI@S - AJE Granada\",\"isPartOf\":{\"@id\":\"https:\/\/ajeandalucia.org\/granada\/#website\"},\"primaryImageOfPage\":{\"@id\":\"https:\/\/ajeandalucia.org\/granada\/eventos\/curso-corresponsabilidad-para-empresaris\/#primaryimage\"},\"image\":{\"@id\":\"https:\/\/ajeandalucia.org\/granada\/eventos\/curso-corresponsabilidad-para-empresaris\/#primaryimage\"},\"thumbnailUrl\":\"https:\/\/ajeandalucia.org\/granada\/wp-content\/uploads\/sites\/7\/2025\/10\/1000-1200.jpg\",\"datePublished\":\"2025-10-21T12:46:22+00:00\",\"breadcrumb\":{\"@id\":\"https:\/\/ajeandalucia.org\/granada\/eventos\/curso-corresponsabilidad-para-empresaris\/#breadcrumb\"},\"inLanguage\":\"es\",\"potentialAction\":[{\"@type\":\"ReadAction\",\"target\":[\"https:\/\/ajeandalucia.org\/granada\/eventos\/curso-corresponsabilidad-para-empresaris\/\"]}]},{\"@type\":\"ImageObject\",\"inLanguage\":\"es\",\"@id\":\"https:\/\/ajeandalucia.org\/granada\/eventos\/curso-corresponsabilidad-para-empresaris\/#primaryimage\",\"url\":\"https:\/\/ajeandalucia.org\/granada\/wp-content\/uploads\/sites\/7\/2025\/10\/1000-1200.jpg\",\"contentUrl\":\"https:\/\/ajeandalucia.org\/granada\/wp-content\/uploads\/sites\/7\/2025\/10\/1000-1200.jpg\",\"width\":1080,\"height\":1350},{\"@type\":\"BreadcrumbList\",\"@id\":\"https:\/\/ajeandalucia.org\/granada\/eventos\/curso-corresponsabilidad-para-empresaris\/#breadcrumb\",\"itemListElement\":[{\"@type\":\"ListItem\",\"position\":1,\"name\":\"Portada\",\"item\":\"https:\/\/ajeandalucia.org\/granada\/\"},{\"@type\":\"ListItem\",\"position\":2,\"name\":\"Eventos\",\"item\":\"https:\/\/ajeandalucia.org\/granada\/eventos\/\"},{\"@type\":\"ListItem\",\"position\":3,\"name\":\"CURSO CORRESPONSABILIDAD PARA EMPRESARI@S\"}]},{\"@type\":\"WebSite\",\"@id\":\"https:\/\/ajeandalucia.org\/granada\/#website\",\"url\":\"https:\/\/ajeandalucia.org\/granada\/\",\"name\":\"AJE Granada\",\"description\":\"J\u00f3venes Empresarios de Granada\",\"publisher\":{\"@id\":\"https:\/\/ajeandalucia.org\/granada\/#organization\"},\"potentialAction\":[{\"@type\":\"SearchAction\",\"target\":{\"@type\":\"EntryPoint\",\"urlTemplate\":\"https:\/\/ajeandalucia.org\/granada\/?s={search_term_string}\"},\"query-input\":{\"@type\":\"PropertyValueSpecification\",\"valueRequired\":true,\"valueName\":\"search_term_string\"}}],\"inLanguage\":\"es\"},{\"@type\":\"Organization\",\"@id\":\"https:\/\/ajeandalucia.org\/granada\/#organization\",\"name\":\"AJE Granada\",\"url\":\"https:\/\/ajeandalucia.org\/granada\/\",\"logo\":{\"@type\":\"ImageObject\",\"inLanguage\":\"es\",\"@id\":\"https:\/\/ajeandalucia.org\/granada\/#\/schema\/logo\/image\/\",\"url\":\"https:\/\/ajeandalucia.org\/granada\/wp-content\/uploads\/sites\/7\/2025\/02\/AJE-GRANADA-horizontal.png\",\"contentUrl\":\"https:\/\/ajeandalucia.org\/granada\/wp-content\/uploads\/sites\/7\/2025\/02\/AJE-GRANADA-horizontal.png\",\"width\":612,\"height\":200,\"caption\":\"AJE Granada\"},\"image\":{\"@id\":\"https:\/\/ajeandalucia.org\/granada\/#\/schema\/logo\/image\/\"}}]}<\/script>\n<!-- \/ Yoast SEO plugin. -->","yoast_head_json":{"title":"CURSO CORRESPONSABILIDAD PARA EMPRESARI@S - AJE Granada","robots":{"index":"index","follow":"follow","max-snippet":"max-snippet:-1","max-image-preview":"max-image-preview:large","max-video-preview":"max-video-preview:-1"},"canonical":"https:\/\/ajeandalucia.org\/granada\/eventos\/curso-corresponsabilidad-para-empresaris\/","og_locale":"es_ES","og_type":"article","og_title":"CURSO CORRESPONSABILIDAD PARA EMPRESARI@S - AJE Granada","og_description":"Disfruta de una visita diferente con Granada a pie. Y despu\u00e9s... \u00a1recarga fuerzas con 3 cervezas + 3 tapas y por tan solo 10 euros!","og_url":"https:\/\/ajeandalucia.org\/granada\/eventos\/curso-corresponsabilidad-para-empresaris\/","og_site_name":"AJE Granada","og_image":[{"width":1080,"height":1350,"url":"https:\/\/ajeandalucia.org\/granada\/wp-content\/uploads\/sites\/7\/2025\/10\/1000-1200.jpg","type":"image\/jpeg"}],"twitter_card":"summary_large_image","twitter_misc":{"Tiempo de lectura":"2 minutos"},"schema":{"@context":"https:\/\/schema.org","@graph":[{"@type":"WebPage","@id":"https:\/\/ajeandalucia.org\/granada\/eventos\/curso-corresponsabilidad-para-empresaris\/","url":"https:\/\/ajeandalucia.org\/granada\/eventos\/curso-corresponsabilidad-para-empresaris\/","name":"CURSO CORRESPONSABILIDAD PARA EMPRESARI@S - AJE Granada","isPartOf":{"@id":"https:\/\/ajeandalucia.org\/granada\/#website"},"primaryImageOfPage":{"@id":"https:\/\/ajeandalucia.org\/granada\/eventos\/curso-corresponsabilidad-para-empresaris\/#primaryimage"},"image":{"@id":"https:\/\/ajeandalucia.org\/granada\/eventos\/curso-corresponsabilidad-para-empresaris\/#primaryimage"},"thumbnailUrl":"https:\/\/ajeandalucia.org\/granada\/wp-content\/uploads\/sites\/7\/2025\/10\/1000-1200.jpg","datePublished":"2025-10-21T12:46:22+00:00","breadcrumb":{"@id":"https:\/\/ajeandalucia.org\/granada\/eventos\/curso-corresponsabilidad-para-empresaris\/#breadcrumb"},"inLanguage":"es","potentialAction":[{"@type":"ReadAction","target":["https:\/\/ajeandalucia.org\/granada\/eventos\/curso-corresponsabilidad-para-empresaris\/"]}]},{"@type":"ImageObject","inLanguage":"es","@id":"https:\/\/ajeandalucia.org\/granada\/eventos\/curso-corresponsabilidad-para-empresaris\/#primaryimage","url":"https:\/\/ajeandalucia.org\/granada\/wp-content\/uploads\/sites\/7\/2025\/10\/1000-1200.jpg","contentUrl":"https:\/\/ajeandalucia.org\/granada\/wp-content\/uploads\/sites\/7\/2025\/10\/1000-1200.jpg","width":1080,"height":1350},{"@type":"BreadcrumbList","@id":"https:\/\/ajeandalucia.org\/granada\/eventos\/curso-corresponsabilidad-para-empresaris\/#breadcrumb","itemListElement":[{"@type":"ListItem","position":1,"name":"Portada","item":"https:\/\/ajeandalucia.org\/granada\/"},{"@type":"ListItem","position":2,"name":"Eventos","item":"https:\/\/ajeandalucia.org\/granada\/eventos\/"},{"@type":"ListItem","position":3,"name":"CURSO CORRESPONSABILIDAD PARA EMPRESARI@S"}]},{"@type":"WebSite","@id":"https:\/\/ajeandalucia.org\/granada\/#website","url":"https:\/\/ajeandalucia.org\/granada\/","name":"AJE Granada","description":"J\u00f3venes Empresarios de Granada","publisher":{"@id":"https:\/\/ajeandalucia.org\/granada\/#organization"},"potentialAction":[{"@type":"SearchAction","target":{"@type":"EntryPoint","urlTemplate":"https:\/\/ajeandalucia.org\/granada\/?s={search_term_string}"},"query-input":{"@type":"PropertyValueSpecification","valueRequired":true,"valueName":"search_term_string"}}],"inLanguage":"es"},{"@type":"Organization","@id":"https:\/\/ajeandalucia.org\/granada\/#organization","name":"AJE Granada","url":"https:\/\/ajeandalucia.org\/granada\/","logo":{"@type":"ImageObject","inLanguage":"es","@id":"https:\/\/ajeandalucia.org\/granada\/#\/schema\/logo\/image\/","url":"https:\/\/ajeandalucia.org\/granada\/wp-content\/uploads\/sites\/7\/2025\/02\/AJE-GRANADA-horizontal.png","contentUrl":"https:\/\/ajeandalucia.org\/granada\/wp-content\/uploads\/sites\/7\/2025\/02\/AJE-GRANADA-horizontal.png","width":612,"height":200,"caption":"AJE Granada"},"image":{"@id":"https:\/\/ajeandalucia.org\/granada\/#\/schema\/logo\/image\/"}}]}},"_links":{"self":[{"href":"https:\/\/ajeandalucia.org\/granada\/wp-json\/wp\/v2\/mec-events\/48058","targetHints":{"allow":["GET"]}}],"collection":[{"href":"https:\/\/ajeandalucia.org\/granada\/wp-json\/wp\/v2\/mec-events"}],"about":[{"href":"https:\/\/ajeandalucia.org\/granada\/wp-json\/wp\/v2\/types\/mec-events"}],"author":[{"embeddable":true,"href":"https:\/\/ajeandalucia.org\/granada\/wp-json\/wp\/v2\/users\/6"}],"replies":[{"embeddable":true,"href":"https:\/\/ajeandalucia.org\/granada\/wp-json\/wp\/v2\/comments?post=48058"}],"version-history":[{"count":1,"href":"https:\/\/ajeandalucia.org\/granada\/wp-json\/wp\/v2\/mec-events\/48058\/revisions"}],"predecessor-version":[{"id":48060,"href":"https:\/\/ajeandalucia.org\/granada\/wp-json\/wp\/v2\/mec-events\/48058\/revisions\/48060"}],"wp:featuredmedia":[{"embeddable":true,"href":"https:\/\/ajeandalucia.org\/granada\/wp-json\/wp\/v2\/media\/48059"}],"wp:attachment":[{"href":"https:\/\/ajeandalucia.org\/granada\/wp-json\/wp\/v2\/media?parent=48058"}],"wp:term":[{"taxonomy":"post_tag","embeddable":true,"href":"https:\/\/ajeandalucia.org\/granada\/wp-json\/wp\/v2\/tags?post=48058"},{"taxonomy":"mec_category","embeddable":true,"href":"https:\/\/ajeandalucia.org\/granada\/wp-json\/wp\/v2\/mec_category?post=48058"},{"taxonomy":"mec_speaker","embeddable":true,"href":"https:\/\/ajeandalucia.org\/granada\/wp-json\/wp\/v2\/mec_speaker?post=48058"},{"taxonomy":"mec_sponsor","embeddable":true,"href":"https:\/\/ajeandalucia.org\/granada\/wp-json\/wp\/v2\/mec_sponsor?post=48058"}],"curies":[{"name":"wp","href":"https:\/\/api.w.org\/{rel}","templated":true}]}}