{"id":48089,"date":"2025-10-31T12:21:15","date_gmt":"2025-10-31T11:21:15","guid":{"rendered":"https:\/\/ajeandalucia.org\/granada\/?post_type=mec-events&#038;p=48089"},"modified":"2025-10-31T12:24:01","modified_gmt":"2025-10-31T11:24:01","slug":"taller-online-verifactu-aje-granada-sexta-dimension","status":"publish","type":"mec-events","link":"https:\/\/ajeandalucia.org\/granada\/eventos\/taller-online-verifactu-aje-granada-sexta-dimension\/","title":{"rendered":"TALLER ONLINE SOBRE VERIFACTU &#8211; AJE GRANADA Y SEXTA DIMENSI\u00d3N"},"content":{"rendered":"<h2 data-start=\"358\" data-end=\"599\">Taller Online: \u201cVerifactu paso a paso\u201d<\/h2>\n<p data-start=\"358\" data-end=\"599\">El pr\u00f3ximo <strong data-start=\"369\" data-end=\"388\">11 de noviembre<\/strong>, de <strong data-start=\"393\" data-end=\"410\">10:00 a 11:00<\/strong>, desde <strong data-start=\"418\" data-end=\"437\">Sexta Dimensi\u00f3n<\/strong> te invitamos a participar en una <strong data-start=\"471\" data-end=\"516\">formaci\u00f3n online gratuita sobre Verifactu<\/strong>, el nuevo sistema de facturaci\u00f3n que ser\u00e1 obligatorio para aut\u00f3nomos y empresas.<\/p>\n<p data-start=\"601\" data-end=\"789\">En este taller pr\u00e1ctico descubrir\u00e1s <strong data-start=\"637\" data-end=\"678\">c\u00f3mo adaptarte f\u00e1cilmente a Verifactu<\/strong>, qu\u00e9 cambios implica la nueva normativa y c\u00f3mo evitar sanciones cumpliendo con todos los requisitos legales.<\/p>\n<h3 data-start=\"1120\" data-end=\"1148\">Detalles del evento<\/h3>\n<p data-start=\"1149\" data-end=\"1328\">\ufe0f<strong data-start=\"1153\" data-end=\"1163\">Fecha:<\/strong> Martes, 11 de noviembre<br data-start=\"1187\" data-end=\"1190\" \/><strong data-start=\"1192\" data-end=\"1204\">Horario:<\/strong> 10:00 \u2013 11:00<br data-start=\"1218\" data-end=\"1221\" \/><strong data-start=\"1224\" data-end=\"1238\">Modalidad:<\/strong> Online\u00a0<br data-start=\"1267\" data-end=\"1270\" \/>\u200d<strong data-start=\"1276\" data-end=\"1288\">Imparte:<\/strong> David Arco, CEO de <strong data-start=\"1307\" data-end=\"1326\">Sexta Dimensi\u00f3n <\/strong><\/p>\n<p data-start=\"1149\" data-end=\"1328\"><strong data-start=\"1307\" data-end=\"1326\">Organiza: AJE Granada<\/strong><\/p>\n<h3 data-start=\"791\" data-end=\"851\">\u00bfQu\u00e9 aprender\u00e1s en este taller online de Verifactu?<\/h3>\n<ul data-start=\"852\" data-end=\"1118\">\n<li data-start=\"852\" data-end=\"904\">\n<p data-start=\"854\" data-end=\"904\">Qu\u00e9 es <strong data-start=\"861\" data-end=\"874\">Verifactu<\/strong> y c\u00f3mo afecta a tu negocio.<\/p>\n<\/li>\n<li data-start=\"905\" data-end=\"955\">\n<p data-start=\"907\" data-end=\"955\">Obligaciones legales y plazos de implantaci\u00f3n.<\/p>\n<\/li>\n<li data-start=\"956\" data-end=\"1033\">\n<p data-start=\"958\" data-end=\"1033\">C\u00f3mo configurar tu software de facturaci\u00f3n para cumplir con la normativa.<\/p>\n<\/li>\n<li data-start=\"1034\" data-end=\"1118\">\n<p data-start=\"1036\" data-end=\"1118\">Consejos pr\u00e1cticos para <strong data-start=\"1060\" data-end=\"1087\">evitar multas y errores<\/strong> en el proceso de adaptaci\u00f3n.<\/p>\n<\/li>\n<\/ul>\n<p data-start=\"1330\" data-end=\"1503\">Esta sesi\u00f3n est\u00e1 pensada para <strong data-start=\"1360\" data-end=\"1392\">aut\u00f3nomos, pymes y asesor\u00edas<\/strong> que quieren adelantarse a la entrada en vigor de Verifactu y asegurar una transici\u00f3n sencilla y sin riesgos.<\/p>\n<p data-start=\"1505\" data-end=\"1626\"><strong data-start=\"1508\" data-end=\"1525\">Inscr\u00edbete ya<\/strong> desde los <strong data-start=\"1536\" data-end=\"1595\">enlaces disponibles en la descripci\u00f3n de nuestro perfil<\/strong> y reserva tu plaza gratuita.<\/p>\n<p data-start=\"644\" data-end=\"855\"><a href=\"https:\/\/forms.gle\/MqPaKb1wZ2H3pbfW7\"><strong>FORMULARIO DE INSCRIPCI\u00d3N<\/strong><\/a><\/p>\n","protected":false},"excerpt":{"rendered":"<p>Disfruta de una visita diferente con Granada a pie. Y despu\u00e9s&#8230; \u00a1recarga fuerzas con 3 cervezas + 3 tapas y  por tan solo 10 euros!<\/p>\n","protected":false},"author":6,"featured_media":48090,"comment_status":"closed","ping_status":"closed","template":"","meta":{"_acf_changed":false,"site-sidebar-layout":"default","site-content-layout":"","ast-site-content-layout":"default","site-content-style":"default","site-sidebar-style":"default","ast-global-header-display":"","ast-banner-title-visibility":"","ast-main-header-display":"","ast-hfb-above-header-display":"","ast-hfb-below-header-display":"","ast-hfb-mobile-header-display":"","site-post-title":"","ast-breadcrumbs-content":"","ast-featured-img":"","footer-sml-layout":"","ast-disable-related-posts":"","theme-transparent-header-meta":"default","adv-header-id-meta":"","stick-header-meta":"","header-above-stick-meta":"","header-main-stick-meta":"","header-below-stick-meta":"","astra-migrate-meta-layouts":"set","ast-page-background-enabled":"default","ast-page-background-meta":{"desktop":{"background-color":"var(--ast-global-color-5)","background-image":"","background-repeat":"repeat","background-position":"center center","background-size":"auto","background-attachment":"scroll","background-type":"","background-media":"","overlay-type":"","overlay-color":"","overlay-opacity":"","overlay-gradient":""},"tablet":{"background-color":"","background-image":"","background-repeat":"repeat","background-position":"center center","background-size":"auto","background-attachment":"scroll","background-type":"","background-media":"","overlay-type":"","overlay-color":"","overlay-opacity":"","overlay-gradient":""},"mobile":{"background-color":"","background-image":"","background-repeat":"repeat","background-position":"center center","background-size":"auto","background-attachment":"scroll","background-type":"","background-media":"","overlay-type":"","overlay-color":"","overlay-opacity":"","overlay-gradient":""}},"ast-content-background-meta":{"desktop":{"background-color":"var(--ast-global-color-4)","background-image":"","background-repeat":"repeat","background-position":"center center","background-size":"auto","background-attachment":"scroll","background-type":"","background-media":"","overlay-type":"","overlay-color":"","overlay-opacity":"","overlay-gradient":""},"tablet":{"background-color":"var(--ast-global-color-4)","background-image":"","background-repeat":"repeat","background-position":"center center","background-size":"auto","background-attachment":"scroll","background-type":"","background-media":"","overlay-type":"","overlay-color":"","overlay-opacity":"","overlay-gradient":""},"mobile":{"background-color":"var(--ast-global-color-4)","background-image":"","background-repeat":"repeat","background-position":"center center","background-size":"auto","background-attachment":"scroll","background-type":"","background-media":"","overlay-type":"","overlay-color":"","overlay-opacity":"","overlay-gradient":""}}},"tags":[],"mec_category":[5584],"mec_speaker":[],"mec_sponsor":[],"class_list":["post-48089","mec-events","type-mec-events","status-publish","has-post-thumbnail","hentry","mec_category-eventos-aje"],"acf":[],"yoast_head":"<!-- This site is optimized with the Yoast SEO plugin v26.9 - https:\/\/yoast.com\/product\/yoast-seo-wordpress\/ -->\n<title>TALLER ONLINE SOBRE VERIFACTU - AJE GRANADA Y SEXTA DIMENSI\u00d3N - AJE Granada<\/title>\n<meta name=\"robots\" content=\"index, follow, max-snippet:-1, max-image-preview:large, max-video-preview:-1\" \/>\n<link rel=\"canonical\" href=\"https:\/\/ajeandalucia.org\/granada\/eventos\/taller-online-verifactu-aje-granada-sexta-dimension\/\" \/>\n<meta property=\"og:locale\" content=\"es_ES\" \/>\n<meta property=\"og:type\" content=\"article\" \/>\n<meta property=\"og:title\" content=\"TALLER ONLINE SOBRE VERIFACTU - AJE GRANADA Y SEXTA DIMENSI\u00d3N - AJE Granada\" \/>\n<meta property=\"og:description\" content=\"Disfruta de una visita diferente con Granada a pie. Y despu\u00e9s... \u00a1recarga fuerzas con 3 cervezas + 3 tapas y por tan solo 10 euros!\" \/>\n<meta property=\"og:url\" content=\"https:\/\/ajeandalucia.org\/granada\/eventos\/taller-online-verifactu-aje-granada-sexta-dimension\/\" \/>\n<meta property=\"og:site_name\" content=\"AJE Granada\" \/>\n<meta property=\"article:modified_time\" content=\"2025-10-31T11:24:01+00:00\" \/>\n<meta property=\"og:image\" content=\"https:\/\/ajeandalucia.org\/granada\/wp-content\/uploads\/sites\/7\/2025\/10\/VERIFACTU.jpg\" \/>\n\t<meta property=\"og:image:width\" content=\"1080\" \/>\n\t<meta property=\"og:image:height\" content=\"1350\" \/>\n\t<meta property=\"og:image:type\" content=\"image\/jpeg\" \/>\n<meta name=\"twitter:card\" content=\"summary_large_image\" \/>\n<meta name=\"twitter:label1\" content=\"Tiempo de lectura\" \/>\n\t<meta name=\"twitter:data1\" content=\"2 minutos\" \/>\n<script type=\"application\/ld+json\" class=\"yoast-schema-graph\">{\"@context\":\"https:\/\/schema.org\",\"@graph\":[{\"@type\":\"WebPage\",\"@id\":\"https:\/\/ajeandalucia.org\/granada\/eventos\/taller-online-verifactu-aje-granada-sexta-dimension\/\",\"url\":\"https:\/\/ajeandalucia.org\/granada\/eventos\/taller-online-verifactu-aje-granada-sexta-dimension\/\",\"name\":\"TALLER ONLINE SOBRE VERIFACTU - AJE GRANADA Y SEXTA DIMENSI\u00d3N - AJE Granada\",\"isPartOf\":{\"@id\":\"https:\/\/ajeandalucia.org\/granada\/#website\"},\"primaryImageOfPage\":{\"@id\":\"https:\/\/ajeandalucia.org\/granada\/eventos\/taller-online-verifactu-aje-granada-sexta-dimension\/#primaryimage\"},\"image\":{\"@id\":\"https:\/\/ajeandalucia.org\/granada\/eventos\/taller-online-verifactu-aje-granada-sexta-dimension\/#primaryimage\"},\"thumbnailUrl\":\"https:\/\/ajeandalucia.org\/granada\/wp-content\/uploads\/sites\/7\/2025\/10\/VERIFACTU.jpg\",\"datePublished\":\"2025-10-31T11:21:15+00:00\",\"dateModified\":\"2025-10-31T11:24:01+00:00\",\"breadcrumb\":{\"@id\":\"https:\/\/ajeandalucia.org\/granada\/eventos\/taller-online-verifactu-aje-granada-sexta-dimension\/#breadcrumb\"},\"inLanguage\":\"es\",\"potentialAction\":[{\"@type\":\"ReadAction\",\"target\":[\"https:\/\/ajeandalucia.org\/granada\/eventos\/taller-online-verifactu-aje-granada-sexta-dimension\/\"]}]},{\"@type\":\"ImageObject\",\"inLanguage\":\"es\",\"@id\":\"https:\/\/ajeandalucia.org\/granada\/eventos\/taller-online-verifactu-aje-granada-sexta-dimension\/#primaryimage\",\"url\":\"https:\/\/ajeandalucia.org\/granada\/wp-content\/uploads\/sites\/7\/2025\/10\/VERIFACTU.jpg\",\"contentUrl\":\"https:\/\/ajeandalucia.org\/granada\/wp-content\/uploads\/sites\/7\/2025\/10\/VERIFACTU.jpg\",\"width\":1080,\"height\":1350},{\"@type\":\"BreadcrumbList\",\"@id\":\"https:\/\/ajeandalucia.org\/granada\/eventos\/taller-online-verifactu-aje-granada-sexta-dimension\/#breadcrumb\",\"itemListElement\":[{\"@type\":\"ListItem\",\"position\":1,\"name\":\"Portada\",\"item\":\"https:\/\/ajeandalucia.org\/granada\/\"},{\"@type\":\"ListItem\",\"position\":2,\"name\":\"Eventos\",\"item\":\"https:\/\/ajeandalucia.org\/granada\/eventos\/\"},{\"@type\":\"ListItem\",\"position\":3,\"name\":\"TALLER ONLINE SOBRE VERIFACTU &#8211; AJE GRANADA Y SEXTA DIMENSI\u00d3N\"}]},{\"@type\":\"WebSite\",\"@id\":\"https:\/\/ajeandalucia.org\/granada\/#website\",\"url\":\"https:\/\/ajeandalucia.org\/granada\/\",\"name\":\"AJE Granada\",\"description\":\"J\u00f3venes Empresarios de Granada\",\"publisher\":{\"@id\":\"https:\/\/ajeandalucia.org\/granada\/#organization\"},\"potentialAction\":[{\"@type\":\"SearchAction\",\"target\":{\"@type\":\"EntryPoint\",\"urlTemplate\":\"https:\/\/ajeandalucia.org\/granada\/?s={search_term_string}\"},\"query-input\":{\"@type\":\"PropertyValueSpecification\",\"valueRequired\":true,\"valueName\":\"search_term_string\"}}],\"inLanguage\":\"es\"},{\"@type\":\"Organization\",\"@id\":\"https:\/\/ajeandalucia.org\/granada\/#organization\",\"name\":\"AJE Granada\",\"url\":\"https:\/\/ajeandalucia.org\/granada\/\",\"logo\":{\"@type\":\"ImageObject\",\"inLanguage\":\"es\",\"@id\":\"https:\/\/ajeandalucia.org\/granada\/#\/schema\/logo\/image\/\",\"url\":\"https:\/\/ajeandalucia.org\/granada\/wp-content\/uploads\/sites\/7\/2025\/02\/AJE-GRANADA-horizontal.png\",\"contentUrl\":\"https:\/\/ajeandalucia.org\/granada\/wp-content\/uploads\/sites\/7\/2025\/02\/AJE-GRANADA-horizontal.png\",\"width\":612,\"height\":200,\"caption\":\"AJE Granada\"},\"image\":{\"@id\":\"https:\/\/ajeandalucia.org\/granada\/#\/schema\/logo\/image\/\"}}]}<\/script>\n<!-- \/ Yoast SEO plugin. -->","yoast_head_json":{"title":"TALLER ONLINE SOBRE VERIFACTU - AJE GRANADA Y SEXTA DIMENSI\u00d3N - AJE Granada","robots":{"index":"index","follow":"follow","max-snippet":"max-snippet:-1","max-image-preview":"max-image-preview:large","max-video-preview":"max-video-preview:-1"},"canonical":"https:\/\/ajeandalucia.org\/granada\/eventos\/taller-online-verifactu-aje-granada-sexta-dimension\/","og_locale":"es_ES","og_type":"article","og_title":"TALLER ONLINE SOBRE VERIFACTU - AJE GRANADA Y SEXTA DIMENSI\u00d3N - AJE Granada","og_description":"Disfruta de una visita diferente con Granada a pie. Y despu\u00e9s... \u00a1recarga fuerzas con 3 cervezas + 3 tapas y por tan solo 10 euros!","og_url":"https:\/\/ajeandalucia.org\/granada\/eventos\/taller-online-verifactu-aje-granada-sexta-dimension\/","og_site_name":"AJE Granada","article_modified_time":"2025-10-31T11:24:01+00:00","og_image":[{"width":1080,"height":1350,"url":"https:\/\/ajeandalucia.org\/granada\/wp-content\/uploads\/sites\/7\/2025\/10\/VERIFACTU.jpg","type":"image\/jpeg"}],"twitter_card":"summary_large_image","twitter_misc":{"Tiempo de lectura":"2 minutos"},"schema":{"@context":"https:\/\/schema.org","@graph":[{"@type":"WebPage","@id":"https:\/\/ajeandalucia.org\/granada\/eventos\/taller-online-verifactu-aje-granada-sexta-dimension\/","url":"https:\/\/ajeandalucia.org\/granada\/eventos\/taller-online-verifactu-aje-granada-sexta-dimension\/","name":"TALLER ONLINE SOBRE VERIFACTU - AJE GRANADA Y SEXTA DIMENSI\u00d3N - AJE Granada","isPartOf":{"@id":"https:\/\/ajeandalucia.org\/granada\/#website"},"primaryImageOfPage":{"@id":"https:\/\/ajeandalucia.org\/granada\/eventos\/taller-online-verifactu-aje-granada-sexta-dimension\/#primaryimage"},"image":{"@id":"https:\/\/ajeandalucia.org\/granada\/eventos\/taller-online-verifactu-aje-granada-sexta-dimension\/#primaryimage"},"thumbnailUrl":"https:\/\/ajeandalucia.org\/granada\/wp-content\/uploads\/sites\/7\/2025\/10\/VERIFACTU.jpg","datePublished":"2025-10-31T11:21:15+00:00","dateModified":"2025-10-31T11:24:01+00:00","breadcrumb":{"@id":"https:\/\/ajeandalucia.org\/granada\/eventos\/taller-online-verifactu-aje-granada-sexta-dimension\/#breadcrumb"},"inLanguage":"es","potentialAction":[{"@type":"ReadAction","target":["https:\/\/ajeandalucia.org\/granada\/eventos\/taller-online-verifactu-aje-granada-sexta-dimension\/"]}]},{"@type":"ImageObject","inLanguage":"es","@id":"https:\/\/ajeandalucia.org\/granada\/eventos\/taller-online-verifactu-aje-granada-sexta-dimension\/#primaryimage","url":"https:\/\/ajeandalucia.org\/granada\/wp-content\/uploads\/sites\/7\/2025\/10\/VERIFACTU.jpg","contentUrl":"https:\/\/ajeandalucia.org\/granada\/wp-content\/uploads\/sites\/7\/2025\/10\/VERIFACTU.jpg","width":1080,"height":1350},{"@type":"BreadcrumbList","@id":"https:\/\/ajeandalucia.org\/granada\/eventos\/taller-online-verifactu-aje-granada-sexta-dimension\/#breadcrumb","itemListElement":[{"@type":"ListItem","position":1,"name":"Portada","item":"https:\/\/ajeandalucia.org\/granada\/"},{"@type":"ListItem","position":2,"name":"Eventos","item":"https:\/\/ajeandalucia.org\/granada\/eventos\/"},{"@type":"ListItem","position":3,"name":"TALLER ONLINE SOBRE VERIFACTU &#8211; AJE GRANADA Y SEXTA DIMENSI\u00d3N"}]},{"@type":"WebSite","@id":"https:\/\/ajeandalucia.org\/granada\/#website","url":"https:\/\/ajeandalucia.org\/granada\/","name":"AJE Granada","description":"J\u00f3venes Empresarios de Granada","publisher":{"@id":"https:\/\/ajeandalucia.org\/granada\/#organization"},"potentialAction":[{"@type":"SearchAction","target":{"@type":"EntryPoint","urlTemplate":"https:\/\/ajeandalucia.org\/granada\/?s={search_term_string}"},"query-input":{"@type":"PropertyValueSpecification","valueRequired":true,"valueName":"search_term_string"}}],"inLanguage":"es"},{"@type":"Organization","@id":"https:\/\/ajeandalucia.org\/granada\/#organization","name":"AJE Granada","url":"https:\/\/ajeandalucia.org\/granada\/","logo":{"@type":"ImageObject","inLanguage":"es","@id":"https:\/\/ajeandalucia.org\/granada\/#\/schema\/logo\/image\/","url":"https:\/\/ajeandalucia.org\/granada\/wp-content\/uploads\/sites\/7\/2025\/02\/AJE-GRANADA-horizontal.png","contentUrl":"https:\/\/ajeandalucia.org\/granada\/wp-content\/uploads\/sites\/7\/2025\/02\/AJE-GRANADA-horizontal.png","width":612,"height":200,"caption":"AJE Granada"},"image":{"@id":"https:\/\/ajeandalucia.org\/granada\/#\/schema\/logo\/image\/"}}]}},"_links":{"self":[{"href":"https:\/\/ajeandalucia.org\/granada\/wp-json\/wp\/v2\/mec-events\/48089","targetHints":{"allow":["GET"]}}],"collection":[{"href":"https:\/\/ajeandalucia.org\/granada\/wp-json\/wp\/v2\/mec-events"}],"about":[{"href":"https:\/\/ajeandalucia.org\/granada\/wp-json\/wp\/v2\/types\/mec-events"}],"author":[{"embeddable":true,"href":"https:\/\/ajeandalucia.org\/granada\/wp-json\/wp\/v2\/users\/6"}],"replies":[{"embeddable":true,"href":"https:\/\/ajeandalucia.org\/granada\/wp-json\/wp\/v2\/comments?post=48089"}],"version-history":[{"count":3,"href":"https:\/\/ajeandalucia.org\/granada\/wp-json\/wp\/v2\/mec-events\/48089\/revisions"}],"predecessor-version":[{"id":48093,"href":"https:\/\/ajeandalucia.org\/granada\/wp-json\/wp\/v2\/mec-events\/48089\/revisions\/48093"}],"wp:featuredmedia":[{"embeddable":true,"href":"https:\/\/ajeandalucia.org\/granada\/wp-json\/wp\/v2\/media\/48090"}],"wp:attachment":[{"href":"https:\/\/ajeandalucia.org\/granada\/wp-json\/wp\/v2\/media?parent=48089"}],"wp:term":[{"taxonomy":"post_tag","embeddable":true,"href":"https:\/\/ajeandalucia.org\/granada\/wp-json\/wp\/v2\/tags?post=48089"},{"taxonomy":"mec_category","embeddable":true,"href":"https:\/\/ajeandalucia.org\/granada\/wp-json\/wp\/v2\/mec_category?post=48089"},{"taxonomy":"mec_speaker","embeddable":true,"href":"https:\/\/ajeandalucia.org\/granada\/wp-json\/wp\/v2\/mec_speaker?post=48089"},{"taxonomy":"mec_sponsor","embeddable":true,"href":"https:\/\/ajeandalucia.org\/granada\/wp-json\/wp\/v2\/mec_sponsor?post=48089"}],"curies":[{"name":"wp","href":"https:\/\/api.w.org\/{rel}","templated":true}]}}