{"id":12465,"date":"2025-03-11T14:30:42","date_gmt":"2025-03-11T13:30:42","guid":{"rendered":"https:\/\/ajeandalucia.org\/jaen\/?post_type=asociado&#038;p=12465"},"modified":"2026-02-05T13:50:30","modified_gmt":"2026-02-05T12:50:30","slug":"avantik","status":"publish","type":"asociado","link":"https:\/\/ajeandalucia.org\/jaen\/asociado\/avantik\/","title":{"rendered":"AVANTIK"},"content":{"rendered":"<p><strong>AVANTIK, la asesor\u00eda digital que facilita la vida a empresas y aut\u00f3nomos.\u00a0<\/strong><!--more--><\/p>\n<p>No somos uno m\u00e1s, somos los profesionales de la gesti\u00f3n econ\u00f3mico-financiera y fiscal que te ayudar\u00e1n en el d\u00eda a d\u00eda de tu negocio. Conocemos las necesidades que realmente sufre el empresario todos los d\u00edas y estamos aqu\u00ed para ayudarle a avanzar en su negocio.<\/p>\n<p>Los tiempos han cambiado y en AVANTIK lo sabemos, por ello aprovechamos al m\u00e1ximo todos los recursos para hacerla la vida m\u00e1s f\u00e1cil como empresario. Ofrecemos los medios digitales y humanos para que comprendas qu\u00e9 est\u00e1 pasando en tu negocio, accedas a tus finanzas siempre que quieras y preguntes todo lo que necesites apoy\u00e1ndote en la toma de decisiones financieras y fiscales.<\/p>\n<p>Tendr\u00e1s en tu equipo a Economistas, Controllers Financieros Certificados y empresarios expertos en contabilidad, fiscalidad y finanzas que te ayudar\u00e1n en la toma de las decisiones estrat\u00e9gicas adecuadas para tu negocio.<\/p>\n<p>&nbsp;<\/p>\n<p>Estamos a tu disposici\u00f3n para:<\/p>\n<ul>\n<li><strong>Asesoramiento contable, fiscal y laboral:<\/strong>\u00a0Ten tu contabilidad, n\u00f3minas y obligaciones fiscales al d\u00eda y optimizados. Somos expertos en contabilidad colaborativa.<\/li>\n<li><strong>Administraci\u00f3n y Gesti\u00f3n:<\/strong>\u00a0Olv\u00eddate del papeleo, pasamos a ser tu departamento administrativo y nos encargamos de tus facturas, cobros y pagos. Automatiza.<\/li>\n<li><strong>Consultor\u00eda &#8211; Economistas: <\/strong>Un economista profesional para cuando lo necesites (informes periciales, reestructuraciones empresariales, valoraci\u00f3n de empresas, opini\u00f3n profesional, etc.).<\/li>\n<li><strong>AVANTIK CFO: <\/strong>Prestamos el servicio &#8220;CFO as a service&#8221; para que siempre tengas a un profesional a tu lado que te acompa\u00f1e y asesore en el d\u00eda a d\u00eda de la direcci\u00f3n financiera de tu empresa. Entre otras cuestiones, podemos ayudarte con la contabilidad anal\u00edtica y presupuestaria, gesti\u00f3n de la tesorer\u00eda, relaci\u00f3n con auditores, implantaci\u00f3n de nuevo ERP, control interno administrativo-financiero, justificaci\u00f3n de subvenciones, etc. Dispondr\u00e1s de un perfil Directivo Experto en Finanzas Empresariales en tu equipo.<\/li>\n<\/ul>\n<p>En resumen, si quieres tener tus finanzas al d\u00eda, optimizadas, accesibles desde cualquier lugar, automatizadas y analizadas por un experto que te explique las mismas y te ayude a la hora de tomar decisiones que puedan afectar a tu negocio, hablas AVANTIK.<\/p>\n<p><strong><img loading=\"lazy\" decoding=\"async\" class=\"alignnone size-thumbnail wp-image-14441\" src=\"http:\/\/ajeandalucia.org\/jaen\/wp-content\/uploads\/sites\/9\/2026\/01\/LC_Weeb-150x150.png\" alt=\"\" width=\"150\" height=\"150\" srcset=\"https:\/\/ajeandalucia.org\/jaen\/wp-content\/uploads\/sites\/9\/2026\/01\/LC_Weeb-150x150.png 150w, https:\/\/ajeandalucia.org\/jaen\/wp-content\/uploads\/sites\/9\/2026\/01\/LC_Weeb-300x300.png 300w, https:\/\/ajeandalucia.org\/jaen\/wp-content\/uploads\/sites\/9\/2026\/01\/LC_Weeb-500x500.png 500w, https:\/\/ajeandalucia.org\/jaen\/wp-content\/uploads\/sites\/9\/2026\/01\/LC_Weeb-100x100.png 100w\" sizes=\"auto, (max-width: 150px) 100vw, 150px\" \/><\/strong><\/p>\n","protected":false},"featured_media":13290,"parent":0,"template":"","meta":{"_acf_changed":false,"site-sidebar-layout":"default","site-content-layout":"","ast-site-content-layout":"default","site-content-style":"default","site-sidebar-style":"default","ast-global-header-display":"","ast-banner-title-visibility":"","ast-main-header-display":"","ast-hfb-above-header-display":"","ast-hfb-below-header-display":"","ast-hfb-mobile-header-display":"","site-post-title":"","ast-breadcrumbs-content":"","ast-featured-img":"","footer-sml-layout":"","ast-disable-related-posts":"","theme-transparent-header-meta":"default","adv-header-id-meta":"","stick-header-meta":"","header-above-stick-meta":"","header-main-stick-meta":"","header-below-stick-meta":"","astra-migrate-meta-layouts":"set","ast-page-background-enabled":"default","ast-page-background-meta":{"desktop":{"background-color":"var(--ast-global-color-5)","background-image":"","background-repeat":"repeat","background-position":"center center","background-size":"auto","background-attachment":"scroll","background-type":"","background-media":"","overlay-type":"","overlay-color":"","overlay-opacity":"","overlay-gradient":""},"tablet":{"background-color":"","background-image":"","background-repeat":"repeat","background-position":"center center","background-size":"auto","background-attachment":"scroll","background-type":"","background-media":"","overlay-type":"","overlay-color":"","overlay-opacity":"","overlay-gradient":""},"mobile":{"background-color":"","background-image":"","background-repeat":"repeat","background-position":"center center","background-size":"auto","background-attachment":"scroll","background-type":"","background-media":"","overlay-type":"","overlay-color":"","overlay-opacity":"","overlay-gradient":""}},"ast-content-background-meta":{"desktop":{"background-color":"var(--ast-global-color-4)","background-image":"","background-repeat":"repeat","background-position":"center center","background-size":"auto","background-attachment":"scroll","background-type":"","background-media":"","overlay-type":"","overlay-color":"","overlay-opacity":"","overlay-gradient":""},"tablet":{"background-color":"var(--ast-global-color-4)","background-image":"","background-repeat":"repeat","background-position":"center center","background-size":"auto","background-attachment":"scroll","background-type":"","background-media":"","overlay-type":"","overlay-color":"","overlay-opacity":"","overlay-gradient":""},"mobile":{"background-color":"var(--ast-global-color-4)","background-image":"","background-repeat":"repeat","background-position":"center center","background-size":"auto","background-attachment":"scroll","background-type":"","background-media":"","overlay-type":"","overlay-color":"","overlay-opacity":"","overlay-gradient":""}}},"categoria-asociado":[435,448],"class_list":["post-12465","asociado","type-asociado","status-publish","has-post-thumbnail","hentry","categoria-asociado-asesoria-y-consultoria","categoria-asociado-finanzas"],"acf":[],"yoast_head":"<!-- This site is optimized with the Yoast SEO plugin v26.9 - https:\/\/yoast.com\/product\/yoast-seo-wordpress\/ -->\n<title>AVANTIK - AJE Ja\u00e9n<\/title>\n<meta name=\"description\" content=\"AVANTIK facilita la vida a empresas y aut\u00f3nomos con servicios de gesti\u00f3n econ\u00f3mico-financiera y fiscal. Ofrecemos asesoramiento contable, fiscal y laboral, administraci\u00f3n y gesti\u00f3n, consultor\u00eda y CFO as a service.\" \/>\n<meta name=\"robots\" content=\"index, follow, max-snippet:-1, max-image-preview:large, max-video-preview:-1\" \/>\n<link rel=\"canonical\" href=\"https:\/\/ajeandalucia.org\/jaen\/asociado\/avantik\/\" \/>\n<meta property=\"og:locale\" content=\"es_ES\" \/>\n<meta property=\"og:type\" content=\"article\" \/>\n<meta property=\"og:title\" content=\"AVANTIK - AJE Ja\u00e9n\" \/>\n<meta property=\"og:description\" content=\"AVANTIK facilita la vida a empresas y aut\u00f3nomos con servicios de gesti\u00f3n econ\u00f3mico-financiera y fiscal. Ofrecemos asesoramiento contable, fiscal y laboral, administraci\u00f3n y gesti\u00f3n, consultor\u00eda y CFO as a service.\" \/>\n<meta property=\"og:url\" content=\"https:\/\/ajeandalucia.org\/jaen\/asociado\/avantik\/\" \/>\n<meta property=\"og:site_name\" content=\"AJE Ja\u00e9n\" \/>\n<meta property=\"article:modified_time\" content=\"2026-02-05T12:50:30+00:00\" \/>\n<meta property=\"og:image\" content=\"http:\/\/ajeandalucia.org\/jaen\/wp-content\/uploads\/sites\/9\/2025\/03\/logo-1-scaled.jpg\" \/>\n\t<meta property=\"og:image:width\" content=\"2560\" \/>\n\t<meta property=\"og:image:height\" content=\"2036\" \/>\n\t<meta property=\"og:image:type\" content=\"image\/jpeg\" \/>\n<meta name=\"twitter:card\" content=\"summary_large_image\" \/>\n<meta name=\"twitter:label1\" content=\"Tiempo de lectura\" \/>\n\t<meta name=\"twitter:data1\" content=\"2 minutos\" \/>\n<script type=\"application\/ld+json\" class=\"yoast-schema-graph\">{\"@context\":\"https:\/\/schema.org\",\"@graph\":[{\"@type\":\"WebPage\",\"@id\":\"https:\/\/ajeandalucia.org\/jaen\/asociado\/avantik\/\",\"url\":\"https:\/\/ajeandalucia.org\/jaen\/asociado\/avantik\/\",\"name\":\"AVANTIK - AJE Ja\u00e9n\",\"isPartOf\":{\"@id\":\"https:\/\/ajeandalucia.org\/jaen\/#website\"},\"primaryImageOfPage\":{\"@id\":\"https:\/\/ajeandalucia.org\/jaen\/asociado\/avantik\/#primaryimage\"},\"image\":{\"@id\":\"https:\/\/ajeandalucia.org\/jaen\/asociado\/avantik\/#primaryimage\"},\"thumbnailUrl\":\"https:\/\/ajeandalucia.org\/jaen\/wp-content\/uploads\/sites\/9\/2025\/03\/logo-1-scaled.jpg\",\"datePublished\":\"2025-03-11T13:30:42+00:00\",\"dateModified\":\"2026-02-05T12:50:30+00:00\",\"description\":\"AVANTIK facilita la vida a empresas y aut\u00f3nomos con servicios de gesti\u00f3n econ\u00f3mico-financiera y fiscal. Ofrecemos asesoramiento contable, fiscal y laboral, administraci\u00f3n y gesti\u00f3n, consultor\u00eda y CFO as a service.\",\"breadcrumb\":{\"@id\":\"https:\/\/ajeandalucia.org\/jaen\/asociado\/avantik\/#breadcrumb\"},\"inLanguage\":\"es\",\"potentialAction\":[{\"@type\":\"ReadAction\",\"target\":[\"https:\/\/ajeandalucia.org\/jaen\/asociado\/avantik\/\"]}]},{\"@type\":\"ImageObject\",\"inLanguage\":\"es\",\"@id\":\"https:\/\/ajeandalucia.org\/jaen\/asociado\/avantik\/#primaryimage\",\"url\":\"https:\/\/ajeandalucia.org\/jaen\/wp-content\/uploads\/sites\/9\/2025\/03\/logo-1-scaled.jpg\",\"contentUrl\":\"https:\/\/ajeandalucia.org\/jaen\/wp-content\/uploads\/sites\/9\/2025\/03\/logo-1-scaled.jpg\",\"width\":2560,\"height\":2036},{\"@type\":\"BreadcrumbList\",\"@id\":\"https:\/\/ajeandalucia.org\/jaen\/asociado\/avantik\/#breadcrumb\",\"itemListElement\":[{\"@type\":\"ListItem\",\"position\":1,\"name\":\"Portada\",\"item\":\"https:\/\/ajeandalucia.org\/jaen\/\"},{\"@type\":\"ListItem\",\"position\":2,\"name\":\"AVANTIK\"}]},{\"@type\":\"WebSite\",\"@id\":\"https:\/\/ajeandalucia.org\/jaen\/#website\",\"url\":\"https:\/\/ajeandalucia.org\/jaen\/\",\"name\":\"AJE Ja\u00e9n\",\"description\":\"Otro sitio m\u00e1s de AJE Andaluc\u00eda\",\"publisher\":{\"@id\":\"https:\/\/ajeandalucia.org\/jaen\/#organization\"},\"potentialAction\":[{\"@type\":\"SearchAction\",\"target\":{\"@type\":\"EntryPoint\",\"urlTemplate\":\"https:\/\/ajeandalucia.org\/jaen\/?s={search_term_string}\"},\"query-input\":{\"@type\":\"PropertyValueSpecification\",\"valueRequired\":true,\"valueName\":\"search_term_string\"}}],\"inLanguage\":\"es\"},{\"@type\":\"Organization\",\"@id\":\"https:\/\/ajeandalucia.org\/jaen\/#organization\",\"name\":\"AJE Ja\u00e9n\",\"url\":\"https:\/\/ajeandalucia.org\/jaen\/\",\"logo\":{\"@type\":\"ImageObject\",\"inLanguage\":\"es\",\"@id\":\"https:\/\/ajeandalucia.org\/jaen\/#\/schema\/logo\/image\/\",\"url\":\"https:\/\/ajeandalucia.org\/jaen\/wp-content\/uploads\/sites\/9\/2025\/01\/logotipo-aje-andalucia-jovenes-empresarios-1.png\",\"contentUrl\":\"https:\/\/ajeandalucia.org\/jaen\/wp-content\/uploads\/sites\/9\/2025\/01\/logotipo-aje-andalucia-jovenes-empresarios-1.png\",\"width\":1129,\"height\":207,\"caption\":\"AJE Ja\u00e9n\"},\"image\":{\"@id\":\"https:\/\/ajeandalucia.org\/jaen\/#\/schema\/logo\/image\/\"}}]}<\/script>\n<!-- \/ Yoast SEO plugin. -->","yoast_head_json":{"title":"AVANTIK - AJE Ja\u00e9n","description":"AVANTIK facilita la vida a empresas y aut\u00f3nomos con servicios de gesti\u00f3n econ\u00f3mico-financiera y fiscal. Ofrecemos asesoramiento contable, fiscal y laboral, administraci\u00f3n y gesti\u00f3n, consultor\u00eda y CFO as a service.","robots":{"index":"index","follow":"follow","max-snippet":"max-snippet:-1","max-image-preview":"max-image-preview:large","max-video-preview":"max-video-preview:-1"},"canonical":"https:\/\/ajeandalucia.org\/jaen\/asociado\/avantik\/","og_locale":"es_ES","og_type":"article","og_title":"AVANTIK - AJE Ja\u00e9n","og_description":"AVANTIK facilita la vida a empresas y aut\u00f3nomos con servicios de gesti\u00f3n econ\u00f3mico-financiera y fiscal. Ofrecemos asesoramiento contable, fiscal y laboral, administraci\u00f3n y gesti\u00f3n, consultor\u00eda y CFO as a service.","og_url":"https:\/\/ajeandalucia.org\/jaen\/asociado\/avantik\/","og_site_name":"AJE Ja\u00e9n","article_modified_time":"2026-02-05T12:50:30+00:00","og_image":[{"width":2560,"height":2036,"url":"http:\/\/ajeandalucia.org\/jaen\/wp-content\/uploads\/sites\/9\/2025\/03\/logo-1-scaled.jpg","type":"image\/jpeg"}],"twitter_card":"summary_large_image","twitter_misc":{"Tiempo de lectura":"2 minutos"},"schema":{"@context":"https:\/\/schema.org","@graph":[{"@type":"WebPage","@id":"https:\/\/ajeandalucia.org\/jaen\/asociado\/avantik\/","url":"https:\/\/ajeandalucia.org\/jaen\/asociado\/avantik\/","name":"AVANTIK - AJE Ja\u00e9n","isPartOf":{"@id":"https:\/\/ajeandalucia.org\/jaen\/#website"},"primaryImageOfPage":{"@id":"https:\/\/ajeandalucia.org\/jaen\/asociado\/avantik\/#primaryimage"},"image":{"@id":"https:\/\/ajeandalucia.org\/jaen\/asociado\/avantik\/#primaryimage"},"thumbnailUrl":"https:\/\/ajeandalucia.org\/jaen\/wp-content\/uploads\/sites\/9\/2025\/03\/logo-1-scaled.jpg","datePublished":"2025-03-11T13:30:42+00:00","dateModified":"2026-02-05T12:50:30+00:00","description":"AVANTIK facilita la vida a empresas y aut\u00f3nomos con servicios de gesti\u00f3n econ\u00f3mico-financiera y fiscal. Ofrecemos asesoramiento contable, fiscal y laboral, administraci\u00f3n y gesti\u00f3n, consultor\u00eda y CFO as a service.","breadcrumb":{"@id":"https:\/\/ajeandalucia.org\/jaen\/asociado\/avantik\/#breadcrumb"},"inLanguage":"es","potentialAction":[{"@type":"ReadAction","target":["https:\/\/ajeandalucia.org\/jaen\/asociado\/avantik\/"]}]},{"@type":"ImageObject","inLanguage":"es","@id":"https:\/\/ajeandalucia.org\/jaen\/asociado\/avantik\/#primaryimage","url":"https:\/\/ajeandalucia.org\/jaen\/wp-content\/uploads\/sites\/9\/2025\/03\/logo-1-scaled.jpg","contentUrl":"https:\/\/ajeandalucia.org\/jaen\/wp-content\/uploads\/sites\/9\/2025\/03\/logo-1-scaled.jpg","width":2560,"height":2036},{"@type":"BreadcrumbList","@id":"https:\/\/ajeandalucia.org\/jaen\/asociado\/avantik\/#breadcrumb","itemListElement":[{"@type":"ListItem","position":1,"name":"Portada","item":"https:\/\/ajeandalucia.org\/jaen\/"},{"@type":"ListItem","position":2,"name":"AVANTIK"}]},{"@type":"WebSite","@id":"https:\/\/ajeandalucia.org\/jaen\/#website","url":"https:\/\/ajeandalucia.org\/jaen\/","name":"AJE Ja\u00e9n","description":"Otro sitio m\u00e1s de AJE Andaluc\u00eda","publisher":{"@id":"https:\/\/ajeandalucia.org\/jaen\/#organization"},"potentialAction":[{"@type":"SearchAction","target":{"@type":"EntryPoint","urlTemplate":"https:\/\/ajeandalucia.org\/jaen\/?s={search_term_string}"},"query-input":{"@type":"PropertyValueSpecification","valueRequired":true,"valueName":"search_term_string"}}],"inLanguage":"es"},{"@type":"Organization","@id":"https:\/\/ajeandalucia.org\/jaen\/#organization","name":"AJE Ja\u00e9n","url":"https:\/\/ajeandalucia.org\/jaen\/","logo":{"@type":"ImageObject","inLanguage":"es","@id":"https:\/\/ajeandalucia.org\/jaen\/#\/schema\/logo\/image\/","url":"https:\/\/ajeandalucia.org\/jaen\/wp-content\/uploads\/sites\/9\/2025\/01\/logotipo-aje-andalucia-jovenes-empresarios-1.png","contentUrl":"https:\/\/ajeandalucia.org\/jaen\/wp-content\/uploads\/sites\/9\/2025\/01\/logotipo-aje-andalucia-jovenes-empresarios-1.png","width":1129,"height":207,"caption":"AJE Ja\u00e9n"},"image":{"@id":"https:\/\/ajeandalucia.org\/jaen\/#\/schema\/logo\/image\/"}}]}},"_links":{"self":[{"href":"https:\/\/ajeandalucia.org\/jaen\/wp-json\/wp\/v2\/asociado\/12465","targetHints":{"allow":["GET"]}}],"collection":[{"href":"https:\/\/ajeandalucia.org\/jaen\/wp-json\/wp\/v2\/asociado"}],"about":[{"href":"https:\/\/ajeandalucia.org\/jaen\/wp-json\/wp\/v2\/types\/asociado"}],"wp:featuredmedia":[{"embeddable":true,"href":"https:\/\/ajeandalucia.org\/jaen\/wp-json\/wp\/v2\/media\/13290"}],"wp:attachment":[{"href":"https:\/\/ajeandalucia.org\/jaen\/wp-json\/wp\/v2\/media?parent=12465"}],"wp:term":[{"taxonomy":"categoria-asociado","embeddable":true,"href":"https:\/\/ajeandalucia.org\/jaen\/wp-json\/wp\/v2\/categoria-asociado?post=12465"}],"curies":[{"name":"wp","href":"https:\/\/api.w.org\/{rel}","templated":true}]}}