{"id":12535,"date":"2025-05-07T19:02:56","date_gmt":"2025-05-07T17:02:56","guid":{"rendered":"https:\/\/ajeandalucia.org\/jaen\/?post_type=asociado&#038;p=12535"},"modified":"2025-05-26T12:45:04","modified_gmt":"2025-05-26T10:45:04","slug":"fundacion-fulgencio-meseguer","status":"publish","type":"asociado","link":"https:\/\/ajeandalucia.org\/jaen\/asociado\/fundacion-fulgencio-meseguer\/","title":{"rendered":"Fundaci\u00f3n Fulgencio Meseguer"},"content":{"rendered":"<p class=\"titulo\"><span style=\"color: #000000\"><strong>La Fundaci\u00f3n Fulgencio Meseguer,<\/strong> con sede en Ja\u00e9n, es una entidad privada sin \u00e1nimo de lucro que nace en el a\u00f1o 2020 con la misi\u00f3n de impulsar el emprendimiento como herramienta para fortalecer el futuro de Andaluc\u00eda.<\/span><\/p>\n<div class=\"row\">\n<div class=\"col-md-12\">\n<p class=\"titulo\"><span style=\"color: #000000\"><strong>Misi\u00f3n<\/strong><\/span><\/p>\n<\/div>\n<\/div>\n<div class=\"row justify-content-center\">\n<div class=\"col-md-12 col-lg-10\">\n<p class=\"texto\"><span style=\"color: #000000\">Contribuir al progreso socioecon\u00f3mico de Andaluc\u00eda impulsando la formaci\u00f3n y el liderazgo de emprendedores, empresarios y profesionales que tengan como objetivo aumentar su competitividad y su productividad.<\/span><\/p>\n<p class=\"titulo\"><span style=\"color: #000000\"><strong>Visi\u00f3n<\/strong><\/span><\/p>\n<div class=\"row justify-content-center\">\n<div class=\"col-12\">\n<p class=\"texto\"><span style=\"color: #000000\">En la Fundaci\u00f3n Fulgencio Meseguer queremos ser \u00fatiles a la sociedad, apoyando a aquellos que persiguen un sue\u00f1o empresarial, a los que han conseguido consolidar su negocio y a quienes buscan impulsar proyectos altamente generadores de empleo.<\/span><\/p>\n<p class=\"texto\"><span style=\"color: #000000\">Estamos seguros de que, con nuestro compromiso y la colaboraci\u00f3n de los agentes implicados en el emprendimiento, contribuiremos a que la sociedad se sienta orgullosa del esfuerzo de sus empresarios.<\/span><\/p>\n<p class=\"titulo\"><span style=\"color: #000000\"><strong>Fines fundacionales<\/strong><\/span><\/p>\n<div class=\"row\">\n<div class=\"col-12\">\n<ul>\n<li class=\"texto\"><span style=\"color: #000000\"><span class=\"tarjeta_comienzo\">Fortalecer<\/span>\u00a0el futuro a trav\u00e9s del emprendimiento, ayudando a formar un tejido empresarial s\u00f3lido, que cuente con empresas m\u00e1s innovadoras, m\u00e1s creativas y m\u00e1s competitivas. <\/span><\/li>\n<li class=\"texto\"><span style=\"color: #000000\">Impulsar\u00a0el liderazgo y el desarrollo empresarial, formativo y social en Andaluc\u00eda, con especial \u00e9nfasis en Ja\u00e9n.<\/span><\/li>\n<li class=\"texto\"><span style=\"color: #000000\">Fomentar\u00a0el emprendimiento como un valor asociado al esfuerzo, la capacidad de iniciativa y de superaci\u00f3n, adem\u00e1s de una herramienta para contribuir al progreso socioecon\u00f3mico.<\/span><\/li>\n<\/ul>\n<\/div>\n<\/div>\n<\/div>\n<\/div>\n<\/div>\n<\/div>\n","protected":false},"featured_media":9281,"parent":0,"template":"","meta":{"_acf_changed":false,"site-sidebar-layout":"default","site-content-layout":"","ast-site-content-layout":"default","site-content-style":"default","site-sidebar-style":"default","ast-global-header-display":"","ast-banner-title-visibility":"","ast-main-header-display":"","ast-hfb-above-header-display":"","ast-hfb-below-header-display":"","ast-hfb-mobile-header-display":"","site-post-title":"","ast-breadcrumbs-content":"","ast-featured-img":"","footer-sml-layout":"","ast-disable-related-posts":"","theme-transparent-header-meta":"default","adv-header-id-meta":"","stick-header-meta":"","header-above-stick-meta":"","header-main-stick-meta":"","header-below-stick-meta":"","astra-migrate-meta-layouts":"set","ast-page-background-enabled":"default","ast-page-background-meta":{"desktop":{"background-color":"var(--ast-global-color-5)","background-image":"","background-repeat":"repeat","background-position":"center center","background-size":"auto","background-attachment":"scroll","background-type":"","background-media":"","overlay-type":"","overlay-color":"","overlay-opacity":"","overlay-gradient":""},"tablet":{"background-color":"","background-image":"","background-repeat":"repeat","background-position":"center center","background-size":"auto","background-attachment":"scroll","background-type":"","background-media":"","overlay-type":"","overlay-color":"","overlay-opacity":"","overlay-gradient":""},"mobile":{"background-color":"","background-image":"","background-repeat":"repeat","background-position":"center center","background-size":"auto","background-attachment":"scroll","background-type":"","background-media":"","overlay-type":"","overlay-color":"","overlay-opacity":"","overlay-gradient":""}},"ast-content-background-meta":{"desktop":{"background-color":"var(--ast-global-color-4)","background-image":"","background-repeat":"repeat","background-position":"center center","background-size":"auto","background-attachment":"scroll","background-type":"","background-media":"","overlay-type":"","overlay-color":"","overlay-opacity":"","overlay-gradient":""},"tablet":{"background-color":"var(--ast-global-color-4)","background-image":"","background-repeat":"repeat","background-position":"center center","background-size":"auto","background-attachment":"scroll","background-type":"","background-media":"","overlay-type":"","overlay-color":"","overlay-opacity":"","overlay-gradient":""},"mobile":{"background-color":"var(--ast-global-color-4)","background-image":"","background-repeat":"repeat","background-position":"center center","background-size":"auto","background-attachment":"scroll","background-type":"","background-media":"","overlay-type":"","overlay-color":"","overlay-opacity":"","overlay-gradient":""}}},"categoria-asociado":[],"class_list":["post-12535","asociado","type-asociado","status-publish","has-post-thumbnail","hentry"],"acf":[],"yoast_head":"<!-- This site is optimized with the Yoast SEO plugin v26.9 - https:\/\/yoast.com\/product\/yoast-seo-wordpress\/ -->\n<title>Fundaci\u00f3n Fulgencio Meseguer - Impulsando el Emprendimiento<\/title>\n<meta name=\"description\" content=\"La Fundaci\u00f3n Fulgencio Meseguer, con sede en Ja\u00e9n, impulsa el emprendimiento para fortalecer el futuro de Andaluc\u00eda. Formaci\u00f3n y liderazgo para emprendedores, empresarios y profesionales.\" \/>\n<meta name=\"robots\" content=\"index, follow, max-snippet:-1, max-image-preview:large, max-video-preview:-1\" \/>\n<link rel=\"canonical\" href=\"https:\/\/ajeandalucia.org\/jaen\/asociado\/fundacion-fulgencio-meseguer\/\" \/>\n<meta property=\"og:locale\" content=\"es_ES\" \/>\n<meta property=\"og:type\" content=\"article\" \/>\n<meta property=\"og:title\" content=\"Fundaci\u00f3n Fulgencio Meseguer - Impulsando el Emprendimiento\" \/>\n<meta property=\"og:description\" content=\"La Fundaci\u00f3n Fulgencio Meseguer, con sede en Ja\u00e9n, impulsa el emprendimiento para fortalecer el futuro de Andaluc\u00eda. Formaci\u00f3n y liderazgo para emprendedores, empresarios y profesionales.\" \/>\n<meta property=\"og:url\" content=\"https:\/\/ajeandalucia.org\/jaen\/asociado\/fundacion-fulgencio-meseguer\/\" \/>\n<meta property=\"og:site_name\" content=\"AJE Ja\u00e9n\" \/>\n<meta property=\"article:modified_time\" content=\"2025-05-26T10:45:04+00:00\" \/>\n<meta property=\"og:image\" content=\"https:\/\/ajeandalucia.org\/jaen\/wp-content\/uploads\/sites\/9\/2021\/07\/logo_web.jpg\" \/>\n\t<meta property=\"og:image:width\" content=\"300\" \/>\n\t<meta property=\"og:image:height\" content=\"300\" \/>\n\t<meta property=\"og:image:type\" content=\"image\/jpeg\" \/>\n<meta name=\"twitter:card\" content=\"summary_large_image\" \/>\n<meta name=\"twitter:label1\" content=\"Tiempo de lectura\" \/>\n\t<meta name=\"twitter:data1\" content=\"2 minutos\" \/>\n<script type=\"application\/ld+json\" class=\"yoast-schema-graph\">{\"@context\":\"https:\/\/schema.org\",\"@graph\":[{\"@type\":\"WebPage\",\"@id\":\"https:\/\/ajeandalucia.org\/jaen\/asociado\/fundacion-fulgencio-meseguer\/\",\"url\":\"https:\/\/ajeandalucia.org\/jaen\/asociado\/fundacion-fulgencio-meseguer\/\",\"name\":\"Fundaci\u00f3n Fulgencio Meseguer - Impulsando el Emprendimiento\",\"isPartOf\":{\"@id\":\"https:\/\/ajeandalucia.org\/jaen\/#website\"},\"primaryImageOfPage\":{\"@id\":\"https:\/\/ajeandalucia.org\/jaen\/asociado\/fundacion-fulgencio-meseguer\/#primaryimage\"},\"image\":{\"@id\":\"https:\/\/ajeandalucia.org\/jaen\/asociado\/fundacion-fulgencio-meseguer\/#primaryimage\"},\"thumbnailUrl\":\"https:\/\/ajeandalucia.org\/jaen\/wp-content\/uploads\/sites\/9\/2021\/07\/logo_web.jpg\",\"datePublished\":\"2025-05-07T17:02:56+00:00\",\"dateModified\":\"2025-05-26T10:45:04+00:00\",\"description\":\"La Fundaci\u00f3n Fulgencio Meseguer, con sede en Ja\u00e9n, impulsa el emprendimiento para fortalecer el futuro de Andaluc\u00eda. Formaci\u00f3n y liderazgo para emprendedores, empresarios y profesionales.\",\"breadcrumb\":{\"@id\":\"https:\/\/ajeandalucia.org\/jaen\/asociado\/fundacion-fulgencio-meseguer\/#breadcrumb\"},\"inLanguage\":\"es\",\"potentialAction\":[{\"@type\":\"ReadAction\",\"target\":[\"https:\/\/ajeandalucia.org\/jaen\/asociado\/fundacion-fulgencio-meseguer\/\"]}]},{\"@type\":\"ImageObject\",\"inLanguage\":\"es\",\"@id\":\"https:\/\/ajeandalucia.org\/jaen\/asociado\/fundacion-fulgencio-meseguer\/#primaryimage\",\"url\":\"https:\/\/ajeandalucia.org\/jaen\/wp-content\/uploads\/sites\/9\/2021\/07\/logo_web.jpg\",\"contentUrl\":\"https:\/\/ajeandalucia.org\/jaen\/wp-content\/uploads\/sites\/9\/2021\/07\/logo_web.jpg\",\"width\":300,\"height\":300},{\"@type\":\"BreadcrumbList\",\"@id\":\"https:\/\/ajeandalucia.org\/jaen\/asociado\/fundacion-fulgencio-meseguer\/#breadcrumb\",\"itemListElement\":[{\"@type\":\"ListItem\",\"position\":1,\"name\":\"Portada\",\"item\":\"https:\/\/ajeandalucia.org\/jaen\/\"},{\"@type\":\"ListItem\",\"position\":2,\"name\":\"Fundaci\u00f3n Fulgencio Meseguer\"}]},{\"@type\":\"WebSite\",\"@id\":\"https:\/\/ajeandalucia.org\/jaen\/#website\",\"url\":\"https:\/\/ajeandalucia.org\/jaen\/\",\"name\":\"AJE Ja\u00e9n\",\"description\":\"Otro sitio m\u00e1s de AJE Andaluc\u00eda\",\"publisher\":{\"@id\":\"https:\/\/ajeandalucia.org\/jaen\/#organization\"},\"potentialAction\":[{\"@type\":\"SearchAction\",\"target\":{\"@type\":\"EntryPoint\",\"urlTemplate\":\"https:\/\/ajeandalucia.org\/jaen\/?s={search_term_string}\"},\"query-input\":{\"@type\":\"PropertyValueSpecification\",\"valueRequired\":true,\"valueName\":\"search_term_string\"}}],\"inLanguage\":\"es\"},{\"@type\":\"Organization\",\"@id\":\"https:\/\/ajeandalucia.org\/jaen\/#organization\",\"name\":\"AJE Ja\u00e9n\",\"url\":\"https:\/\/ajeandalucia.org\/jaen\/\",\"logo\":{\"@type\":\"ImageObject\",\"inLanguage\":\"es\",\"@id\":\"https:\/\/ajeandalucia.org\/jaen\/#\/schema\/logo\/image\/\",\"url\":\"https:\/\/ajeandalucia.org\/jaen\/wp-content\/uploads\/sites\/9\/2025\/01\/logotipo-aje-andalucia-jovenes-empresarios-1.png\",\"contentUrl\":\"https:\/\/ajeandalucia.org\/jaen\/wp-content\/uploads\/sites\/9\/2025\/01\/logotipo-aje-andalucia-jovenes-empresarios-1.png\",\"width\":1129,\"height\":207,\"caption\":\"AJE Ja\u00e9n\"},\"image\":{\"@id\":\"https:\/\/ajeandalucia.org\/jaen\/#\/schema\/logo\/image\/\"}}]}<\/script>\n<!-- \/ Yoast SEO plugin. -->","yoast_head_json":{"title":"Fundaci\u00f3n Fulgencio Meseguer - Impulsando el Emprendimiento","description":"La Fundaci\u00f3n Fulgencio Meseguer, con sede en Ja\u00e9n, impulsa el emprendimiento para fortalecer el futuro de Andaluc\u00eda. Formaci\u00f3n y liderazgo para emprendedores, empresarios y profesionales.","robots":{"index":"index","follow":"follow","max-snippet":"max-snippet:-1","max-image-preview":"max-image-preview:large","max-video-preview":"max-video-preview:-1"},"canonical":"https:\/\/ajeandalucia.org\/jaen\/asociado\/fundacion-fulgencio-meseguer\/","og_locale":"es_ES","og_type":"article","og_title":"Fundaci\u00f3n Fulgencio Meseguer - Impulsando el Emprendimiento","og_description":"La Fundaci\u00f3n Fulgencio Meseguer, con sede en Ja\u00e9n, impulsa el emprendimiento para fortalecer el futuro de Andaluc\u00eda. Formaci\u00f3n y liderazgo para emprendedores, empresarios y profesionales.","og_url":"https:\/\/ajeandalucia.org\/jaen\/asociado\/fundacion-fulgencio-meseguer\/","og_site_name":"AJE Ja\u00e9n","article_modified_time":"2025-05-26T10:45:04+00:00","og_image":[{"width":300,"height":300,"url":"https:\/\/ajeandalucia.org\/jaen\/wp-content\/uploads\/sites\/9\/2021\/07\/logo_web.jpg","type":"image\/jpeg"}],"twitter_card":"summary_large_image","twitter_misc":{"Tiempo de lectura":"2 minutos"},"schema":{"@context":"https:\/\/schema.org","@graph":[{"@type":"WebPage","@id":"https:\/\/ajeandalucia.org\/jaen\/asociado\/fundacion-fulgencio-meseguer\/","url":"https:\/\/ajeandalucia.org\/jaen\/asociado\/fundacion-fulgencio-meseguer\/","name":"Fundaci\u00f3n Fulgencio Meseguer - Impulsando el Emprendimiento","isPartOf":{"@id":"https:\/\/ajeandalucia.org\/jaen\/#website"},"primaryImageOfPage":{"@id":"https:\/\/ajeandalucia.org\/jaen\/asociado\/fundacion-fulgencio-meseguer\/#primaryimage"},"image":{"@id":"https:\/\/ajeandalucia.org\/jaen\/asociado\/fundacion-fulgencio-meseguer\/#primaryimage"},"thumbnailUrl":"https:\/\/ajeandalucia.org\/jaen\/wp-content\/uploads\/sites\/9\/2021\/07\/logo_web.jpg","datePublished":"2025-05-07T17:02:56+00:00","dateModified":"2025-05-26T10:45:04+00:00","description":"La Fundaci\u00f3n Fulgencio Meseguer, con sede en Ja\u00e9n, impulsa el emprendimiento para fortalecer el futuro de Andaluc\u00eda. Formaci\u00f3n y liderazgo para emprendedores, empresarios y profesionales.","breadcrumb":{"@id":"https:\/\/ajeandalucia.org\/jaen\/asociado\/fundacion-fulgencio-meseguer\/#breadcrumb"},"inLanguage":"es","potentialAction":[{"@type":"ReadAction","target":["https:\/\/ajeandalucia.org\/jaen\/asociado\/fundacion-fulgencio-meseguer\/"]}]},{"@type":"ImageObject","inLanguage":"es","@id":"https:\/\/ajeandalucia.org\/jaen\/asociado\/fundacion-fulgencio-meseguer\/#primaryimage","url":"https:\/\/ajeandalucia.org\/jaen\/wp-content\/uploads\/sites\/9\/2021\/07\/logo_web.jpg","contentUrl":"https:\/\/ajeandalucia.org\/jaen\/wp-content\/uploads\/sites\/9\/2021\/07\/logo_web.jpg","width":300,"height":300},{"@type":"BreadcrumbList","@id":"https:\/\/ajeandalucia.org\/jaen\/asociado\/fundacion-fulgencio-meseguer\/#breadcrumb","itemListElement":[{"@type":"ListItem","position":1,"name":"Portada","item":"https:\/\/ajeandalucia.org\/jaen\/"},{"@type":"ListItem","position":2,"name":"Fundaci\u00f3n Fulgencio Meseguer"}]},{"@type":"WebSite","@id":"https:\/\/ajeandalucia.org\/jaen\/#website","url":"https:\/\/ajeandalucia.org\/jaen\/","name":"AJE Ja\u00e9n","description":"Otro sitio m\u00e1s de AJE Andaluc\u00eda","publisher":{"@id":"https:\/\/ajeandalucia.org\/jaen\/#organization"},"potentialAction":[{"@type":"SearchAction","target":{"@type":"EntryPoint","urlTemplate":"https:\/\/ajeandalucia.org\/jaen\/?s={search_term_string}"},"query-input":{"@type":"PropertyValueSpecification","valueRequired":true,"valueName":"search_term_string"}}],"inLanguage":"es"},{"@type":"Organization","@id":"https:\/\/ajeandalucia.org\/jaen\/#organization","name":"AJE Ja\u00e9n","url":"https:\/\/ajeandalucia.org\/jaen\/","logo":{"@type":"ImageObject","inLanguage":"es","@id":"https:\/\/ajeandalucia.org\/jaen\/#\/schema\/logo\/image\/","url":"https:\/\/ajeandalucia.org\/jaen\/wp-content\/uploads\/sites\/9\/2025\/01\/logotipo-aje-andalucia-jovenes-empresarios-1.png","contentUrl":"https:\/\/ajeandalucia.org\/jaen\/wp-content\/uploads\/sites\/9\/2025\/01\/logotipo-aje-andalucia-jovenes-empresarios-1.png","width":1129,"height":207,"caption":"AJE Ja\u00e9n"},"image":{"@id":"https:\/\/ajeandalucia.org\/jaen\/#\/schema\/logo\/image\/"}}]}},"_links":{"self":[{"href":"https:\/\/ajeandalucia.org\/jaen\/wp-json\/wp\/v2\/asociado\/12535","targetHints":{"allow":["GET"]}}],"collection":[{"href":"https:\/\/ajeandalucia.org\/jaen\/wp-json\/wp\/v2\/asociado"}],"about":[{"href":"https:\/\/ajeandalucia.org\/jaen\/wp-json\/wp\/v2\/types\/asociado"}],"wp:featuredmedia":[{"embeddable":true,"href":"https:\/\/ajeandalucia.org\/jaen\/wp-json\/wp\/v2\/media\/9281"}],"wp:attachment":[{"href":"https:\/\/ajeandalucia.org\/jaen\/wp-json\/wp\/v2\/media?parent=12535"}],"wp:term":[{"taxonomy":"categoria-asociado","embeddable":true,"href":"https:\/\/ajeandalucia.org\/jaen\/wp-json\/wp\/v2\/categoria-asociado?post=12535"}],"curies":[{"name":"wp","href":"https:\/\/api.w.org\/{rel}","templated":true}]}}