{"id":12555,"date":"2025-05-07T18:26:33","date_gmt":"2025-05-07T16:26:33","guid":{"rendered":"https:\/\/ajeandalucia.org\/jaen\/?post_type=asociado&#038;p=12555"},"modified":"2026-02-05T13:28:30","modified_gmt":"2026-02-05T12:28:30","slug":"imancorp-foundation","status":"publish","type":"asociado","link":"https:\/\/ajeandalucia.org\/jaen\/asociado\/imancorp-foundation\/","title":{"rendered":"IMANcorp Foundation"},"content":{"rendered":"<p><span style=\"color: #000000\">IMANcorp FOUNDATION\u00a0, fundaci\u00f3n del\u00a0GRUPO IMAN, es una entidad privada sin \u00e1nimo de lucro que empieza su actividad en 2016, con la finalidad de impulsar la innovaci\u00f3n y\u00a0el talento inclusivo y fomentar la cultura del estudio y el trabajo. \u00a0<\/span><\/p>\n<p><!--more--><\/p>\n<p><span style=\"color: #000000\">Trabajan comprometidos con el entorno econ\u00f3mico y social actual, siempre en constante movimiento, con transparencia, veracidad y buen gobierno conectando las mejores sinergias entre emprendedores, talento y empresas.<\/span><\/p>\n<p><span style=\"color: #000000\">Promueven acciones focalizadas en hacer crecer el tejido empresarial apoyando aquellos proyectos e iniciativas tecnol\u00f3gicas en el \u00e1mbito de la ciberseguridad, blockchain, IoT\u2026 que puedan suponer siempre una mejora en el \u00e1mbito empresarial. Inverten en Start-Ups y quieren trabajar de cerca con los emprendedores destinando recursos a proyectos de I+D ya que est\u00e1n convencidos que sin innovaci\u00f3n, en el sentido m\u00e1s amplio de la palabra, no hay progreso.<\/span><\/p>\n<p><span style=\"color: #000000\">Del mismo modo, pretenden\u00a0 favorecer el talento y liderazgo inclusivo y apostar de manera firme y decidida por la inclusi\u00f3n sociolaboral de personas con discapacidad o en riesgo de exclusi\u00f3n social a trav\u00e9s de sus programas de sensibilizaci\u00f3n sobre la discapacidad.<\/span><\/p>\n<p><span style=\"color: #000000\">\u00a0<\/span><\/p>\n<p><span style=\"color: #000000\">El Valor m\u00e1s importante para las empresas son las personas, y es por ello que trabajan cerca de Empresas IMAN para ayudar tambi\u00e9n a conectar el mejor talento con las mejores oportunidades.<\/span><\/p>\n<p><em>\u00a0<\/em><\/p>\n<p><span style=\"color: #000000\">Pueden conocer m\u00e1s en la web\u00a0<\/span><em><a href=\"http:\/\/www.imancorpfoundation.org\">www.imancorpfoundation.org<\/a><\/em><\/p>\n<p><em>\u00a0<\/em><\/p>\n<p><span style=\"color: #000000\">As\u00ed mismo <strong>GRUPO IMAN<\/strong>, tiene diferentes l\u00edneas de negocio como son <strong>RRHH<\/strong> (Trabajo Temporal, selecci\u00f3n, formaci\u00f3n), <strong>PLANES DE IGUALDAD, FACILITY SERVICES<\/strong> (servicios integrados de seguridad, limpieza, auxiliares, mantenimiento y Centro Especial de Empleo), <strong>OUTSOURCING<\/strong> (log\u00edstica, manipulados, muros de calidad, gesti\u00f3n de flotas, hosteler\u00eda, y cualquier servicio externalizabale por parte de la empresa).<\/span><\/p>\n","protected":false},"featured_media":7767,"parent":0,"template":"","meta":{"_acf_changed":false,"site-sidebar-layout":"default","site-content-layout":"","ast-site-content-layout":"default","site-content-style":"default","site-sidebar-style":"default","ast-global-header-display":"","ast-banner-title-visibility":"","ast-main-header-display":"","ast-hfb-above-header-display":"","ast-hfb-below-header-display":"","ast-hfb-mobile-header-display":"","site-post-title":"","ast-breadcrumbs-content":"","ast-featured-img":"","footer-sml-layout":"","ast-disable-related-posts":"","theme-transparent-header-meta":"default","adv-header-id-meta":"","stick-header-meta":"","header-above-stick-meta":"","header-main-stick-meta":"","header-below-stick-meta":"","astra-migrate-meta-layouts":"set","ast-page-background-enabled":"default","ast-page-background-meta":{"desktop":{"background-color":"var(--ast-global-color-5)","background-image":"","background-repeat":"repeat","background-position":"center center","background-size":"auto","background-attachment":"scroll","background-type":"","background-media":"","overlay-type":"","overlay-color":"","overlay-opacity":"","overlay-gradient":""},"tablet":{"background-color":"","background-image":"","background-repeat":"repeat","background-position":"center center","background-size":"auto","background-attachment":"scroll","background-type":"","background-media":"","overlay-type":"","overlay-color":"","overlay-opacity":"","overlay-gradient":""},"mobile":{"background-color":"","background-image":"","background-repeat":"repeat","background-position":"center center","background-size":"auto","background-attachment":"scroll","background-type":"","background-media":"","overlay-type":"","overlay-color":"","overlay-opacity":"","overlay-gradient":""}},"ast-content-background-meta":{"desktop":{"background-color":"var(--ast-global-color-4)","background-image":"","background-repeat":"repeat","background-position":"center center","background-size":"auto","background-attachment":"scroll","background-type":"","background-media":"","overlay-type":"","overlay-color":"","overlay-opacity":"","overlay-gradient":""},"tablet":{"background-color":"var(--ast-global-color-4)","background-image":"","background-repeat":"repeat","background-position":"center center","background-size":"auto","background-attachment":"scroll","background-type":"","background-media":"","overlay-type":"","overlay-color":"","overlay-opacity":"","overlay-gradient":""},"mobile":{"background-color":"var(--ast-global-color-4)","background-image":"","background-repeat":"repeat","background-position":"center center","background-size":"auto","background-attachment":"scroll","background-type":"","background-media":"","overlay-type":"","overlay-color":"","overlay-opacity":"","overlay-gradient":""}}},"categoria-asociado":[443],"class_list":["post-12555","asociado","type-asociado","status-publish","has-post-thumbnail","hentry","categoria-asociado-servicios"],"acf":[],"yoast_head":"<!-- This site is optimized with the Yoast SEO plugin v26.9 - https:\/\/yoast.com\/product\/yoast-seo-wordpress\/ -->\n<title>IMANcorp Foundation - AJE Ja\u00e9n<\/title>\n<meta name=\"robots\" content=\"index, follow, max-snippet:-1, max-image-preview:large, max-video-preview:-1\" \/>\n<link rel=\"canonical\" href=\"https:\/\/ajeandalucia.org\/jaen\/asociado\/imancorp-foundation\/\" \/>\n<meta property=\"og:locale\" content=\"es_ES\" \/>\n<meta property=\"og:type\" content=\"article\" \/>\n<meta property=\"og:title\" content=\"IMANcorp Foundation - AJE Ja\u00e9n\" \/>\n<meta property=\"og:description\" content=\"IMANcorp FOUNDATION\u00a0, fundaci\u00f3n del\u00a0GRUPO IMAN, es una entidad privada sin \u00e1nimo de lucro que empieza su actividad en 2016, con [&hellip;]\" \/>\n<meta property=\"og:url\" content=\"https:\/\/ajeandalucia.org\/jaen\/asociado\/imancorp-foundation\/\" \/>\n<meta property=\"og:site_name\" content=\"AJE Ja\u00e9n\" \/>\n<meta property=\"article:modified_time\" content=\"2026-02-05T12:28:30+00:00\" \/>\n<meta property=\"og:image\" content=\"http:\/\/ajeandalucia.org\/jaen\/wp-content\/uploads\/sites\/9\/2022\/02\/Logo-Iman_web.png\" \/>\n\t<meta property=\"og:image:width\" content=\"300\" \/>\n\t<meta property=\"og:image:height\" content=\"300\" \/>\n\t<meta property=\"og:image:type\" content=\"image\/png\" \/>\n<meta name=\"twitter:card\" content=\"summary_large_image\" \/>\n<meta name=\"twitter:label1\" content=\"Tiempo de lectura\" \/>\n\t<meta name=\"twitter:data1\" content=\"2 minutos\" \/>\n<script type=\"application\/ld+json\" class=\"yoast-schema-graph\">{\"@context\":\"https:\/\/schema.org\",\"@graph\":[{\"@type\":\"WebPage\",\"@id\":\"https:\/\/ajeandalucia.org\/jaen\/asociado\/imancorp-foundation\/\",\"url\":\"https:\/\/ajeandalucia.org\/jaen\/asociado\/imancorp-foundation\/\",\"name\":\"IMANcorp Foundation - AJE Ja\u00e9n\",\"isPartOf\":{\"@id\":\"https:\/\/ajeandalucia.org\/jaen\/#website\"},\"primaryImageOfPage\":{\"@id\":\"https:\/\/ajeandalucia.org\/jaen\/asociado\/imancorp-foundation\/#primaryimage\"},\"image\":{\"@id\":\"https:\/\/ajeandalucia.org\/jaen\/asociado\/imancorp-foundation\/#primaryimage\"},\"thumbnailUrl\":\"https:\/\/ajeandalucia.org\/jaen\/wp-content\/uploads\/sites\/9\/2022\/02\/Logo-Iman_web.png\",\"datePublished\":\"2025-05-07T16:26:33+00:00\",\"dateModified\":\"2026-02-05T12:28:30+00:00\",\"breadcrumb\":{\"@id\":\"https:\/\/ajeandalucia.org\/jaen\/asociado\/imancorp-foundation\/#breadcrumb\"},\"inLanguage\":\"es\",\"potentialAction\":[{\"@type\":\"ReadAction\",\"target\":[\"https:\/\/ajeandalucia.org\/jaen\/asociado\/imancorp-foundation\/\"]}]},{\"@type\":\"ImageObject\",\"inLanguage\":\"es\",\"@id\":\"https:\/\/ajeandalucia.org\/jaen\/asociado\/imancorp-foundation\/#primaryimage\",\"url\":\"https:\/\/ajeandalucia.org\/jaen\/wp-content\/uploads\/sites\/9\/2022\/02\/Logo-Iman_web.png\",\"contentUrl\":\"https:\/\/ajeandalucia.org\/jaen\/wp-content\/uploads\/sites\/9\/2022\/02\/Logo-Iman_web.png\",\"width\":300,\"height\":300},{\"@type\":\"BreadcrumbList\",\"@id\":\"https:\/\/ajeandalucia.org\/jaen\/asociado\/imancorp-foundation\/#breadcrumb\",\"itemListElement\":[{\"@type\":\"ListItem\",\"position\":1,\"name\":\"Portada\",\"item\":\"https:\/\/ajeandalucia.org\/jaen\/\"},{\"@type\":\"ListItem\",\"position\":2,\"name\":\"IMANcorp Foundation\"}]},{\"@type\":\"WebSite\",\"@id\":\"https:\/\/ajeandalucia.org\/jaen\/#website\",\"url\":\"https:\/\/ajeandalucia.org\/jaen\/\",\"name\":\"AJE Ja\u00e9n\",\"description\":\"Otro sitio m\u00e1s de AJE Andaluc\u00eda\",\"publisher\":{\"@id\":\"https:\/\/ajeandalucia.org\/jaen\/#organization\"},\"potentialAction\":[{\"@type\":\"SearchAction\",\"target\":{\"@type\":\"EntryPoint\",\"urlTemplate\":\"https:\/\/ajeandalucia.org\/jaen\/?s={search_term_string}\"},\"query-input\":{\"@type\":\"PropertyValueSpecification\",\"valueRequired\":true,\"valueName\":\"search_term_string\"}}],\"inLanguage\":\"es\"},{\"@type\":\"Organization\",\"@id\":\"https:\/\/ajeandalucia.org\/jaen\/#organization\",\"name\":\"AJE Ja\u00e9n\",\"url\":\"https:\/\/ajeandalucia.org\/jaen\/\",\"logo\":{\"@type\":\"ImageObject\",\"inLanguage\":\"es\",\"@id\":\"https:\/\/ajeandalucia.org\/jaen\/#\/schema\/logo\/image\/\",\"url\":\"https:\/\/ajeandalucia.org\/jaen\/wp-content\/uploads\/sites\/9\/2025\/01\/logotipo-aje-andalucia-jovenes-empresarios-1.png\",\"contentUrl\":\"https:\/\/ajeandalucia.org\/jaen\/wp-content\/uploads\/sites\/9\/2025\/01\/logotipo-aje-andalucia-jovenes-empresarios-1.png\",\"width\":1129,\"height\":207,\"caption\":\"AJE Ja\u00e9n\"},\"image\":{\"@id\":\"https:\/\/ajeandalucia.org\/jaen\/#\/schema\/logo\/image\/\"}}]}<\/script>\n<!-- \/ Yoast SEO plugin. -->","yoast_head_json":{"title":"IMANcorp Foundation - AJE Ja\u00e9n","robots":{"index":"index","follow":"follow","max-snippet":"max-snippet:-1","max-image-preview":"max-image-preview:large","max-video-preview":"max-video-preview:-1"},"canonical":"https:\/\/ajeandalucia.org\/jaen\/asociado\/imancorp-foundation\/","og_locale":"es_ES","og_type":"article","og_title":"IMANcorp Foundation - AJE Ja\u00e9n","og_description":"IMANcorp FOUNDATION\u00a0, fundaci\u00f3n del\u00a0GRUPO IMAN, es una entidad privada sin \u00e1nimo de lucro que empieza su actividad en 2016, con [&hellip;]","og_url":"https:\/\/ajeandalucia.org\/jaen\/asociado\/imancorp-foundation\/","og_site_name":"AJE Ja\u00e9n","article_modified_time":"2026-02-05T12:28:30+00:00","og_image":[{"width":300,"height":300,"url":"http:\/\/ajeandalucia.org\/jaen\/wp-content\/uploads\/sites\/9\/2022\/02\/Logo-Iman_web.png","type":"image\/png"}],"twitter_card":"summary_large_image","twitter_misc":{"Tiempo de lectura":"2 minutos"},"schema":{"@context":"https:\/\/schema.org","@graph":[{"@type":"WebPage","@id":"https:\/\/ajeandalucia.org\/jaen\/asociado\/imancorp-foundation\/","url":"https:\/\/ajeandalucia.org\/jaen\/asociado\/imancorp-foundation\/","name":"IMANcorp Foundation - AJE Ja\u00e9n","isPartOf":{"@id":"https:\/\/ajeandalucia.org\/jaen\/#website"},"primaryImageOfPage":{"@id":"https:\/\/ajeandalucia.org\/jaen\/asociado\/imancorp-foundation\/#primaryimage"},"image":{"@id":"https:\/\/ajeandalucia.org\/jaen\/asociado\/imancorp-foundation\/#primaryimage"},"thumbnailUrl":"https:\/\/ajeandalucia.org\/jaen\/wp-content\/uploads\/sites\/9\/2022\/02\/Logo-Iman_web.png","datePublished":"2025-05-07T16:26:33+00:00","dateModified":"2026-02-05T12:28:30+00:00","breadcrumb":{"@id":"https:\/\/ajeandalucia.org\/jaen\/asociado\/imancorp-foundation\/#breadcrumb"},"inLanguage":"es","potentialAction":[{"@type":"ReadAction","target":["https:\/\/ajeandalucia.org\/jaen\/asociado\/imancorp-foundation\/"]}]},{"@type":"ImageObject","inLanguage":"es","@id":"https:\/\/ajeandalucia.org\/jaen\/asociado\/imancorp-foundation\/#primaryimage","url":"https:\/\/ajeandalucia.org\/jaen\/wp-content\/uploads\/sites\/9\/2022\/02\/Logo-Iman_web.png","contentUrl":"https:\/\/ajeandalucia.org\/jaen\/wp-content\/uploads\/sites\/9\/2022\/02\/Logo-Iman_web.png","width":300,"height":300},{"@type":"BreadcrumbList","@id":"https:\/\/ajeandalucia.org\/jaen\/asociado\/imancorp-foundation\/#breadcrumb","itemListElement":[{"@type":"ListItem","position":1,"name":"Portada","item":"https:\/\/ajeandalucia.org\/jaen\/"},{"@type":"ListItem","position":2,"name":"IMANcorp Foundation"}]},{"@type":"WebSite","@id":"https:\/\/ajeandalucia.org\/jaen\/#website","url":"https:\/\/ajeandalucia.org\/jaen\/","name":"AJE Ja\u00e9n","description":"Otro sitio m\u00e1s de AJE Andaluc\u00eda","publisher":{"@id":"https:\/\/ajeandalucia.org\/jaen\/#organization"},"potentialAction":[{"@type":"SearchAction","target":{"@type":"EntryPoint","urlTemplate":"https:\/\/ajeandalucia.org\/jaen\/?s={search_term_string}"},"query-input":{"@type":"PropertyValueSpecification","valueRequired":true,"valueName":"search_term_string"}}],"inLanguage":"es"},{"@type":"Organization","@id":"https:\/\/ajeandalucia.org\/jaen\/#organization","name":"AJE Ja\u00e9n","url":"https:\/\/ajeandalucia.org\/jaen\/","logo":{"@type":"ImageObject","inLanguage":"es","@id":"https:\/\/ajeandalucia.org\/jaen\/#\/schema\/logo\/image\/","url":"https:\/\/ajeandalucia.org\/jaen\/wp-content\/uploads\/sites\/9\/2025\/01\/logotipo-aje-andalucia-jovenes-empresarios-1.png","contentUrl":"https:\/\/ajeandalucia.org\/jaen\/wp-content\/uploads\/sites\/9\/2025\/01\/logotipo-aje-andalucia-jovenes-empresarios-1.png","width":1129,"height":207,"caption":"AJE Ja\u00e9n"},"image":{"@id":"https:\/\/ajeandalucia.org\/jaen\/#\/schema\/logo\/image\/"}}]}},"_links":{"self":[{"href":"https:\/\/ajeandalucia.org\/jaen\/wp-json\/wp\/v2\/asociado\/12555","targetHints":{"allow":["GET"]}}],"collection":[{"href":"https:\/\/ajeandalucia.org\/jaen\/wp-json\/wp\/v2\/asociado"}],"about":[{"href":"https:\/\/ajeandalucia.org\/jaen\/wp-json\/wp\/v2\/types\/asociado"}],"wp:featuredmedia":[{"embeddable":true,"href":"https:\/\/ajeandalucia.org\/jaen\/wp-json\/wp\/v2\/media\/7767"}],"wp:attachment":[{"href":"https:\/\/ajeandalucia.org\/jaen\/wp-json\/wp\/v2\/media?parent=12555"}],"wp:term":[{"taxonomy":"categoria-asociado","embeddable":true,"href":"https:\/\/ajeandalucia.org\/jaen\/wp-json\/wp\/v2\/categoria-asociado?post=12555"}],"curies":[{"name":"wp","href":"https:\/\/api.w.org\/{rel}","templated":true}]}}