{"id":12569,"date":"2025-05-05T11:00:59","date_gmt":"2025-05-05T09:00:59","guid":{"rendered":"https:\/\/ajeandalucia.org\/jaen\/?post_type=asociado&#038;p=12569"},"modified":"2026-02-05T13:28:57","modified_gmt":"2026-02-05T12:28:57","slug":"isabel-cruz-medicina-estetica","status":"publish","type":"asociado","link":"https:\/\/ajeandalucia.org\/jaen\/asociado\/isabel-cruz-medicina-estetica\/","title":{"rendered":"Isabel Cruz Medicina Est\u00e9tica"},"content":{"rendered":"<p>Isabel Cruz es una\u00a0<b>jiennense<\/b>\u00a0dedicada con\u00a0<b>pasi\u00f3n<\/b>\u00a0a la\u00a0<strong>Medicina Est\u00e9tica<\/strong>.<\/p>\n<p>La Cl\u00ednica\u00a0<b>Dra. Isabel Cruz<\/b>\u00a0nace en Ja\u00e9n como resultado de la inquietud de un\u00a0<b>equipo humano<\/b>\u00a0de profesionales que tienen en com\u00fan la pasi\u00f3n por el ejercicio de una Medicina Est\u00e9tica\u00a0<b>Integrativa<\/b>.<\/p>\n<p>La excelencia, el respeto a las preferencias y morfolog\u00eda de cada paciente y la\u00a0<b>responsabilidad<\/b>\u00a0en la ejecuci\u00f3n son nuestros valores principales.<\/p>\n<p><em>&#8220;No buscamos transformar a la persona, respetamos la naturalidad y queremos que nuestros pacientes brillen por su esencia.&#8221;<\/em><\/p>\n<p>Apuestan por ofrecer tratamientos de\u00a0<b>vanguardia sin cirug\u00eda<\/b>, y para ello est\u00e1 en su filosof\u00eda de trabajo la\u00a0<b>formaci\u00f3n<\/b>\u00a0continua utilizando t\u00e9cnicas, aparatolog\u00eda y materiales respaldados cient\u00edficamente, que aportan\u00a0<b>seriedad<\/b>\u00a0a sus tratamientos y con ello la\u00a0<b>tranquilidad<\/b>\u00a0a sus pacientes.<\/p>\n","protected":false},"featured_media":12841,"parent":0,"template":"","meta":{"_acf_changed":false,"site-sidebar-layout":"default","site-content-layout":"","ast-site-content-layout":"default","site-content-style":"default","site-sidebar-style":"default","ast-global-header-display":"","ast-banner-title-visibility":"","ast-main-header-display":"","ast-hfb-above-header-display":"","ast-hfb-below-header-display":"","ast-hfb-mobile-header-display":"","site-post-title":"","ast-breadcrumbs-content":"","ast-featured-img":"","footer-sml-layout":"","ast-disable-related-posts":"","theme-transparent-header-meta":"default","adv-header-id-meta":"","stick-header-meta":"","header-above-stick-meta":"","header-main-stick-meta":"","header-below-stick-meta":"","astra-migrate-meta-layouts":"set","ast-page-background-enabled":"default","ast-page-background-meta":{"desktop":{"background-color":"var(--ast-global-color-5)","background-image":"","background-repeat":"repeat","background-position":"center center","background-size":"auto","background-attachment":"scroll","background-type":"","background-media":"","overlay-type":"","overlay-color":"","overlay-opacity":"","overlay-gradient":""},"tablet":{"background-color":"","background-image":"","background-repeat":"repeat","background-position":"center center","background-size":"auto","background-attachment":"scroll","background-type":"","background-media":"","overlay-type":"","overlay-color":"","overlay-opacity":"","overlay-gradient":""},"mobile":{"background-color":"","background-image":"","background-repeat":"repeat","background-position":"center center","background-size":"auto","background-attachment":"scroll","background-type":"","background-media":"","overlay-type":"","overlay-color":"","overlay-opacity":"","overlay-gradient":""}},"ast-content-background-meta":{"desktop":{"background-color":"var(--ast-global-color-4)","background-image":"","background-repeat":"repeat","background-position":"center center","background-size":"auto","background-attachment":"scroll","background-type":"","background-media":"","overlay-type":"","overlay-color":"","overlay-opacity":"","overlay-gradient":""},"tablet":{"background-color":"var(--ast-global-color-4)","background-image":"","background-repeat":"repeat","background-position":"center center","background-size":"auto","background-attachment":"scroll","background-type":"","background-media":"","overlay-type":"","overlay-color":"","overlay-opacity":"","overlay-gradient":""},"mobile":{"background-color":"var(--ast-global-color-4)","background-image":"","background-repeat":"repeat","background-position":"center center","background-size":"auto","background-attachment":"scroll","background-type":"","background-media":"","overlay-type":"","overlay-color":"","overlay-opacity":"","overlay-gradient":""}}},"categoria-asociado":[445],"class_list":["post-12569","asociado","type-asociado","status-publish","has-post-thumbnail","hentry","categoria-asociado-salud-y-bienestar"],"acf":[],"yoast_head":"<!-- This site is optimized with the Yoast SEO plugin v26.9 - https:\/\/yoast.com\/product\/yoast-seo-wordpress\/ -->\n<title>Cl\u00ednica Dra. Isabel Cruz - Medicina Est\u00e9tica Integrativa en Ja\u00e9n<\/title>\n<meta name=\"description\" content=\"La Cl\u00ednica Dra. Isabel Cruz en Ja\u00e9n ofrece tratamientos de vanguardia en medicina est\u00e9tica integrativa. Excelencia, respeto a la naturalidad y responsabilidad son nuestros valores principales. Descubre nuestros tratamientos sin cirug\u00eda respaldados cient\u00edficamente.\" \/>\n<meta name=\"robots\" content=\"index, follow, max-snippet:-1, max-image-preview:large, max-video-preview:-1\" \/>\n<link rel=\"canonical\" href=\"https:\/\/ajeandalucia.org\/jaen\/asociado\/isabel-cruz-medicina-estetica\/\" \/>\n<meta property=\"og:locale\" content=\"es_ES\" \/>\n<meta property=\"og:type\" content=\"article\" \/>\n<meta property=\"og:title\" content=\"Cl\u00ednica Dra. Isabel Cruz - Medicina Est\u00e9tica Integrativa en Ja\u00e9n\" \/>\n<meta property=\"og:description\" content=\"La Cl\u00ednica Dra. Isabel Cruz en Ja\u00e9n ofrece tratamientos de vanguardia en medicina est\u00e9tica integrativa. Excelencia, respeto a la naturalidad y responsabilidad son nuestros valores principales. Descubre nuestros tratamientos sin cirug\u00eda respaldados cient\u00edficamente.\" \/>\n<meta property=\"og:url\" content=\"https:\/\/ajeandalucia.org\/jaen\/asociado\/isabel-cruz-medicina-estetica\/\" \/>\n<meta property=\"og:site_name\" content=\"AJE Ja\u00e9n\" \/>\n<meta property=\"article:modified_time\" content=\"2026-02-05T12:28:57+00:00\" \/>\n<meta property=\"og:image\" content=\"http:\/\/ajeandalucia.org\/jaen\/wp-content\/uploads\/sites\/9\/2025\/04\/logo-isabel-cruz-1.png\" \/>\n\t<meta property=\"og:image:width\" content=\"251\" \/>\n\t<meta property=\"og:image:height\" content=\"200\" \/>\n\t<meta property=\"og:image:type\" content=\"image\/png\" \/>\n<meta name=\"twitter:card\" content=\"summary_large_image\" \/>\n<meta name=\"twitter:label1\" content=\"Tiempo de lectura\" \/>\n\t<meta name=\"twitter:data1\" content=\"1 minuto\" \/>\n<script type=\"application\/ld+json\" class=\"yoast-schema-graph\">{\"@context\":\"https:\/\/schema.org\",\"@graph\":[{\"@type\":\"WebPage\",\"@id\":\"https:\/\/ajeandalucia.org\/jaen\/asociado\/isabel-cruz-medicina-estetica\/\",\"url\":\"https:\/\/ajeandalucia.org\/jaen\/asociado\/isabel-cruz-medicina-estetica\/\",\"name\":\"Cl\u00ednica Dra. Isabel Cruz - Medicina Est\u00e9tica Integrativa en Ja\u00e9n\",\"isPartOf\":{\"@id\":\"https:\/\/ajeandalucia.org\/jaen\/#website\"},\"primaryImageOfPage\":{\"@id\":\"https:\/\/ajeandalucia.org\/jaen\/asociado\/isabel-cruz-medicina-estetica\/#primaryimage\"},\"image\":{\"@id\":\"https:\/\/ajeandalucia.org\/jaen\/asociado\/isabel-cruz-medicina-estetica\/#primaryimage\"},\"thumbnailUrl\":\"https:\/\/ajeandalucia.org\/jaen\/wp-content\/uploads\/sites\/9\/2025\/04\/logo-isabel-cruz-1.png\",\"datePublished\":\"2025-05-05T09:00:59+00:00\",\"dateModified\":\"2026-02-05T12:28:57+00:00\",\"description\":\"La Cl\u00ednica Dra. Isabel Cruz en Ja\u00e9n ofrece tratamientos de vanguardia en medicina est\u00e9tica integrativa. Excelencia, respeto a la naturalidad y responsabilidad son nuestros valores principales. Descubre nuestros tratamientos sin cirug\u00eda respaldados cient\u00edficamente.\",\"breadcrumb\":{\"@id\":\"https:\/\/ajeandalucia.org\/jaen\/asociado\/isabel-cruz-medicina-estetica\/#breadcrumb\"},\"inLanguage\":\"es\",\"potentialAction\":[{\"@type\":\"ReadAction\",\"target\":[\"https:\/\/ajeandalucia.org\/jaen\/asociado\/isabel-cruz-medicina-estetica\/\"]}]},{\"@type\":\"ImageObject\",\"inLanguage\":\"es\",\"@id\":\"https:\/\/ajeandalucia.org\/jaen\/asociado\/isabel-cruz-medicina-estetica\/#primaryimage\",\"url\":\"https:\/\/ajeandalucia.org\/jaen\/wp-content\/uploads\/sites\/9\/2025\/04\/logo-isabel-cruz-1.png\",\"contentUrl\":\"https:\/\/ajeandalucia.org\/jaen\/wp-content\/uploads\/sites\/9\/2025\/04\/logo-isabel-cruz-1.png\",\"width\":251,\"height\":200},{\"@type\":\"BreadcrumbList\",\"@id\":\"https:\/\/ajeandalucia.org\/jaen\/asociado\/isabel-cruz-medicina-estetica\/#breadcrumb\",\"itemListElement\":[{\"@type\":\"ListItem\",\"position\":1,\"name\":\"Portada\",\"item\":\"https:\/\/ajeandalucia.org\/jaen\/\"},{\"@type\":\"ListItem\",\"position\":2,\"name\":\"Isabel Cruz Medicina Est\u00e9tica\"}]},{\"@type\":\"WebSite\",\"@id\":\"https:\/\/ajeandalucia.org\/jaen\/#website\",\"url\":\"https:\/\/ajeandalucia.org\/jaen\/\",\"name\":\"AJE Ja\u00e9n\",\"description\":\"Otro sitio m\u00e1s de AJE Andaluc\u00eda\",\"publisher\":{\"@id\":\"https:\/\/ajeandalucia.org\/jaen\/#organization\"},\"potentialAction\":[{\"@type\":\"SearchAction\",\"target\":{\"@type\":\"EntryPoint\",\"urlTemplate\":\"https:\/\/ajeandalucia.org\/jaen\/?s={search_term_string}\"},\"query-input\":{\"@type\":\"PropertyValueSpecification\",\"valueRequired\":true,\"valueName\":\"search_term_string\"}}],\"inLanguage\":\"es\"},{\"@type\":\"Organization\",\"@id\":\"https:\/\/ajeandalucia.org\/jaen\/#organization\",\"name\":\"AJE Ja\u00e9n\",\"url\":\"https:\/\/ajeandalucia.org\/jaen\/\",\"logo\":{\"@type\":\"ImageObject\",\"inLanguage\":\"es\",\"@id\":\"https:\/\/ajeandalucia.org\/jaen\/#\/schema\/logo\/image\/\",\"url\":\"https:\/\/ajeandalucia.org\/jaen\/wp-content\/uploads\/sites\/9\/2025\/01\/logotipo-aje-andalucia-jovenes-empresarios-1.png\",\"contentUrl\":\"https:\/\/ajeandalucia.org\/jaen\/wp-content\/uploads\/sites\/9\/2025\/01\/logotipo-aje-andalucia-jovenes-empresarios-1.png\",\"width\":1129,\"height\":207,\"caption\":\"AJE Ja\u00e9n\"},\"image\":{\"@id\":\"https:\/\/ajeandalucia.org\/jaen\/#\/schema\/logo\/image\/\"}}]}<\/script>\n<!-- \/ Yoast SEO plugin. -->","yoast_head_json":{"title":"Cl\u00ednica Dra. Isabel Cruz - Medicina Est\u00e9tica Integrativa en Ja\u00e9n","description":"La Cl\u00ednica Dra. Isabel Cruz en Ja\u00e9n ofrece tratamientos de vanguardia en medicina est\u00e9tica integrativa. Excelencia, respeto a la naturalidad y responsabilidad son nuestros valores principales. Descubre nuestros tratamientos sin cirug\u00eda respaldados cient\u00edficamente.","robots":{"index":"index","follow":"follow","max-snippet":"max-snippet:-1","max-image-preview":"max-image-preview:large","max-video-preview":"max-video-preview:-1"},"canonical":"https:\/\/ajeandalucia.org\/jaen\/asociado\/isabel-cruz-medicina-estetica\/","og_locale":"es_ES","og_type":"article","og_title":"Cl\u00ednica Dra. Isabel Cruz - Medicina Est\u00e9tica Integrativa en Ja\u00e9n","og_description":"La Cl\u00ednica Dra. Isabel Cruz en Ja\u00e9n ofrece tratamientos de vanguardia en medicina est\u00e9tica integrativa. Excelencia, respeto a la naturalidad y responsabilidad son nuestros valores principales. Descubre nuestros tratamientos sin cirug\u00eda respaldados cient\u00edficamente.","og_url":"https:\/\/ajeandalucia.org\/jaen\/asociado\/isabel-cruz-medicina-estetica\/","og_site_name":"AJE Ja\u00e9n","article_modified_time":"2026-02-05T12:28:57+00:00","og_image":[{"width":251,"height":200,"url":"http:\/\/ajeandalucia.org\/jaen\/wp-content\/uploads\/sites\/9\/2025\/04\/logo-isabel-cruz-1.png","type":"image\/png"}],"twitter_card":"summary_large_image","twitter_misc":{"Tiempo de lectura":"1 minuto"},"schema":{"@context":"https:\/\/schema.org","@graph":[{"@type":"WebPage","@id":"https:\/\/ajeandalucia.org\/jaen\/asociado\/isabel-cruz-medicina-estetica\/","url":"https:\/\/ajeandalucia.org\/jaen\/asociado\/isabel-cruz-medicina-estetica\/","name":"Cl\u00ednica Dra. Isabel Cruz - Medicina Est\u00e9tica Integrativa en Ja\u00e9n","isPartOf":{"@id":"https:\/\/ajeandalucia.org\/jaen\/#website"},"primaryImageOfPage":{"@id":"https:\/\/ajeandalucia.org\/jaen\/asociado\/isabel-cruz-medicina-estetica\/#primaryimage"},"image":{"@id":"https:\/\/ajeandalucia.org\/jaen\/asociado\/isabel-cruz-medicina-estetica\/#primaryimage"},"thumbnailUrl":"https:\/\/ajeandalucia.org\/jaen\/wp-content\/uploads\/sites\/9\/2025\/04\/logo-isabel-cruz-1.png","datePublished":"2025-05-05T09:00:59+00:00","dateModified":"2026-02-05T12:28:57+00:00","description":"La Cl\u00ednica Dra. Isabel Cruz en Ja\u00e9n ofrece tratamientos de vanguardia en medicina est\u00e9tica integrativa. Excelencia, respeto a la naturalidad y responsabilidad son nuestros valores principales. Descubre nuestros tratamientos sin cirug\u00eda respaldados cient\u00edficamente.","breadcrumb":{"@id":"https:\/\/ajeandalucia.org\/jaen\/asociado\/isabel-cruz-medicina-estetica\/#breadcrumb"},"inLanguage":"es","potentialAction":[{"@type":"ReadAction","target":["https:\/\/ajeandalucia.org\/jaen\/asociado\/isabel-cruz-medicina-estetica\/"]}]},{"@type":"ImageObject","inLanguage":"es","@id":"https:\/\/ajeandalucia.org\/jaen\/asociado\/isabel-cruz-medicina-estetica\/#primaryimage","url":"https:\/\/ajeandalucia.org\/jaen\/wp-content\/uploads\/sites\/9\/2025\/04\/logo-isabel-cruz-1.png","contentUrl":"https:\/\/ajeandalucia.org\/jaen\/wp-content\/uploads\/sites\/9\/2025\/04\/logo-isabel-cruz-1.png","width":251,"height":200},{"@type":"BreadcrumbList","@id":"https:\/\/ajeandalucia.org\/jaen\/asociado\/isabel-cruz-medicina-estetica\/#breadcrumb","itemListElement":[{"@type":"ListItem","position":1,"name":"Portada","item":"https:\/\/ajeandalucia.org\/jaen\/"},{"@type":"ListItem","position":2,"name":"Isabel Cruz Medicina Est\u00e9tica"}]},{"@type":"WebSite","@id":"https:\/\/ajeandalucia.org\/jaen\/#website","url":"https:\/\/ajeandalucia.org\/jaen\/","name":"AJE Ja\u00e9n","description":"Otro sitio m\u00e1s de AJE Andaluc\u00eda","publisher":{"@id":"https:\/\/ajeandalucia.org\/jaen\/#organization"},"potentialAction":[{"@type":"SearchAction","target":{"@type":"EntryPoint","urlTemplate":"https:\/\/ajeandalucia.org\/jaen\/?s={search_term_string}"},"query-input":{"@type":"PropertyValueSpecification","valueRequired":true,"valueName":"search_term_string"}}],"inLanguage":"es"},{"@type":"Organization","@id":"https:\/\/ajeandalucia.org\/jaen\/#organization","name":"AJE Ja\u00e9n","url":"https:\/\/ajeandalucia.org\/jaen\/","logo":{"@type":"ImageObject","inLanguage":"es","@id":"https:\/\/ajeandalucia.org\/jaen\/#\/schema\/logo\/image\/","url":"https:\/\/ajeandalucia.org\/jaen\/wp-content\/uploads\/sites\/9\/2025\/01\/logotipo-aje-andalucia-jovenes-empresarios-1.png","contentUrl":"https:\/\/ajeandalucia.org\/jaen\/wp-content\/uploads\/sites\/9\/2025\/01\/logotipo-aje-andalucia-jovenes-empresarios-1.png","width":1129,"height":207,"caption":"AJE Ja\u00e9n"},"image":{"@id":"https:\/\/ajeandalucia.org\/jaen\/#\/schema\/logo\/image\/"}}]}},"_links":{"self":[{"href":"https:\/\/ajeandalucia.org\/jaen\/wp-json\/wp\/v2\/asociado\/12569","targetHints":{"allow":["GET"]}}],"collection":[{"href":"https:\/\/ajeandalucia.org\/jaen\/wp-json\/wp\/v2\/asociado"}],"about":[{"href":"https:\/\/ajeandalucia.org\/jaen\/wp-json\/wp\/v2\/types\/asociado"}],"wp:featuredmedia":[{"embeddable":true,"href":"https:\/\/ajeandalucia.org\/jaen\/wp-json\/wp\/v2\/media\/12841"}],"wp:attachment":[{"href":"https:\/\/ajeandalucia.org\/jaen\/wp-json\/wp\/v2\/media?parent=12569"}],"wp:term":[{"taxonomy":"categoria-asociado","embeddable":true,"href":"https:\/\/ajeandalucia.org\/jaen\/wp-json\/wp\/v2\/categoria-asociado?post=12569"}],"curies":[{"name":"wp","href":"https:\/\/api.w.org\/{rel}","templated":true}]}}