{"id":12634,"date":"2025-05-07T14:31:07","date_gmt":"2025-05-07T12:31:07","guid":{"rendered":"https:\/\/ajeandalucia.org\/jaen\/?post_type=asociado&#038;p=12634"},"modified":"2026-02-05T13:35:17","modified_gmt":"2026-02-05T12:35:17","slug":"mlc-carburantes","status":"publish","type":"asociado","link":"https:\/\/ajeandalucia.org\/jaen\/asociado\/mlc-carburantes\/","title":{"rendered":"MLC Carburantes"},"content":{"rendered":"<p><em>Empresa comercializadora de energ\u00eda el\u00e9ctrica, gas natural y desarrollo de proyectos de fotovoltaica.<\/em><\/p>\n<section class=\"elementor-section elementor-top-section elementor-element elementor-element-e451d10 elementor-section-boxed elementor-section-height-default elementor-section-height-default\">\n<div class=\"elementor-container elementor-column-gap-default\">\n<div class=\"elementor-row\">\n<div class=\"aux-parallax-section elementor-column elementor-col-50 elementor-top-column elementor-element elementor-element-14f62cd\">\n<div class=\"elementor-column-wrap elementor-element-populated\">\n<div class=\"elementor-widget-wrap\">\n<div class=\"elementor-element elementor-element-6e587df elementor-widget elementor-widget-text-editor\">\n<div class=\"elementor-widget-container\">\n<div class=\"elementor-text-editor elementor-clearfix\">\n<ul>\n<li>Combustible<\/li>\n<\/ul>\n<\/div>\n<\/div>\n<\/div>\n<div class=\"elementor-element elementor-element-7194e9d elementor-widget elementor-widget-text-editor\">\n<div class=\"elementor-widget-container\">\n<div class=\"elementor-text-editor elementor-clearfix\">\n<p>MLC pone a disposici\u00f3n de sus clientes m\u00e1s de 27 estaciones de servicio repartidas por todo el territorio nacional. En nuestras estaciones de servicio, adem\u00e1s de repostar combustible y lavar tu coche, podr\u00e1s disfrutar de wifi, adquirir en nuestras tiendas todo lo que necesites para tu viaje.<\/p>\n<\/div>\n<\/div>\n<\/div>\n<\/div>\n<\/div>\n<\/div>\n<\/div>\n<\/div>\n<\/section>\n<section class=\"elementor-section elementor-top-section elementor-element elementor-element-095e32a elementor-reverse-mobile elementor-reverse-tablet elementor-section-boxed elementor-section-height-default elementor-section-height-default\">\n<div class=\"elementor-container elementor-column-gap-default\">\n<div class=\"elementor-row\">\n<div class=\"aux-parallax-section elementor-column elementor-col-50 elementor-top-column elementor-element elementor-element-86e7590\">\n<div class=\"elementor-column-wrap elementor-element-populated\">\n<div class=\"elementor-widget-wrap\">\n<div class=\"elementor-element elementor-element-1801de9 elementor-widget elementor-widget-text-editor\">\n<div class=\"elementor-widget-container\">\n<div class=\"elementor-text-editor elementor-clearfix\">\n<ul>\n<li>Luz<\/li>\n<\/ul>\n<\/div>\n<\/div>\n<\/div>\n<div class=\"elementor-element elementor-element-5b47d9c elementor-widget elementor-widget-text-editor\">\n<div class=\"elementor-widget-container\">\n<div class=\"elementor-text-editor elementor-clearfix\">\n<p>No necesitas m\u00e1s noticias sobre la subida de precios de la luz, necesitas UNA SOLUCI\u00d3N. Te asesoraremos para que encuentres la tarifa que m\u00e1s se adapte a tus necesidades.<\/p>\n<\/div>\n<\/div>\n<\/div>\n<\/div>\n<\/div>\n<\/div>\n<\/div>\n<\/div>\n<\/section>\n<section class=\"elementor-section elementor-top-section elementor-element elementor-element-e4fec28 elementor-section-boxed elementor-section-height-default elementor-section-height-default\">\n<div class=\"elementor-container elementor-column-gap-default\">\n<div class=\"elementor-row\">\n<div class=\"aux-parallax-section elementor-column elementor-col-50 elementor-top-column elementor-element elementor-element-48b062a\">\n<div class=\"elementor-column-wrap elementor-element-populated\">\n<div class=\"elementor-widget-wrap\">\n<div class=\"elementor-element elementor-element-26a79a6 elementor-widget elementor-widget-text-editor\">\n<div class=\"elementor-widget-container\">\n<div class=\"elementor-text-editor elementor-clearfix\">\n<ul>\n<li>Gas<\/li>\n<\/ul>\n<\/div>\n<\/div>\n<\/div>\n<div class=\"elementor-element elementor-element-5dca356 elementor-widget elementor-widget-text-editor\">\n<div class=\"elementor-widget-container\">\n<div class=\"elementor-text-editor elementor-clearfix\">\n<p>Te ofrecemos una soluci\u00f3n totalmente personalizada. Nuestra tarifa de hogar no tiene permanencia, confiamos en nuestro producto as\u00ed que no nos hace falta atarte de ning\u00fan modo. Te asesoraremos para que encuentres la tarifa que m\u00e1s se adapte a tus necesidades.<\/p>\n<\/div>\n<\/div>\n<\/div>\n<\/div>\n<\/div>\n<\/div>\n<\/div>\n<\/div>\n<\/section>\n","protected":false},"featured_media":12882,"parent":0,"template":"","meta":{"_acf_changed":false,"site-sidebar-layout":"default","site-content-layout":"","ast-site-content-layout":"default","site-content-style":"default","site-sidebar-style":"default","ast-global-header-display":"","ast-banner-title-visibility":"","ast-main-header-display":"","ast-hfb-above-header-display":"","ast-hfb-below-header-display":"","ast-hfb-mobile-header-display":"","site-post-title":"","ast-breadcrumbs-content":"","ast-featured-img":"","footer-sml-layout":"","ast-disable-related-posts":"","theme-transparent-header-meta":"default","adv-header-id-meta":"","stick-header-meta":"","header-above-stick-meta":"","header-main-stick-meta":"","header-below-stick-meta":"","astra-migrate-meta-layouts":"set","ast-page-background-enabled":"default","ast-page-background-meta":{"desktop":{"background-color":"var(--ast-global-color-5)","background-image":"","background-repeat":"repeat","background-position":"center center","background-size":"auto","background-attachment":"scroll","background-type":"","background-media":"","overlay-type":"","overlay-color":"","overlay-opacity":"","overlay-gradient":""},"tablet":{"background-color":"","background-image":"","background-repeat":"repeat","background-position":"center center","background-size":"auto","background-attachment":"scroll","background-type":"","background-media":"","overlay-type":"","overlay-color":"","overlay-opacity":"","overlay-gradient":""},"mobile":{"background-color":"","background-image":"","background-repeat":"repeat","background-position":"center center","background-size":"auto","background-attachment":"scroll","background-type":"","background-media":"","overlay-type":"","overlay-color":"","overlay-opacity":"","overlay-gradient":""}},"ast-content-background-meta":{"desktop":{"background-color":"var(--ast-global-color-4)","background-image":"","background-repeat":"repeat","background-position":"center center","background-size":"auto","background-attachment":"scroll","background-type":"","background-media":"","overlay-type":"","overlay-color":"","overlay-opacity":"","overlay-gradient":""},"tablet":{"background-color":"var(--ast-global-color-4)","background-image":"","background-repeat":"repeat","background-position":"center center","background-size":"auto","background-attachment":"scroll","background-type":"","background-media":"","overlay-type":"","overlay-color":"","overlay-opacity":"","overlay-gradient":""},"mobile":{"background-color":"var(--ast-global-color-4)","background-image":"","background-repeat":"repeat","background-position":"center center","background-size":"auto","background-attachment":"scroll","background-type":"","background-media":"","overlay-type":"","overlay-color":"","overlay-opacity":"","overlay-gradient":""}}},"categoria-asociado":[443],"class_list":["post-12634","asociado","type-asociado","status-publish","has-post-thumbnail","hentry","categoria-asociado-servicios"],"acf":[],"yoast_head":"<!-- This site is optimized with the Yoast SEO plugin v26.9 - https:\/\/yoast.com\/product\/yoast-seo-wordpress\/ -->\n<title>MLC - Energ\u00eda El\u00e9ctrica, Gas Natural y Proyectos de Fotovoltaica<\/title>\n<meta name=\"description\" content=\"MLC, empresa comercializadora de energ\u00eda el\u00e9ctrica, gas natural y proyectos de fotovoltaica. M\u00e1s de 27 estaciones de servicio en todo el pa\u00eds. Ofrecemos soluciones personalizadas en tarifas de luz y gas, sin permanencia.\" \/>\n<meta name=\"robots\" content=\"index, follow, max-snippet:-1, max-image-preview:large, max-video-preview:-1\" \/>\n<link rel=\"canonical\" href=\"https:\/\/ajeandalucia.org\/jaen\/asociado\/mlc-carburantes\/\" \/>\n<meta property=\"og:locale\" content=\"es_ES\" \/>\n<meta property=\"og:type\" content=\"article\" \/>\n<meta property=\"og:title\" content=\"MLC - Energ\u00eda El\u00e9ctrica, Gas Natural y Proyectos de Fotovoltaica\" \/>\n<meta property=\"og:description\" content=\"MLC, empresa comercializadora de energ\u00eda el\u00e9ctrica, gas natural y proyectos de fotovoltaica. M\u00e1s de 27 estaciones de servicio en todo el pa\u00eds. Ofrecemos soluciones personalizadas en tarifas de luz y gas, sin permanencia.\" \/>\n<meta property=\"og:url\" content=\"https:\/\/ajeandalucia.org\/jaen\/asociado\/mlc-carburantes\/\" \/>\n<meta property=\"og:site_name\" content=\"AJE Ja\u00e9n\" \/>\n<meta property=\"article:modified_time\" content=\"2026-02-05T12:35:17+00:00\" \/>\n<meta property=\"og:image\" content=\"http:\/\/ajeandalucia.org\/jaen\/wp-content\/uploads\/sites\/9\/2025\/04\/Combustible_LOGO_MLC.png\" \/>\n\t<meta property=\"og:image:width\" content=\"870\" \/>\n\t<meta property=\"og:image:height\" content=\"324\" \/>\n\t<meta property=\"og:image:type\" content=\"image\/png\" \/>\n<meta name=\"twitter:card\" content=\"summary_large_image\" \/>\n<meta name=\"twitter:label1\" content=\"Tiempo de lectura\" \/>\n\t<meta name=\"twitter:data1\" content=\"1 minuto\" \/>\n<script type=\"application\/ld+json\" class=\"yoast-schema-graph\">{\"@context\":\"https:\/\/schema.org\",\"@graph\":[{\"@type\":\"WebPage\",\"@id\":\"https:\/\/ajeandalucia.org\/jaen\/asociado\/mlc-carburantes\/\",\"url\":\"https:\/\/ajeandalucia.org\/jaen\/asociado\/mlc-carburantes\/\",\"name\":\"MLC - Energ\u00eda El\u00e9ctrica, Gas Natural y Proyectos de Fotovoltaica\",\"isPartOf\":{\"@id\":\"https:\/\/ajeandalucia.org\/jaen\/#website\"},\"primaryImageOfPage\":{\"@id\":\"https:\/\/ajeandalucia.org\/jaen\/asociado\/mlc-carburantes\/#primaryimage\"},\"image\":{\"@id\":\"https:\/\/ajeandalucia.org\/jaen\/asociado\/mlc-carburantes\/#primaryimage\"},\"thumbnailUrl\":\"https:\/\/ajeandalucia.org\/jaen\/wp-content\/uploads\/sites\/9\/2025\/04\/Combustible_LOGO_MLC.png\",\"datePublished\":\"2025-05-07T12:31:07+00:00\",\"dateModified\":\"2026-02-05T12:35:17+00:00\",\"description\":\"MLC, empresa comercializadora de energ\u00eda el\u00e9ctrica, gas natural y proyectos de fotovoltaica. M\u00e1s de 27 estaciones de servicio en todo el pa\u00eds. Ofrecemos soluciones personalizadas en tarifas de luz y gas, sin permanencia.\",\"breadcrumb\":{\"@id\":\"https:\/\/ajeandalucia.org\/jaen\/asociado\/mlc-carburantes\/#breadcrumb\"},\"inLanguage\":\"es\",\"potentialAction\":[{\"@type\":\"ReadAction\",\"target\":[\"https:\/\/ajeandalucia.org\/jaen\/asociado\/mlc-carburantes\/\"]}]},{\"@type\":\"ImageObject\",\"inLanguage\":\"es\",\"@id\":\"https:\/\/ajeandalucia.org\/jaen\/asociado\/mlc-carburantes\/#primaryimage\",\"url\":\"https:\/\/ajeandalucia.org\/jaen\/wp-content\/uploads\/sites\/9\/2025\/04\/Combustible_LOGO_MLC.png\",\"contentUrl\":\"https:\/\/ajeandalucia.org\/jaen\/wp-content\/uploads\/sites\/9\/2025\/04\/Combustible_LOGO_MLC.png\",\"width\":870,\"height\":324},{\"@type\":\"BreadcrumbList\",\"@id\":\"https:\/\/ajeandalucia.org\/jaen\/asociado\/mlc-carburantes\/#breadcrumb\",\"itemListElement\":[{\"@type\":\"ListItem\",\"position\":1,\"name\":\"Portada\",\"item\":\"https:\/\/ajeandalucia.org\/jaen\/\"},{\"@type\":\"ListItem\",\"position\":2,\"name\":\"MLC Carburantes\"}]},{\"@type\":\"WebSite\",\"@id\":\"https:\/\/ajeandalucia.org\/jaen\/#website\",\"url\":\"https:\/\/ajeandalucia.org\/jaen\/\",\"name\":\"AJE Ja\u00e9n\",\"description\":\"Otro sitio m\u00e1s de AJE Andaluc\u00eda\",\"publisher\":{\"@id\":\"https:\/\/ajeandalucia.org\/jaen\/#organization\"},\"potentialAction\":[{\"@type\":\"SearchAction\",\"target\":{\"@type\":\"EntryPoint\",\"urlTemplate\":\"https:\/\/ajeandalucia.org\/jaen\/?s={search_term_string}\"},\"query-input\":{\"@type\":\"PropertyValueSpecification\",\"valueRequired\":true,\"valueName\":\"search_term_string\"}}],\"inLanguage\":\"es\"},{\"@type\":\"Organization\",\"@id\":\"https:\/\/ajeandalucia.org\/jaen\/#organization\",\"name\":\"AJE Ja\u00e9n\",\"url\":\"https:\/\/ajeandalucia.org\/jaen\/\",\"logo\":{\"@type\":\"ImageObject\",\"inLanguage\":\"es\",\"@id\":\"https:\/\/ajeandalucia.org\/jaen\/#\/schema\/logo\/image\/\",\"url\":\"https:\/\/ajeandalucia.org\/jaen\/wp-content\/uploads\/sites\/9\/2025\/01\/logotipo-aje-andalucia-jovenes-empresarios-1.png\",\"contentUrl\":\"https:\/\/ajeandalucia.org\/jaen\/wp-content\/uploads\/sites\/9\/2025\/01\/logotipo-aje-andalucia-jovenes-empresarios-1.png\",\"width\":1129,\"height\":207,\"caption\":\"AJE Ja\u00e9n\"},\"image\":{\"@id\":\"https:\/\/ajeandalucia.org\/jaen\/#\/schema\/logo\/image\/\"}}]}<\/script>\n<!-- \/ Yoast SEO plugin. -->","yoast_head_json":{"title":"MLC - Energ\u00eda El\u00e9ctrica, Gas Natural y Proyectos de Fotovoltaica","description":"MLC, empresa comercializadora de energ\u00eda el\u00e9ctrica, gas natural y proyectos de fotovoltaica. M\u00e1s de 27 estaciones de servicio en todo el pa\u00eds. Ofrecemos soluciones personalizadas en tarifas de luz y gas, sin permanencia.","robots":{"index":"index","follow":"follow","max-snippet":"max-snippet:-1","max-image-preview":"max-image-preview:large","max-video-preview":"max-video-preview:-1"},"canonical":"https:\/\/ajeandalucia.org\/jaen\/asociado\/mlc-carburantes\/","og_locale":"es_ES","og_type":"article","og_title":"MLC - Energ\u00eda El\u00e9ctrica, Gas Natural y Proyectos de Fotovoltaica","og_description":"MLC, empresa comercializadora de energ\u00eda el\u00e9ctrica, gas natural y proyectos de fotovoltaica. M\u00e1s de 27 estaciones de servicio en todo el pa\u00eds. Ofrecemos soluciones personalizadas en tarifas de luz y gas, sin permanencia.","og_url":"https:\/\/ajeandalucia.org\/jaen\/asociado\/mlc-carburantes\/","og_site_name":"AJE Ja\u00e9n","article_modified_time":"2026-02-05T12:35:17+00:00","og_image":[{"width":870,"height":324,"url":"http:\/\/ajeandalucia.org\/jaen\/wp-content\/uploads\/sites\/9\/2025\/04\/Combustible_LOGO_MLC.png","type":"image\/png"}],"twitter_card":"summary_large_image","twitter_misc":{"Tiempo de lectura":"1 minuto"},"schema":{"@context":"https:\/\/schema.org","@graph":[{"@type":"WebPage","@id":"https:\/\/ajeandalucia.org\/jaen\/asociado\/mlc-carburantes\/","url":"https:\/\/ajeandalucia.org\/jaen\/asociado\/mlc-carburantes\/","name":"MLC - Energ\u00eda El\u00e9ctrica, Gas Natural y Proyectos de Fotovoltaica","isPartOf":{"@id":"https:\/\/ajeandalucia.org\/jaen\/#website"},"primaryImageOfPage":{"@id":"https:\/\/ajeandalucia.org\/jaen\/asociado\/mlc-carburantes\/#primaryimage"},"image":{"@id":"https:\/\/ajeandalucia.org\/jaen\/asociado\/mlc-carburantes\/#primaryimage"},"thumbnailUrl":"https:\/\/ajeandalucia.org\/jaen\/wp-content\/uploads\/sites\/9\/2025\/04\/Combustible_LOGO_MLC.png","datePublished":"2025-05-07T12:31:07+00:00","dateModified":"2026-02-05T12:35:17+00:00","description":"MLC, empresa comercializadora de energ\u00eda el\u00e9ctrica, gas natural y proyectos de fotovoltaica. M\u00e1s de 27 estaciones de servicio en todo el pa\u00eds. Ofrecemos soluciones personalizadas en tarifas de luz y gas, sin permanencia.","breadcrumb":{"@id":"https:\/\/ajeandalucia.org\/jaen\/asociado\/mlc-carburantes\/#breadcrumb"},"inLanguage":"es","potentialAction":[{"@type":"ReadAction","target":["https:\/\/ajeandalucia.org\/jaen\/asociado\/mlc-carburantes\/"]}]},{"@type":"ImageObject","inLanguage":"es","@id":"https:\/\/ajeandalucia.org\/jaen\/asociado\/mlc-carburantes\/#primaryimage","url":"https:\/\/ajeandalucia.org\/jaen\/wp-content\/uploads\/sites\/9\/2025\/04\/Combustible_LOGO_MLC.png","contentUrl":"https:\/\/ajeandalucia.org\/jaen\/wp-content\/uploads\/sites\/9\/2025\/04\/Combustible_LOGO_MLC.png","width":870,"height":324},{"@type":"BreadcrumbList","@id":"https:\/\/ajeandalucia.org\/jaen\/asociado\/mlc-carburantes\/#breadcrumb","itemListElement":[{"@type":"ListItem","position":1,"name":"Portada","item":"https:\/\/ajeandalucia.org\/jaen\/"},{"@type":"ListItem","position":2,"name":"MLC Carburantes"}]},{"@type":"WebSite","@id":"https:\/\/ajeandalucia.org\/jaen\/#website","url":"https:\/\/ajeandalucia.org\/jaen\/","name":"AJE Ja\u00e9n","description":"Otro sitio m\u00e1s de AJE Andaluc\u00eda","publisher":{"@id":"https:\/\/ajeandalucia.org\/jaen\/#organization"},"potentialAction":[{"@type":"SearchAction","target":{"@type":"EntryPoint","urlTemplate":"https:\/\/ajeandalucia.org\/jaen\/?s={search_term_string}"},"query-input":{"@type":"PropertyValueSpecification","valueRequired":true,"valueName":"search_term_string"}}],"inLanguage":"es"},{"@type":"Organization","@id":"https:\/\/ajeandalucia.org\/jaen\/#organization","name":"AJE Ja\u00e9n","url":"https:\/\/ajeandalucia.org\/jaen\/","logo":{"@type":"ImageObject","inLanguage":"es","@id":"https:\/\/ajeandalucia.org\/jaen\/#\/schema\/logo\/image\/","url":"https:\/\/ajeandalucia.org\/jaen\/wp-content\/uploads\/sites\/9\/2025\/01\/logotipo-aje-andalucia-jovenes-empresarios-1.png","contentUrl":"https:\/\/ajeandalucia.org\/jaen\/wp-content\/uploads\/sites\/9\/2025\/01\/logotipo-aje-andalucia-jovenes-empresarios-1.png","width":1129,"height":207,"caption":"AJE Ja\u00e9n"},"image":{"@id":"https:\/\/ajeandalucia.org\/jaen\/#\/schema\/logo\/image\/"}}]}},"_links":{"self":[{"href":"https:\/\/ajeandalucia.org\/jaen\/wp-json\/wp\/v2\/asociado\/12634","targetHints":{"allow":["GET"]}}],"collection":[{"href":"https:\/\/ajeandalucia.org\/jaen\/wp-json\/wp\/v2\/asociado"}],"about":[{"href":"https:\/\/ajeandalucia.org\/jaen\/wp-json\/wp\/v2\/types\/asociado"}],"wp:featuredmedia":[{"embeddable":true,"href":"https:\/\/ajeandalucia.org\/jaen\/wp-json\/wp\/v2\/media\/12882"}],"wp:attachment":[{"href":"https:\/\/ajeandalucia.org\/jaen\/wp-json\/wp\/v2\/media?parent=12634"}],"wp:term":[{"taxonomy":"categoria-asociado","embeddable":true,"href":"https:\/\/ajeandalucia.org\/jaen\/wp-json\/wp\/v2\/categoria-asociado?post=12634"}],"curies":[{"name":"wp","href":"https:\/\/api.w.org\/{rel}","templated":true}]}}