{"id":12642,"date":"2025-05-07T14:22:46","date_gmt":"2025-05-07T12:22:46","guid":{"rendered":"https:\/\/ajeandalucia.org\/jaen\/?post_type=asociado&#038;p=12642"},"modified":"2026-02-05T13:35:48","modified_gmt":"2026-02-05T12:35:48","slug":"neurobase-neurorrehabilitacion-diagnostico-demencias","status":"publish","type":"asociado","link":"https:\/\/ajeandalucia.org\/jaen\/asociado\/neurobase-neurorrehabilitacion-diagnostico-demencias\/","title":{"rendered":"Neurobase"},"content":{"rendered":"<p>El proyecto de Neurobase consiste en traer a Ja\u00e9n los \u00faltimos avances que marca la ciencia en neurorrehabilitaci\u00f3n, as\u00ed como en diagn\u00f3stico diferencial de demencias, bajo el prisma del trabajo transdisciplinar, centrado en el paciente y su familia.<\/p>\n<p>Trabajan para ofrecer a las personas afectadas por una patolog\u00eda neurol\u00f3gica y a su familia un servicio completo , desde el diagn\u00f3stico o evento causal del da\u00f1o hasta su recuperaci\u00f3n o alta, tanto en la prevenci\u00f3n y mantenimiento en aquellas patolog\u00edas de car\u00e1cter degenerativo, como en la rehabilitaci\u00f3n, adquisici\u00f3n\u00a0 y\/o compensaci\u00f3n de funciones perdidas por un da\u00f1o cerebral, con el objetivo de mantener la independencia y la calidad de vida de la persona afectada el m\u00e1ximo tiempo posible.<\/p>\n<p>Ofrecen atenci\u00f3n sanitaria especializada, formaci\u00f3n e informaci\u00f3n a pacientes y familiares a lo largo de todo el proceso de evoluci\u00f3n de los Trastornos Neurocognitivos, es decir, desde la fase de Quejas Cognitivas Subjetivas, pasando por el Deterioro Cognitivo Leve, hasta el diagn\u00f3stico de demencia probable, con el fin de ayudar a la asimilaci\u00f3n de la situaci\u00f3n y a la generaci\u00f3n estrategias de afrontamiento en base a unas herramientas adecuadas.<\/p>\n","protected":false},"featured_media":12643,"parent":0,"template":"","meta":{"_acf_changed":false,"site-sidebar-layout":"default","site-content-layout":"","ast-site-content-layout":"default","site-content-style":"default","site-sidebar-style":"default","ast-global-header-display":"","ast-banner-title-visibility":"","ast-main-header-display":"","ast-hfb-above-header-display":"","ast-hfb-below-header-display":"","ast-hfb-mobile-header-display":"","site-post-title":"","ast-breadcrumbs-content":"","ast-featured-img":"","footer-sml-layout":"","ast-disable-related-posts":"","theme-transparent-header-meta":"default","adv-header-id-meta":"","stick-header-meta":"","header-above-stick-meta":"","header-main-stick-meta":"","header-below-stick-meta":"","astra-migrate-meta-layouts":"set","ast-page-background-enabled":"default","ast-page-background-meta":{"desktop":{"background-color":"var(--ast-global-color-5)","background-image":"","background-repeat":"repeat","background-position":"center center","background-size":"auto","background-attachment":"scroll","background-type":"","background-media":"","overlay-type":"","overlay-color":"","overlay-opacity":"","overlay-gradient":""},"tablet":{"background-color":"","background-image":"","background-repeat":"repeat","background-position":"center center","background-size":"auto","background-attachment":"scroll","background-type":"","background-media":"","overlay-type":"","overlay-color":"","overlay-opacity":"","overlay-gradient":""},"mobile":{"background-color":"","background-image":"","background-repeat":"repeat","background-position":"center center","background-size":"auto","background-attachment":"scroll","background-type":"","background-media":"","overlay-type":"","overlay-color":"","overlay-opacity":"","overlay-gradient":""}},"ast-content-background-meta":{"desktop":{"background-color":"var(--ast-global-color-4)","background-image":"","background-repeat":"repeat","background-position":"center center","background-size":"auto","background-attachment":"scroll","background-type":"","background-media":"","overlay-type":"","overlay-color":"","overlay-opacity":"","overlay-gradient":""},"tablet":{"background-color":"var(--ast-global-color-4)","background-image":"","background-repeat":"repeat","background-position":"center center","background-size":"auto","background-attachment":"scroll","background-type":"","background-media":"","overlay-type":"","overlay-color":"","overlay-opacity":"","overlay-gradient":""},"mobile":{"background-color":"var(--ast-global-color-4)","background-image":"","background-repeat":"repeat","background-position":"center center","background-size":"auto","background-attachment":"scroll","background-type":"","background-media":"","overlay-type":"","overlay-color":"","overlay-opacity":"","overlay-gradient":""}}},"categoria-asociado":[445],"class_list":["post-12642","asociado","type-asociado","status-publish","has-post-thumbnail","hentry","categoria-asociado-salud-y-bienestar"],"acf":[],"yoast_head":"<!-- This site is optimized with the Yoast SEO plugin v26.9 - https:\/\/yoast.com\/product\/yoast-seo-wordpress\/ -->\n<title>Neurobase - Neurorrehabilitaci\u00f3n y Diagn\u00f3stico de Demencias<\/title>\n<meta name=\"description\" content=\"Neurobase trae a Ja\u00e9n los \u00faltimos avances en neurorrehabilitaci\u00f3n y diagn\u00f3stico de demencias, con un enfoque transdisciplinar centrado en el paciente y su familia. Ofrecemos atenci\u00f3n sanitaria especializada, formaci\u00f3n e informaci\u00f3n para mantener la calidad de vida.\" \/>\n<meta name=\"robots\" content=\"index, follow, max-snippet:-1, max-image-preview:large, max-video-preview:-1\" \/>\n<link rel=\"canonical\" href=\"https:\/\/ajeandalucia.org\/jaen\/asociado\/neurobase-neurorrehabilitacion-diagnostico-demencias\/\" \/>\n<meta property=\"og:locale\" content=\"es_ES\" \/>\n<meta property=\"og:type\" content=\"article\" \/>\n<meta property=\"og:title\" content=\"Neurobase - Neurorrehabilitaci\u00f3n y Diagn\u00f3stico de Demencias\" \/>\n<meta property=\"og:description\" content=\"Neurobase trae a Ja\u00e9n los \u00faltimos avances en neurorrehabilitaci\u00f3n y diagn\u00f3stico de demencias, con un enfoque transdisciplinar centrado en el paciente y su familia. Ofrecemos atenci\u00f3n sanitaria especializada, formaci\u00f3n e informaci\u00f3n para mantener la calidad de vida.\" \/>\n<meta property=\"og:url\" content=\"https:\/\/ajeandalucia.org\/jaen\/asociado\/neurobase-neurorrehabilitacion-diagnostico-demencias\/\" \/>\n<meta property=\"og:site_name\" content=\"AJE Ja\u00e9n\" \/>\n<meta property=\"article:modified_time\" content=\"2026-02-05T12:35:48+00:00\" \/>\n<meta property=\"og:image\" content=\"http:\/\/ajeandalucia.org\/jaen\/wp-content\/uploads\/sites\/9\/2025\/03\/Neurobase_web.png\" \/>\n\t<meta property=\"og:image:width\" content=\"150\" \/>\n\t<meta property=\"og:image:height\" content=\"150\" \/>\n\t<meta property=\"og:image:type\" content=\"image\/png\" \/>\n<meta name=\"twitter:card\" content=\"summary_large_image\" \/>\n<meta name=\"twitter:label1\" content=\"Tiempo de lectura\" \/>\n\t<meta name=\"twitter:data1\" content=\"2 minutos\" \/>\n<script type=\"application\/ld+json\" class=\"yoast-schema-graph\">{\"@context\":\"https:\/\/schema.org\",\"@graph\":[{\"@type\":\"WebPage\",\"@id\":\"https:\/\/ajeandalucia.org\/jaen\/asociado\/neurobase-neurorrehabilitacion-diagnostico-demencias\/\",\"url\":\"https:\/\/ajeandalucia.org\/jaen\/asociado\/neurobase-neurorrehabilitacion-diagnostico-demencias\/\",\"name\":\"Neurobase - Neurorrehabilitaci\u00f3n y Diagn\u00f3stico de Demencias\",\"isPartOf\":{\"@id\":\"https:\/\/ajeandalucia.org\/jaen\/#website\"},\"primaryImageOfPage\":{\"@id\":\"https:\/\/ajeandalucia.org\/jaen\/asociado\/neurobase-neurorrehabilitacion-diagnostico-demencias\/#primaryimage\"},\"image\":{\"@id\":\"https:\/\/ajeandalucia.org\/jaen\/asociado\/neurobase-neurorrehabilitacion-diagnostico-demencias\/#primaryimage\"},\"thumbnailUrl\":\"https:\/\/ajeandalucia.org\/jaen\/wp-content\/uploads\/sites\/9\/2025\/03\/Neurobase_web.png\",\"datePublished\":\"2025-05-07T12:22:46+00:00\",\"dateModified\":\"2026-02-05T12:35:48+00:00\",\"description\":\"Neurobase trae a Ja\u00e9n los \u00faltimos avances en neurorrehabilitaci\u00f3n y diagn\u00f3stico de demencias, con un enfoque transdisciplinar centrado en el paciente y su familia. Ofrecemos atenci\u00f3n sanitaria especializada, formaci\u00f3n e informaci\u00f3n para mantener la calidad de vida.\",\"breadcrumb\":{\"@id\":\"https:\/\/ajeandalucia.org\/jaen\/asociado\/neurobase-neurorrehabilitacion-diagnostico-demencias\/#breadcrumb\"},\"inLanguage\":\"es\",\"potentialAction\":[{\"@type\":\"ReadAction\",\"target\":[\"https:\/\/ajeandalucia.org\/jaen\/asociado\/neurobase-neurorrehabilitacion-diagnostico-demencias\/\"]}]},{\"@type\":\"ImageObject\",\"inLanguage\":\"es\",\"@id\":\"https:\/\/ajeandalucia.org\/jaen\/asociado\/neurobase-neurorrehabilitacion-diagnostico-demencias\/#primaryimage\",\"url\":\"https:\/\/ajeandalucia.org\/jaen\/wp-content\/uploads\/sites\/9\/2025\/03\/Neurobase_web.png\",\"contentUrl\":\"https:\/\/ajeandalucia.org\/jaen\/wp-content\/uploads\/sites\/9\/2025\/03\/Neurobase_web.png\",\"width\":150,\"height\":150},{\"@type\":\"BreadcrumbList\",\"@id\":\"https:\/\/ajeandalucia.org\/jaen\/asociado\/neurobase-neurorrehabilitacion-diagnostico-demencias\/#breadcrumb\",\"itemListElement\":[{\"@type\":\"ListItem\",\"position\":1,\"name\":\"Portada\",\"item\":\"https:\/\/ajeandalucia.org\/jaen\/\"},{\"@type\":\"ListItem\",\"position\":2,\"name\":\"Neurobase\"}]},{\"@type\":\"WebSite\",\"@id\":\"https:\/\/ajeandalucia.org\/jaen\/#website\",\"url\":\"https:\/\/ajeandalucia.org\/jaen\/\",\"name\":\"AJE Ja\u00e9n\",\"description\":\"Otro sitio m\u00e1s de AJE Andaluc\u00eda\",\"publisher\":{\"@id\":\"https:\/\/ajeandalucia.org\/jaen\/#organization\"},\"potentialAction\":[{\"@type\":\"SearchAction\",\"target\":{\"@type\":\"EntryPoint\",\"urlTemplate\":\"https:\/\/ajeandalucia.org\/jaen\/?s={search_term_string}\"},\"query-input\":{\"@type\":\"PropertyValueSpecification\",\"valueRequired\":true,\"valueName\":\"search_term_string\"}}],\"inLanguage\":\"es\"},{\"@type\":\"Organization\",\"@id\":\"https:\/\/ajeandalucia.org\/jaen\/#organization\",\"name\":\"AJE Ja\u00e9n\",\"url\":\"https:\/\/ajeandalucia.org\/jaen\/\",\"logo\":{\"@type\":\"ImageObject\",\"inLanguage\":\"es\",\"@id\":\"https:\/\/ajeandalucia.org\/jaen\/#\/schema\/logo\/image\/\",\"url\":\"https:\/\/ajeandalucia.org\/jaen\/wp-content\/uploads\/sites\/9\/2025\/01\/logotipo-aje-andalucia-jovenes-empresarios-1.png\",\"contentUrl\":\"https:\/\/ajeandalucia.org\/jaen\/wp-content\/uploads\/sites\/9\/2025\/01\/logotipo-aje-andalucia-jovenes-empresarios-1.png\",\"width\":1129,\"height\":207,\"caption\":\"AJE Ja\u00e9n\"},\"image\":{\"@id\":\"https:\/\/ajeandalucia.org\/jaen\/#\/schema\/logo\/image\/\"}}]}<\/script>\n<!-- \/ Yoast SEO plugin. -->","yoast_head_json":{"title":"Neurobase - Neurorrehabilitaci\u00f3n y Diagn\u00f3stico de Demencias","description":"Neurobase trae a Ja\u00e9n los \u00faltimos avances en neurorrehabilitaci\u00f3n y diagn\u00f3stico de demencias, con un enfoque transdisciplinar centrado en el paciente y su familia. Ofrecemos atenci\u00f3n sanitaria especializada, formaci\u00f3n e informaci\u00f3n para mantener la calidad de vida.","robots":{"index":"index","follow":"follow","max-snippet":"max-snippet:-1","max-image-preview":"max-image-preview:large","max-video-preview":"max-video-preview:-1"},"canonical":"https:\/\/ajeandalucia.org\/jaen\/asociado\/neurobase-neurorrehabilitacion-diagnostico-demencias\/","og_locale":"es_ES","og_type":"article","og_title":"Neurobase - Neurorrehabilitaci\u00f3n y Diagn\u00f3stico de Demencias","og_description":"Neurobase trae a Ja\u00e9n los \u00faltimos avances en neurorrehabilitaci\u00f3n y diagn\u00f3stico de demencias, con un enfoque transdisciplinar centrado en el paciente y su familia. Ofrecemos atenci\u00f3n sanitaria especializada, formaci\u00f3n e informaci\u00f3n para mantener la calidad de vida.","og_url":"https:\/\/ajeandalucia.org\/jaen\/asociado\/neurobase-neurorrehabilitacion-diagnostico-demencias\/","og_site_name":"AJE Ja\u00e9n","article_modified_time":"2026-02-05T12:35:48+00:00","og_image":[{"width":150,"height":150,"url":"http:\/\/ajeandalucia.org\/jaen\/wp-content\/uploads\/sites\/9\/2025\/03\/Neurobase_web.png","type":"image\/png"}],"twitter_card":"summary_large_image","twitter_misc":{"Tiempo de lectura":"2 minutos"},"schema":{"@context":"https:\/\/schema.org","@graph":[{"@type":"WebPage","@id":"https:\/\/ajeandalucia.org\/jaen\/asociado\/neurobase-neurorrehabilitacion-diagnostico-demencias\/","url":"https:\/\/ajeandalucia.org\/jaen\/asociado\/neurobase-neurorrehabilitacion-diagnostico-demencias\/","name":"Neurobase - Neurorrehabilitaci\u00f3n y Diagn\u00f3stico de Demencias","isPartOf":{"@id":"https:\/\/ajeandalucia.org\/jaen\/#website"},"primaryImageOfPage":{"@id":"https:\/\/ajeandalucia.org\/jaen\/asociado\/neurobase-neurorrehabilitacion-diagnostico-demencias\/#primaryimage"},"image":{"@id":"https:\/\/ajeandalucia.org\/jaen\/asociado\/neurobase-neurorrehabilitacion-diagnostico-demencias\/#primaryimage"},"thumbnailUrl":"https:\/\/ajeandalucia.org\/jaen\/wp-content\/uploads\/sites\/9\/2025\/03\/Neurobase_web.png","datePublished":"2025-05-07T12:22:46+00:00","dateModified":"2026-02-05T12:35:48+00:00","description":"Neurobase trae a Ja\u00e9n los \u00faltimos avances en neurorrehabilitaci\u00f3n y diagn\u00f3stico de demencias, con un enfoque transdisciplinar centrado en el paciente y su familia. Ofrecemos atenci\u00f3n sanitaria especializada, formaci\u00f3n e informaci\u00f3n para mantener la calidad de vida.","breadcrumb":{"@id":"https:\/\/ajeandalucia.org\/jaen\/asociado\/neurobase-neurorrehabilitacion-diagnostico-demencias\/#breadcrumb"},"inLanguage":"es","potentialAction":[{"@type":"ReadAction","target":["https:\/\/ajeandalucia.org\/jaen\/asociado\/neurobase-neurorrehabilitacion-diagnostico-demencias\/"]}]},{"@type":"ImageObject","inLanguage":"es","@id":"https:\/\/ajeandalucia.org\/jaen\/asociado\/neurobase-neurorrehabilitacion-diagnostico-demencias\/#primaryimage","url":"https:\/\/ajeandalucia.org\/jaen\/wp-content\/uploads\/sites\/9\/2025\/03\/Neurobase_web.png","contentUrl":"https:\/\/ajeandalucia.org\/jaen\/wp-content\/uploads\/sites\/9\/2025\/03\/Neurobase_web.png","width":150,"height":150},{"@type":"BreadcrumbList","@id":"https:\/\/ajeandalucia.org\/jaen\/asociado\/neurobase-neurorrehabilitacion-diagnostico-demencias\/#breadcrumb","itemListElement":[{"@type":"ListItem","position":1,"name":"Portada","item":"https:\/\/ajeandalucia.org\/jaen\/"},{"@type":"ListItem","position":2,"name":"Neurobase"}]},{"@type":"WebSite","@id":"https:\/\/ajeandalucia.org\/jaen\/#website","url":"https:\/\/ajeandalucia.org\/jaen\/","name":"AJE Ja\u00e9n","description":"Otro sitio m\u00e1s de AJE Andaluc\u00eda","publisher":{"@id":"https:\/\/ajeandalucia.org\/jaen\/#organization"},"potentialAction":[{"@type":"SearchAction","target":{"@type":"EntryPoint","urlTemplate":"https:\/\/ajeandalucia.org\/jaen\/?s={search_term_string}"},"query-input":{"@type":"PropertyValueSpecification","valueRequired":true,"valueName":"search_term_string"}}],"inLanguage":"es"},{"@type":"Organization","@id":"https:\/\/ajeandalucia.org\/jaen\/#organization","name":"AJE Ja\u00e9n","url":"https:\/\/ajeandalucia.org\/jaen\/","logo":{"@type":"ImageObject","inLanguage":"es","@id":"https:\/\/ajeandalucia.org\/jaen\/#\/schema\/logo\/image\/","url":"https:\/\/ajeandalucia.org\/jaen\/wp-content\/uploads\/sites\/9\/2025\/01\/logotipo-aje-andalucia-jovenes-empresarios-1.png","contentUrl":"https:\/\/ajeandalucia.org\/jaen\/wp-content\/uploads\/sites\/9\/2025\/01\/logotipo-aje-andalucia-jovenes-empresarios-1.png","width":1129,"height":207,"caption":"AJE Ja\u00e9n"},"image":{"@id":"https:\/\/ajeandalucia.org\/jaen\/#\/schema\/logo\/image\/"}}]}},"_links":{"self":[{"href":"https:\/\/ajeandalucia.org\/jaen\/wp-json\/wp\/v2\/asociado\/12642","targetHints":{"allow":["GET"]}}],"collection":[{"href":"https:\/\/ajeandalucia.org\/jaen\/wp-json\/wp\/v2\/asociado"}],"about":[{"href":"https:\/\/ajeandalucia.org\/jaen\/wp-json\/wp\/v2\/types\/asociado"}],"wp:featuredmedia":[{"embeddable":true,"href":"https:\/\/ajeandalucia.org\/jaen\/wp-json\/wp\/v2\/media\/12643"}],"wp:attachment":[{"href":"https:\/\/ajeandalucia.org\/jaen\/wp-json\/wp\/v2\/media?parent=12642"}],"wp:term":[{"taxonomy":"categoria-asociado","embeddable":true,"href":"https:\/\/ajeandalucia.org\/jaen\/wp-json\/wp\/v2\/categoria-asociado?post=12642"}],"curies":[{"name":"wp","href":"https:\/\/api.w.org\/{rel}","templated":true}]}}