{"id":12691,"date":"2025-05-07T12:37:31","date_gmt":"2025-05-07T10:37:31","guid":{"rendered":"https:\/\/ajeandalucia.org\/jaen\/?post_type=asociado&#038;p=12691"},"modified":"2026-02-05T13:40:28","modified_gmt":"2026-02-05T12:40:28","slug":"we-weddings-events-decoracion-organizacion-bodas","status":"publish","type":"asociado","link":"https:\/\/ajeandalucia.org\/jaen\/asociado\/we-weddings-events-decoracion-organizacion-bodas\/","title":{"rendered":"We Weddings"},"content":{"rendered":"<p>En <a href=\"https:\/\/www.we-weddings-events.com\/?page_id=21\">We Weddings &amp; Events<\/a> nos dedicamos a la decoraci\u00f3n y organizaci\u00f3n de eventos, m\u00e1s especialmente, de bodas. Ponemos a disposici\u00f3n de nuestras parejas un amplio abanico de posibilidades con las que podr\u00e1n dar un toque especial y \u00fanico a su celebraci\u00f3n, personalizando hasta el m\u00e1s m\u00ednimo de los detalles con el toque personal que les identifica como pareja. En cuanto a lo que a decoraci\u00f3n se refiere, ideamos, fabricamos y restauramos nuestro propio mobiliario y decoraciones, a fin de ofrecer decoraciones y rincones \u00fanicos y exclusivos que representen al 100% la esencia de la pareja. Entre los servicios que ofrecemos, destacamos:<\/p>\n<ul>\n<li>La organizaci\u00f3n integral de la boda<\/li>\n<li>Coordinaci\u00f3n el d\u00eda B<\/li>\n<li>Decoraci\u00f3n interior de salones y espacios<\/li>\n<li>Decoraci\u00f3n exterior de jardines y entorno<\/li>\n<li>Decoraciones tematizadas<\/li>\n<li>Alquiler de material decorativo<\/li>\n<li>Alquiler de m\u00e1quinas de efectos<\/li>\n<li>Iluminaci\u00f3n led<\/li>\n<li>Dise\u00f1o e impresi\u00f3n de papeler\u00eda<\/li>\n<\/ul>\n","protected":false},"featured_media":12692,"parent":0,"template":"","meta":{"_acf_changed":false,"site-sidebar-layout":"default","site-content-layout":"","ast-site-content-layout":"default","site-content-style":"default","site-sidebar-style":"default","ast-global-header-display":"","ast-banner-title-visibility":"","ast-main-header-display":"","ast-hfb-above-header-display":"","ast-hfb-below-header-display":"","ast-hfb-mobile-header-display":"","site-post-title":"","ast-breadcrumbs-content":"","ast-featured-img":"","footer-sml-layout":"","ast-disable-related-posts":"","theme-transparent-header-meta":"default","adv-header-id-meta":"","stick-header-meta":"","header-above-stick-meta":"","header-main-stick-meta":"","header-below-stick-meta":"","astra-migrate-meta-layouts":"set","ast-page-background-enabled":"default","ast-page-background-meta":{"desktop":{"background-color":"var(--ast-global-color-5)","background-image":"","background-repeat":"repeat","background-position":"center center","background-size":"auto","background-attachment":"scroll","background-type":"","background-media":"","overlay-type":"","overlay-color":"","overlay-opacity":"","overlay-gradient":""},"tablet":{"background-color":"","background-image":"","background-repeat":"repeat","background-position":"center center","background-size":"auto","background-attachment":"scroll","background-type":"","background-media":"","overlay-type":"","overlay-color":"","overlay-opacity":"","overlay-gradient":""},"mobile":{"background-color":"","background-image":"","background-repeat":"repeat","background-position":"center center","background-size":"auto","background-attachment":"scroll","background-type":"","background-media":"","overlay-type":"","overlay-color":"","overlay-opacity":"","overlay-gradient":""}},"ast-content-background-meta":{"desktop":{"background-color":"var(--ast-global-color-4)","background-image":"","background-repeat":"repeat","background-position":"center center","background-size":"auto","background-attachment":"scroll","background-type":"","background-media":"","overlay-type":"","overlay-color":"","overlay-opacity":"","overlay-gradient":""},"tablet":{"background-color":"var(--ast-global-color-4)","background-image":"","background-repeat":"repeat","background-position":"center center","background-size":"auto","background-attachment":"scroll","background-type":"","background-media":"","overlay-type":"","overlay-color":"","overlay-opacity":"","overlay-gradient":""},"mobile":{"background-color":"var(--ast-global-color-4)","background-image":"","background-repeat":"repeat","background-position":"center center","background-size":"auto","background-attachment":"scroll","background-type":"","background-media":"","overlay-type":"","overlay-color":"","overlay-opacity":"","overlay-gradient":""}}},"categoria-asociado":[436],"class_list":["post-12691","asociado","type-asociado","status-publish","has-post-thumbnail","hentry","categoria-asociado-eventos-y-ocio"],"acf":[],"yoast_head":"<!-- This site is optimized with the Yoast SEO plugin v26.9 - https:\/\/yoast.com\/product\/yoast-seo-wordpress\/ -->\n<title>We Weddings &amp; Events | Decoraci\u00f3n y Organizaci\u00f3n de Bodas<\/title>\n<meta name=\"description\" content=\"We Weddings &amp; Events se especializa en la decoraci\u00f3n y organizaci\u00f3n de bodas, ofreciendo un amplio abanico de posibilidades para personalizar cada detalle.\" \/>\n<meta name=\"robots\" content=\"index, follow, max-snippet:-1, max-image-preview:large, max-video-preview:-1\" \/>\n<link rel=\"canonical\" href=\"https:\/\/ajeandalucia.org\/jaen\/asociado\/we-weddings-events-decoracion-organizacion-bodas\/\" \/>\n<meta property=\"og:locale\" content=\"es_ES\" \/>\n<meta property=\"og:type\" content=\"article\" \/>\n<meta property=\"og:title\" content=\"We Weddings &amp; Events | Decoraci\u00f3n y Organizaci\u00f3n de Bodas\" \/>\n<meta property=\"og:description\" content=\"We Weddings &amp; Events se especializa en la decoraci\u00f3n y organizaci\u00f3n de bodas, ofreciendo un amplio abanico de posibilidades para personalizar cada detalle.\" \/>\n<meta property=\"og:url\" content=\"https:\/\/ajeandalucia.org\/jaen\/asociado\/we-weddings-events-decoracion-organizacion-bodas\/\" \/>\n<meta property=\"og:site_name\" content=\"AJE Ja\u00e9n\" \/>\n<meta property=\"article:modified_time\" content=\"2026-02-05T12:40:28+00:00\" \/>\n<meta property=\"og:image\" content=\"http:\/\/ajeandalucia.org\/jaen\/wp-content\/uploads\/sites\/9\/2025\/03\/logos-web-AJE-11-318x250-1.png\" \/>\n\t<meta property=\"og:image:width\" content=\"318\" \/>\n\t<meta property=\"og:image:height\" content=\"250\" \/>\n\t<meta property=\"og:image:type\" content=\"image\/png\" \/>\n<meta name=\"twitter:card\" content=\"summary_large_image\" \/>\n<meta name=\"twitter:label1\" content=\"Tiempo de lectura\" \/>\n\t<meta name=\"twitter:data1\" content=\"1 minuto\" \/>\n<script type=\"application\/ld+json\" class=\"yoast-schema-graph\">{\"@context\":\"https:\/\/schema.org\",\"@graph\":[{\"@type\":\"WebPage\",\"@id\":\"https:\/\/ajeandalucia.org\/jaen\/asociado\/we-weddings-events-decoracion-organizacion-bodas\/\",\"url\":\"https:\/\/ajeandalucia.org\/jaen\/asociado\/we-weddings-events-decoracion-organizacion-bodas\/\",\"name\":\"We Weddings & Events | Decoraci\u00f3n y Organizaci\u00f3n de Bodas\",\"isPartOf\":{\"@id\":\"https:\/\/ajeandalucia.org\/jaen\/#website\"},\"primaryImageOfPage\":{\"@id\":\"https:\/\/ajeandalucia.org\/jaen\/asociado\/we-weddings-events-decoracion-organizacion-bodas\/#primaryimage\"},\"image\":{\"@id\":\"https:\/\/ajeandalucia.org\/jaen\/asociado\/we-weddings-events-decoracion-organizacion-bodas\/#primaryimage\"},\"thumbnailUrl\":\"https:\/\/ajeandalucia.org\/jaen\/wp-content\/uploads\/sites\/9\/2025\/03\/logos-web-AJE-11-318x250-1.png\",\"datePublished\":\"2025-05-07T10:37:31+00:00\",\"dateModified\":\"2026-02-05T12:40:28+00:00\",\"description\":\"We Weddings & Events se especializa en la decoraci\u00f3n y organizaci\u00f3n de bodas, ofreciendo un amplio abanico de posibilidades para personalizar cada detalle.\",\"breadcrumb\":{\"@id\":\"https:\/\/ajeandalucia.org\/jaen\/asociado\/we-weddings-events-decoracion-organizacion-bodas\/#breadcrumb\"},\"inLanguage\":\"es\",\"potentialAction\":[{\"@type\":\"ReadAction\",\"target\":[\"https:\/\/ajeandalucia.org\/jaen\/asociado\/we-weddings-events-decoracion-organizacion-bodas\/\"]}]},{\"@type\":\"ImageObject\",\"inLanguage\":\"es\",\"@id\":\"https:\/\/ajeandalucia.org\/jaen\/asociado\/we-weddings-events-decoracion-organizacion-bodas\/#primaryimage\",\"url\":\"https:\/\/ajeandalucia.org\/jaen\/wp-content\/uploads\/sites\/9\/2025\/03\/logos-web-AJE-11-318x250-1.png\",\"contentUrl\":\"https:\/\/ajeandalucia.org\/jaen\/wp-content\/uploads\/sites\/9\/2025\/03\/logos-web-AJE-11-318x250-1.png\",\"width\":318,\"height\":250},{\"@type\":\"BreadcrumbList\",\"@id\":\"https:\/\/ajeandalucia.org\/jaen\/asociado\/we-weddings-events-decoracion-organizacion-bodas\/#breadcrumb\",\"itemListElement\":[{\"@type\":\"ListItem\",\"position\":1,\"name\":\"Portada\",\"item\":\"https:\/\/ajeandalucia.org\/jaen\/\"},{\"@type\":\"ListItem\",\"position\":2,\"name\":\"We Weddings\"}]},{\"@type\":\"WebSite\",\"@id\":\"https:\/\/ajeandalucia.org\/jaen\/#website\",\"url\":\"https:\/\/ajeandalucia.org\/jaen\/\",\"name\":\"AJE Ja\u00e9n\",\"description\":\"Otro sitio m\u00e1s de AJE Andaluc\u00eda\",\"publisher\":{\"@id\":\"https:\/\/ajeandalucia.org\/jaen\/#organization\"},\"potentialAction\":[{\"@type\":\"SearchAction\",\"target\":{\"@type\":\"EntryPoint\",\"urlTemplate\":\"https:\/\/ajeandalucia.org\/jaen\/?s={search_term_string}\"},\"query-input\":{\"@type\":\"PropertyValueSpecification\",\"valueRequired\":true,\"valueName\":\"search_term_string\"}}],\"inLanguage\":\"es\"},{\"@type\":\"Organization\",\"@id\":\"https:\/\/ajeandalucia.org\/jaen\/#organization\",\"name\":\"AJE Ja\u00e9n\",\"url\":\"https:\/\/ajeandalucia.org\/jaen\/\",\"logo\":{\"@type\":\"ImageObject\",\"inLanguage\":\"es\",\"@id\":\"https:\/\/ajeandalucia.org\/jaen\/#\/schema\/logo\/image\/\",\"url\":\"https:\/\/ajeandalucia.org\/jaen\/wp-content\/uploads\/sites\/9\/2025\/01\/logotipo-aje-andalucia-jovenes-empresarios-1.png\",\"contentUrl\":\"https:\/\/ajeandalucia.org\/jaen\/wp-content\/uploads\/sites\/9\/2025\/01\/logotipo-aje-andalucia-jovenes-empresarios-1.png\",\"width\":1129,\"height\":207,\"caption\":\"AJE Ja\u00e9n\"},\"image\":{\"@id\":\"https:\/\/ajeandalucia.org\/jaen\/#\/schema\/logo\/image\/\"}}]}<\/script>\n<!-- \/ Yoast SEO plugin. -->","yoast_head_json":{"title":"We Weddings & Events | Decoraci\u00f3n y Organizaci\u00f3n de Bodas","description":"We Weddings & Events se especializa en la decoraci\u00f3n y organizaci\u00f3n de bodas, ofreciendo un amplio abanico de posibilidades para personalizar cada detalle.","robots":{"index":"index","follow":"follow","max-snippet":"max-snippet:-1","max-image-preview":"max-image-preview:large","max-video-preview":"max-video-preview:-1"},"canonical":"https:\/\/ajeandalucia.org\/jaen\/asociado\/we-weddings-events-decoracion-organizacion-bodas\/","og_locale":"es_ES","og_type":"article","og_title":"We Weddings & Events | Decoraci\u00f3n y Organizaci\u00f3n de Bodas","og_description":"We Weddings & Events se especializa en la decoraci\u00f3n y organizaci\u00f3n de bodas, ofreciendo un amplio abanico de posibilidades para personalizar cada detalle.","og_url":"https:\/\/ajeandalucia.org\/jaen\/asociado\/we-weddings-events-decoracion-organizacion-bodas\/","og_site_name":"AJE Ja\u00e9n","article_modified_time":"2026-02-05T12:40:28+00:00","og_image":[{"width":318,"height":250,"url":"http:\/\/ajeandalucia.org\/jaen\/wp-content\/uploads\/sites\/9\/2025\/03\/logos-web-AJE-11-318x250-1.png","type":"image\/png"}],"twitter_card":"summary_large_image","twitter_misc":{"Tiempo de lectura":"1 minuto"},"schema":{"@context":"https:\/\/schema.org","@graph":[{"@type":"WebPage","@id":"https:\/\/ajeandalucia.org\/jaen\/asociado\/we-weddings-events-decoracion-organizacion-bodas\/","url":"https:\/\/ajeandalucia.org\/jaen\/asociado\/we-weddings-events-decoracion-organizacion-bodas\/","name":"We Weddings & Events | Decoraci\u00f3n y Organizaci\u00f3n de Bodas","isPartOf":{"@id":"https:\/\/ajeandalucia.org\/jaen\/#website"},"primaryImageOfPage":{"@id":"https:\/\/ajeandalucia.org\/jaen\/asociado\/we-weddings-events-decoracion-organizacion-bodas\/#primaryimage"},"image":{"@id":"https:\/\/ajeandalucia.org\/jaen\/asociado\/we-weddings-events-decoracion-organizacion-bodas\/#primaryimage"},"thumbnailUrl":"https:\/\/ajeandalucia.org\/jaen\/wp-content\/uploads\/sites\/9\/2025\/03\/logos-web-AJE-11-318x250-1.png","datePublished":"2025-05-07T10:37:31+00:00","dateModified":"2026-02-05T12:40:28+00:00","description":"We Weddings & Events se especializa en la decoraci\u00f3n y organizaci\u00f3n de bodas, ofreciendo un amplio abanico de posibilidades para personalizar cada detalle.","breadcrumb":{"@id":"https:\/\/ajeandalucia.org\/jaen\/asociado\/we-weddings-events-decoracion-organizacion-bodas\/#breadcrumb"},"inLanguage":"es","potentialAction":[{"@type":"ReadAction","target":["https:\/\/ajeandalucia.org\/jaen\/asociado\/we-weddings-events-decoracion-organizacion-bodas\/"]}]},{"@type":"ImageObject","inLanguage":"es","@id":"https:\/\/ajeandalucia.org\/jaen\/asociado\/we-weddings-events-decoracion-organizacion-bodas\/#primaryimage","url":"https:\/\/ajeandalucia.org\/jaen\/wp-content\/uploads\/sites\/9\/2025\/03\/logos-web-AJE-11-318x250-1.png","contentUrl":"https:\/\/ajeandalucia.org\/jaen\/wp-content\/uploads\/sites\/9\/2025\/03\/logos-web-AJE-11-318x250-1.png","width":318,"height":250},{"@type":"BreadcrumbList","@id":"https:\/\/ajeandalucia.org\/jaen\/asociado\/we-weddings-events-decoracion-organizacion-bodas\/#breadcrumb","itemListElement":[{"@type":"ListItem","position":1,"name":"Portada","item":"https:\/\/ajeandalucia.org\/jaen\/"},{"@type":"ListItem","position":2,"name":"We Weddings"}]},{"@type":"WebSite","@id":"https:\/\/ajeandalucia.org\/jaen\/#website","url":"https:\/\/ajeandalucia.org\/jaen\/","name":"AJE Ja\u00e9n","description":"Otro sitio m\u00e1s de AJE Andaluc\u00eda","publisher":{"@id":"https:\/\/ajeandalucia.org\/jaen\/#organization"},"potentialAction":[{"@type":"SearchAction","target":{"@type":"EntryPoint","urlTemplate":"https:\/\/ajeandalucia.org\/jaen\/?s={search_term_string}"},"query-input":{"@type":"PropertyValueSpecification","valueRequired":true,"valueName":"search_term_string"}}],"inLanguage":"es"},{"@type":"Organization","@id":"https:\/\/ajeandalucia.org\/jaen\/#organization","name":"AJE Ja\u00e9n","url":"https:\/\/ajeandalucia.org\/jaen\/","logo":{"@type":"ImageObject","inLanguage":"es","@id":"https:\/\/ajeandalucia.org\/jaen\/#\/schema\/logo\/image\/","url":"https:\/\/ajeandalucia.org\/jaen\/wp-content\/uploads\/sites\/9\/2025\/01\/logotipo-aje-andalucia-jovenes-empresarios-1.png","contentUrl":"https:\/\/ajeandalucia.org\/jaen\/wp-content\/uploads\/sites\/9\/2025\/01\/logotipo-aje-andalucia-jovenes-empresarios-1.png","width":1129,"height":207,"caption":"AJE Ja\u00e9n"},"image":{"@id":"https:\/\/ajeandalucia.org\/jaen\/#\/schema\/logo\/image\/"}}]}},"_links":{"self":[{"href":"https:\/\/ajeandalucia.org\/jaen\/wp-json\/wp\/v2\/asociado\/12691","targetHints":{"allow":["GET"]}}],"collection":[{"href":"https:\/\/ajeandalucia.org\/jaen\/wp-json\/wp\/v2\/asociado"}],"about":[{"href":"https:\/\/ajeandalucia.org\/jaen\/wp-json\/wp\/v2\/types\/asociado"}],"wp:featuredmedia":[{"embeddable":true,"href":"https:\/\/ajeandalucia.org\/jaen\/wp-json\/wp\/v2\/media\/12692"}],"wp:attachment":[{"href":"https:\/\/ajeandalucia.org\/jaen\/wp-json\/wp\/v2\/media?parent=12691"}],"wp:term":[{"taxonomy":"categoria-asociado","embeddable":true,"href":"https:\/\/ajeandalucia.org\/jaen\/wp-json\/wp\/v2\/categoria-asociado?post=12691"}],"curies":[{"name":"wp","href":"https:\/\/api.w.org\/{rel}","templated":true}]}}