{"id":13927,"date":"2025-12-02T18:30:55","date_gmt":"2025-12-02T17:30:55","guid":{"rendered":"https:\/\/ajeandalucia.org\/jaen\/?post_type=mec-events&#038;p=13927"},"modified":"2026-01-16T09:48:30","modified_gmt":"2026-01-16T08:48:30","slug":"potaje-aje-jaen-2026","status":"publish","type":"mec-events","link":"https:\/\/ajeandalucia.org\/jaen\/eventos\/potaje-aje-jaen-2026\/","title":{"rendered":"PotAJE"},"content":{"rendered":"<p><strong style=\"font-size: 16px\">\u00bfTe apetece un potAJE? <\/strong><strong style=\"font-size: 16px\">\u00a0Pero no, no el t\u00edpico potaje de la abuela. Uno sin cuchara. Un potaje- no potaje. Nosotros queremos un potAJE.<\/strong><\/p>\n<p>\u00bfY eso qu\u00e9 es?<\/p>\n<p>Si indagamos en los suburbios de internet, encontrar\u00e1s la definici\u00f3n de potaje de toda la vida. Pero hay una definici\u00f3n que nos ha gustado m\u00e1s, y dice lo siguiente:\u00a0<em>\u00a0\u201cl\u00edo, desorden, jaleo, foll\u00f3n, cacao, mezcla, amasijo\u201d<\/em><strong>\u00a0que si lo miramos con la perspectiva de AJE,<\/strong> con 200 empresas asociadas (aut\u00f3nomos, micropymes, pymes, sociedades, cooperativas, multinacionales\u2026) de los lugares m\u00e1s rec\u00f3nditos de la provincia, y de m\u00faltiples y diferentes sectores\u2026 <strong>pues un poco potAJE s\u00ed que es.\u00a0<\/strong><\/p>\n<p>2025 Ha sido un a\u00f1o dif\u00edcil para algunos, optimista para otros, as\u00ed que nosotros <strong>queremos empezar 2026 contigo.<\/strong> Por acompa\u00f1arnos durante un a\u00f1o m\u00e1s, o por haberte unido hace poquito.<\/p>\n<p>\u00a1Que ya es hora de vernos despu\u00e9s de tanta comida navide\u00f1a!<\/p>\n<p><strong>Brindaremos, por los NUEVOS en AJE y por los VETERANOS. Es hora de que os conozc\u00e1is.\u00a0<\/strong><\/p>\n<p><span style=\"color: #000000\"><strong>Precio: 35 \u20ac\u00a0<\/strong><\/span><\/p>\n<p><span style=\"color: #000000\">\u00bfQu\u00e9 incluye?\u00a0<\/span><\/p>\n<ul>\n<li><span style=\"color: #000000\">Papel\u00f3n surtido de ib\u00e9ricos\u00a0<\/span><\/li>\n<li><span style=\"color: #000000\">Gildas del Chef<\/span><\/li>\n<li><span style=\"color: #000000\">Matrimonio marinero &#8211; Ganchos y boquer\u00f3n en rosquilla de pan con rusa<\/span><\/li>\n<li><span style=\"color: #000000\">Tostas de pat\u00e9 de perdiz<\/span><\/li>\n<li><span style=\"color: #000000\">Surtido de croquetas cremosas<\/span><\/li>\n<li><span style=\"color: #000000\">Biquinis Teja Roja<\/span><\/li>\n<li><span style=\"color: #000000\">Montaditos de bacalao ahumado con asadillo de pimientos<\/span><\/li>\n<li><span style=\"color: #000000\">Montaditos de serranitos (lomo, jam\u00f3n y pimiento verde)<\/span><\/li>\n<li><span style=\"color: #000000\">Minibocados dulces como postre<\/span><\/li>\n<li><span style=\"color: #000000\">Bebidas incluidas<\/span><\/li>\n<\/ul>\n","protected":false},"excerpt":{"rendered":"<p>\u00bfTe apetece un potAJE? \u00a0Pero no, no el t\u00edpico potaje de la abuela. Uno sin cuchara. Un potaje- no potaje. [&hellip;]<\/p>\n","protected":false},"author":8,"featured_media":13937,"comment_status":"closed","ping_status":"closed","template":"","meta":{"_acf_changed":false,"site-sidebar-layout":"default","site-content-layout":"","ast-site-content-layout":"default","site-content-style":"default","site-sidebar-style":"default","ast-global-header-display":"","ast-banner-title-visibility":"","ast-main-header-display":"","ast-hfb-above-header-display":"","ast-hfb-below-header-display":"","ast-hfb-mobile-header-display":"","site-post-title":"","ast-breadcrumbs-content":"","ast-featured-img":"","footer-sml-layout":"","ast-disable-related-posts":"","theme-transparent-header-meta":"default","adv-header-id-meta":"","stick-header-meta":"","header-above-stick-meta":"","header-main-stick-meta":"","header-below-stick-meta":"","astra-migrate-meta-layouts":"set","ast-page-background-enabled":"default","ast-page-background-meta":{"desktop":{"background-color":"var(--ast-global-color-5)","background-image":"","background-repeat":"repeat","background-position":"center center","background-size":"auto","background-attachment":"scroll","background-type":"","background-media":"","overlay-type":"","overlay-color":"","overlay-opacity":"","overlay-gradient":""},"tablet":{"background-color":"","background-image":"","background-repeat":"repeat","background-position":"center center","background-size":"auto","background-attachment":"scroll","background-type":"","background-media":"","overlay-type":"","overlay-color":"","overlay-opacity":"","overlay-gradient":""},"mobile":{"background-color":"","background-image":"","background-repeat":"repeat","background-position":"center center","background-size":"auto","background-attachment":"scroll","background-type":"","background-media":"","overlay-type":"","overlay-color":"","overlay-opacity":"","overlay-gradient":""}},"ast-content-background-meta":{"desktop":{"background-color":"var(--ast-global-color-4)","background-image":"","background-repeat":"repeat","background-position":"center center","background-size":"auto","background-attachment":"scroll","background-type":"","background-media":"","overlay-type":"","overlay-color":"","overlay-opacity":"","overlay-gradient":""},"tablet":{"background-color":"var(--ast-global-color-4)","background-image":"","background-repeat":"repeat","background-position":"center center","background-size":"auto","background-attachment":"scroll","background-type":"","background-media":"","overlay-type":"","overlay-color":"","overlay-opacity":"","overlay-gradient":""},"mobile":{"background-color":"var(--ast-global-color-4)","background-image":"","background-repeat":"repeat","background-position":"center center","background-size":"auto","background-attachment":"scroll","background-type":"","background-media":"","overlay-type":"","overlay-color":"","overlay-opacity":"","overlay-gradient":""}}},"tags":[],"mec_category":[],"mec_speaker":[],"mec_sponsor":[],"class_list":["post-13927","mec-events","type-mec-events","status-publish","has-post-thumbnail","hentry"],"acf":[],"yoast_head":"<!-- This site is optimized with the Yoast SEO plugin v26.9 - https:\/\/yoast.com\/product\/yoast-seo-wordpress\/ -->\n<title>PotAJE AJE Ja\u00e9n 2026: Networking para nuevos y veteranos<\/title>\n<meta name=\"description\" content=\"PotAJE 2026: un encuentro para mezclar talento, brindar juntos y conectar a nuevos y veteranos del ecosistema empresarial.\" \/>\n<meta name=\"robots\" content=\"index, follow, max-snippet:-1, max-image-preview:large, max-video-preview:-1\" \/>\n<link rel=\"canonical\" href=\"https:\/\/ajeandalucia.org\/jaen\/eventos\/potaje-aje-jaen-2026\/\" \/>\n<meta property=\"og:locale\" content=\"es_ES\" \/>\n<meta property=\"og:type\" content=\"article\" \/>\n<meta property=\"og:title\" content=\"PotAJE AJE Ja\u00e9n 2026: Networking para nuevos y veteranos\" \/>\n<meta property=\"og:description\" content=\"PotAJE 2026: un encuentro para mezclar talento, brindar juntos y conectar a nuevos y veteranos del ecosistema empresarial.\" \/>\n<meta property=\"og:url\" content=\"https:\/\/ajeandalucia.org\/jaen\/eventos\/potaje-aje-jaen-2026\/\" \/>\n<meta property=\"og:site_name\" content=\"AJE Ja\u00e9n\" \/>\n<meta property=\"article:modified_time\" content=\"2026-01-16T08:48:30+00:00\" \/>\n<meta property=\"og:image\" content=\"http:\/\/ajeandalucia.org\/jaen\/wp-content\/uploads\/sites\/9\/2025\/12\/Copia-de-potAJE-historias.png\" \/>\n\t<meta property=\"og:image:width\" content=\"1080\" \/>\n\t<meta property=\"og:image:height\" content=\"1920\" \/>\n\t<meta property=\"og:image:type\" content=\"image\/png\" \/>\n<meta name=\"twitter:card\" content=\"summary_large_image\" \/>\n<meta name=\"twitter:label1\" content=\"Tiempo de lectura\" \/>\n\t<meta name=\"twitter:data1\" content=\"2 minutos\" \/>\n<script type=\"application\/ld+json\" class=\"yoast-schema-graph\">{\"@context\":\"https:\/\/schema.org\",\"@graph\":[{\"@type\":\"WebPage\",\"@id\":\"https:\/\/ajeandalucia.org\/jaen\/eventos\/potaje-aje-jaen-2026\/\",\"url\":\"https:\/\/ajeandalucia.org\/jaen\/eventos\/potaje-aje-jaen-2026\/\",\"name\":\"PotAJE AJE Ja\u00e9n 2026: Networking para nuevos y veteranos\",\"isPartOf\":{\"@id\":\"https:\/\/ajeandalucia.org\/jaen\/#website\"},\"primaryImageOfPage\":{\"@id\":\"https:\/\/ajeandalucia.org\/jaen\/eventos\/potaje-aje-jaen-2026\/#primaryimage\"},\"image\":{\"@id\":\"https:\/\/ajeandalucia.org\/jaen\/eventos\/potaje-aje-jaen-2026\/#primaryimage\"},\"thumbnailUrl\":\"https:\/\/ajeandalucia.org\/jaen\/wp-content\/uploads\/sites\/9\/2025\/12\/Copia-de-potAJE-historias.png\",\"datePublished\":\"2025-12-02T17:30:55+00:00\",\"dateModified\":\"2026-01-16T08:48:30+00:00\",\"description\":\"PotAJE 2026: un encuentro para mezclar talento, brindar juntos y conectar a nuevos y veteranos del ecosistema empresarial.\",\"breadcrumb\":{\"@id\":\"https:\/\/ajeandalucia.org\/jaen\/eventos\/potaje-aje-jaen-2026\/#breadcrumb\"},\"inLanguage\":\"es\",\"potentialAction\":[{\"@type\":\"ReadAction\",\"target\":[\"https:\/\/ajeandalucia.org\/jaen\/eventos\/potaje-aje-jaen-2026\/\"]}]},{\"@type\":\"ImageObject\",\"inLanguage\":\"es\",\"@id\":\"https:\/\/ajeandalucia.org\/jaen\/eventos\/potaje-aje-jaen-2026\/#primaryimage\",\"url\":\"https:\/\/ajeandalucia.org\/jaen\/wp-content\/uploads\/sites\/9\/2025\/12\/Copia-de-potAJE-historias.png\",\"contentUrl\":\"https:\/\/ajeandalucia.org\/jaen\/wp-content\/uploads\/sites\/9\/2025\/12\/Copia-de-potAJE-historias.png\",\"width\":1080,\"height\":1920},{\"@type\":\"BreadcrumbList\",\"@id\":\"https:\/\/ajeandalucia.org\/jaen\/eventos\/potaje-aje-jaen-2026\/#breadcrumb\",\"itemListElement\":[{\"@type\":\"ListItem\",\"position\":1,\"name\":\"Portada\",\"item\":\"https:\/\/ajeandalucia.org\/jaen\/\"},{\"@type\":\"ListItem\",\"position\":2,\"name\":\"Eventos\",\"item\":\"https:\/\/ajeandalucia.org\/jaen\/eventos\/\"},{\"@type\":\"ListItem\",\"position\":3,\"name\":\"PotAJE\"}]},{\"@type\":\"WebSite\",\"@id\":\"https:\/\/ajeandalucia.org\/jaen\/#website\",\"url\":\"https:\/\/ajeandalucia.org\/jaen\/\",\"name\":\"AJE Ja\u00e9n\",\"description\":\"Otro sitio m\u00e1s de AJE Andaluc\u00eda\",\"publisher\":{\"@id\":\"https:\/\/ajeandalucia.org\/jaen\/#organization\"},\"potentialAction\":[{\"@type\":\"SearchAction\",\"target\":{\"@type\":\"EntryPoint\",\"urlTemplate\":\"https:\/\/ajeandalucia.org\/jaen\/?s={search_term_string}\"},\"query-input\":{\"@type\":\"PropertyValueSpecification\",\"valueRequired\":true,\"valueName\":\"search_term_string\"}}],\"inLanguage\":\"es\"},{\"@type\":\"Organization\",\"@id\":\"https:\/\/ajeandalucia.org\/jaen\/#organization\",\"name\":\"AJE Ja\u00e9n\",\"url\":\"https:\/\/ajeandalucia.org\/jaen\/\",\"logo\":{\"@type\":\"ImageObject\",\"inLanguage\":\"es\",\"@id\":\"https:\/\/ajeandalucia.org\/jaen\/#\/schema\/logo\/image\/\",\"url\":\"https:\/\/ajeandalucia.org\/jaen\/wp-content\/uploads\/sites\/9\/2025\/01\/logotipo-aje-andalucia-jovenes-empresarios-1.png\",\"contentUrl\":\"https:\/\/ajeandalucia.org\/jaen\/wp-content\/uploads\/sites\/9\/2025\/01\/logotipo-aje-andalucia-jovenes-empresarios-1.png\",\"width\":1129,\"height\":207,\"caption\":\"AJE Ja\u00e9n\"},\"image\":{\"@id\":\"https:\/\/ajeandalucia.org\/jaen\/#\/schema\/logo\/image\/\"}}]}<\/script>\n<!-- \/ Yoast SEO plugin. -->","yoast_head_json":{"title":"PotAJE AJE Ja\u00e9n 2026: Networking para nuevos y veteranos","description":"PotAJE 2026: un encuentro para mezclar talento, brindar juntos y conectar a nuevos y veteranos del ecosistema empresarial.","robots":{"index":"index","follow":"follow","max-snippet":"max-snippet:-1","max-image-preview":"max-image-preview:large","max-video-preview":"max-video-preview:-1"},"canonical":"https:\/\/ajeandalucia.org\/jaen\/eventos\/potaje-aje-jaen-2026\/","og_locale":"es_ES","og_type":"article","og_title":"PotAJE AJE Ja\u00e9n 2026: Networking para nuevos y veteranos","og_description":"PotAJE 2026: un encuentro para mezclar talento, brindar juntos y conectar a nuevos y veteranos del ecosistema empresarial.","og_url":"https:\/\/ajeandalucia.org\/jaen\/eventos\/potaje-aje-jaen-2026\/","og_site_name":"AJE Ja\u00e9n","article_modified_time":"2026-01-16T08:48:30+00:00","og_image":[{"width":1080,"height":1920,"url":"http:\/\/ajeandalucia.org\/jaen\/wp-content\/uploads\/sites\/9\/2025\/12\/Copia-de-potAJE-historias.png","type":"image\/png"}],"twitter_card":"summary_large_image","twitter_misc":{"Tiempo de lectura":"2 minutos"},"schema":{"@context":"https:\/\/schema.org","@graph":[{"@type":"WebPage","@id":"https:\/\/ajeandalucia.org\/jaen\/eventos\/potaje-aje-jaen-2026\/","url":"https:\/\/ajeandalucia.org\/jaen\/eventos\/potaje-aje-jaen-2026\/","name":"PotAJE AJE Ja\u00e9n 2026: Networking para nuevos y veteranos","isPartOf":{"@id":"https:\/\/ajeandalucia.org\/jaen\/#website"},"primaryImageOfPage":{"@id":"https:\/\/ajeandalucia.org\/jaen\/eventos\/potaje-aje-jaen-2026\/#primaryimage"},"image":{"@id":"https:\/\/ajeandalucia.org\/jaen\/eventos\/potaje-aje-jaen-2026\/#primaryimage"},"thumbnailUrl":"https:\/\/ajeandalucia.org\/jaen\/wp-content\/uploads\/sites\/9\/2025\/12\/Copia-de-potAJE-historias.png","datePublished":"2025-12-02T17:30:55+00:00","dateModified":"2026-01-16T08:48:30+00:00","description":"PotAJE 2026: un encuentro para mezclar talento, brindar juntos y conectar a nuevos y veteranos del ecosistema empresarial.","breadcrumb":{"@id":"https:\/\/ajeandalucia.org\/jaen\/eventos\/potaje-aje-jaen-2026\/#breadcrumb"},"inLanguage":"es","potentialAction":[{"@type":"ReadAction","target":["https:\/\/ajeandalucia.org\/jaen\/eventos\/potaje-aje-jaen-2026\/"]}]},{"@type":"ImageObject","inLanguage":"es","@id":"https:\/\/ajeandalucia.org\/jaen\/eventos\/potaje-aje-jaen-2026\/#primaryimage","url":"https:\/\/ajeandalucia.org\/jaen\/wp-content\/uploads\/sites\/9\/2025\/12\/Copia-de-potAJE-historias.png","contentUrl":"https:\/\/ajeandalucia.org\/jaen\/wp-content\/uploads\/sites\/9\/2025\/12\/Copia-de-potAJE-historias.png","width":1080,"height":1920},{"@type":"BreadcrumbList","@id":"https:\/\/ajeandalucia.org\/jaen\/eventos\/potaje-aje-jaen-2026\/#breadcrumb","itemListElement":[{"@type":"ListItem","position":1,"name":"Portada","item":"https:\/\/ajeandalucia.org\/jaen\/"},{"@type":"ListItem","position":2,"name":"Eventos","item":"https:\/\/ajeandalucia.org\/jaen\/eventos\/"},{"@type":"ListItem","position":3,"name":"PotAJE"}]},{"@type":"WebSite","@id":"https:\/\/ajeandalucia.org\/jaen\/#website","url":"https:\/\/ajeandalucia.org\/jaen\/","name":"AJE Ja\u00e9n","description":"Otro sitio m\u00e1s de AJE Andaluc\u00eda","publisher":{"@id":"https:\/\/ajeandalucia.org\/jaen\/#organization"},"potentialAction":[{"@type":"SearchAction","target":{"@type":"EntryPoint","urlTemplate":"https:\/\/ajeandalucia.org\/jaen\/?s={search_term_string}"},"query-input":{"@type":"PropertyValueSpecification","valueRequired":true,"valueName":"search_term_string"}}],"inLanguage":"es"},{"@type":"Organization","@id":"https:\/\/ajeandalucia.org\/jaen\/#organization","name":"AJE Ja\u00e9n","url":"https:\/\/ajeandalucia.org\/jaen\/","logo":{"@type":"ImageObject","inLanguage":"es","@id":"https:\/\/ajeandalucia.org\/jaen\/#\/schema\/logo\/image\/","url":"https:\/\/ajeandalucia.org\/jaen\/wp-content\/uploads\/sites\/9\/2025\/01\/logotipo-aje-andalucia-jovenes-empresarios-1.png","contentUrl":"https:\/\/ajeandalucia.org\/jaen\/wp-content\/uploads\/sites\/9\/2025\/01\/logotipo-aje-andalucia-jovenes-empresarios-1.png","width":1129,"height":207,"caption":"AJE Ja\u00e9n"},"image":{"@id":"https:\/\/ajeandalucia.org\/jaen\/#\/schema\/logo\/image\/"}}]}},"_links":{"self":[{"href":"https:\/\/ajeandalucia.org\/jaen\/wp-json\/wp\/v2\/mec-events\/13927","targetHints":{"allow":["GET"]}}],"collection":[{"href":"https:\/\/ajeandalucia.org\/jaen\/wp-json\/wp\/v2\/mec-events"}],"about":[{"href":"https:\/\/ajeandalucia.org\/jaen\/wp-json\/wp\/v2\/types\/mec-events"}],"author":[{"embeddable":true,"href":"https:\/\/ajeandalucia.org\/jaen\/wp-json\/wp\/v2\/users\/8"}],"replies":[{"embeddable":true,"href":"https:\/\/ajeandalucia.org\/jaen\/wp-json\/wp\/v2\/comments?post=13927"}],"version-history":[{"count":8,"href":"https:\/\/ajeandalucia.org\/jaen\/wp-json\/wp\/v2\/mec-events\/13927\/revisions"}],"predecessor-version":[{"id":14346,"href":"https:\/\/ajeandalucia.org\/jaen\/wp-json\/wp\/v2\/mec-events\/13927\/revisions\/14346"}],"wp:featuredmedia":[{"embeddable":true,"href":"https:\/\/ajeandalucia.org\/jaen\/wp-json\/wp\/v2\/media\/13937"}],"wp:attachment":[{"href":"https:\/\/ajeandalucia.org\/jaen\/wp-json\/wp\/v2\/media?parent=13927"}],"wp:term":[{"taxonomy":"post_tag","embeddable":true,"href":"https:\/\/ajeandalucia.org\/jaen\/wp-json\/wp\/v2\/tags?post=13927"},{"taxonomy":"mec_category","embeddable":true,"href":"https:\/\/ajeandalucia.org\/jaen\/wp-json\/wp\/v2\/mec_category?post=13927"},{"taxonomy":"mec_speaker","embeddable":true,"href":"https:\/\/ajeandalucia.org\/jaen\/wp-json\/wp\/v2\/mec_speaker?post=13927"},{"taxonomy":"mec_sponsor","embeddable":true,"href":"https:\/\/ajeandalucia.org\/jaen\/wp-json\/wp\/v2\/mec_sponsor?post=13927"}],"curies":[{"name":"wp","href":"https:\/\/api.w.org\/{rel}","templated":true}]}}