{"id":14374,"date":"2026-01-20T16:44:55","date_gmt":"2026-01-20T15:44:55","guid":{"rendered":"https:\/\/ajeandalucia.org\/jaen\/?post_type=mec-events&#038;p=14374"},"modified":"2026-04-08T14:46:18","modified_gmt":"2026-04-08T12:46:18","slug":"negocios-a-la-carta-2","status":"publish","type":"mec-events","link":"https:\/\/ajeandalucia.org\/jaen\/eventos\/negocios-a-la-carta-2\/","title":{"rendered":"Negocios a la carta &#8211; Fulgencio Meseguer"},"content":{"rendered":"<h4 data-start=\"286\" data-end=\"652\"><span style=\"color: #000000\">\u00bfQuieres compartir mesa y conversaci\u00f3n directa sobre los temas que marcan la agenda empresarial y econ\u00f3mica de nuestra provincia?<\/span><\/h4>\n<p><span style=\"color: #000000\"><!--more--><\/span><\/p>\n<h6 data-start=\"286\" data-end=\"652\"><br data-start=\"391\" data-end=\"394\" \/><span style=\"color: #000000\">En AJE Ja\u00e9n lo hacemos posible con Negocios a la Carta, un formato exclusivo donde un grupo reducido de j\u00f3venes empresarios y empresarias tienen la oportunidad de debatir, preguntar y generar conexiones de valor en un ambiente cercano y distendido.<\/span><\/h6>\n<p>&nbsp;<\/p>\n<p data-start=\"654\" data-end=\"812\"><span style=\"color: #000000\">Un encuentro pensado para hablar <strong data-start=\"688\" data-end=\"702\">de t\u00fa a t\u00fa<\/strong> sobre empresa, actualidad, industria y nuevas oportunidades, sin discursos prefabricados ni filtros.<\/span><\/p>\n<p data-start=\"814\" data-end=\"856\"><span style=\"color: #000000\">&#x2728; <strong data-start=\"816\" data-end=\"853\">Lo que hace diferente este evento<\/strong>:<\/span><\/p>\n<ul data-start=\"857\" data-end=\"1190\">\n<li data-start=\"857\" data-end=\"920\">\n<p data-start=\"859\" data-end=\"920\"><span style=\"color: #000000\">Un espacio reducido y exclusivo solo para asociados\/as AJE.<\/span><\/p>\n<\/li>\n<li data-start=\"921\" data-end=\"1042\">\n<p data-start=\"923\" data-end=\"1042\"><span style=\"color: #000000\">Networking real: cada asistente se presenta, comparte su proyecto y conecta con otros empresarios\/as de la provincia.<\/span><\/p>\n<\/li>\n<li data-start=\"1043\" data-end=\"1103\">\n<p data-start=\"1045\" data-end=\"1103\"><span style=\"color: #000000\">Un almuerzo-tertulia donde las ideas fluyen sin filtros.<\/span><\/p>\n<\/li>\n<li data-start=\"1104\" data-end=\"1190\">\n<p data-start=\"1106\" data-end=\"1190\"><span style=\"color: #000000\">La posibilidad de preguntar y debatir directamente con nuestro invitado.<\/span><\/p>\n<\/li>\n<\/ul>\n<p data-start=\"1192\" data-end=\"1320\"><span style=\"color: #000000\"><strong data-start=\"1195\" data-end=\"1205\">Cu\u00e1ndo<\/strong>: 8 de abril<\/span><br data-start=\"1219\" data-end=\"1222\" \/><span style=\"color: #000000\"><strong data-start=\"1225\" data-end=\"1234\">D\u00f3nde<\/strong>:\u00a0 Palique. Bar &amp; Colmado tradicional. C. Federico de Mendiz\u00e1bal, 3, 23001 Ja\u00e9n<\/span><br data-start=\"1250\" data-end=\"1253\" \/><span style=\"color: #000000\"><strong data-start=\"1255\" data-end=\"1263\">Hora<\/strong>: 20:00 h<\/span><br data-start=\"1272\" data-end=\"1275\" \/><span style=\"color: #000000\"><strong data-start=\"1278\" data-end=\"1289\">Entrada<\/strong>: 33 \u20ac | Plazas limitadas y exclusivas para asociados.<\/span><\/p>\n<h3 data-start=\"1245\" data-end=\"1283\"><span style=\"color: #000000\">Invitado principal:<\/span><\/h3>\n<p data-renderer-start-pos=\"143\"><span style=\"color: #000000\"><strong>Fulgencio Meseguer<\/strong>, natural de Jerez de la Frontera pero &#8220;jiennense de adopci\u00f3n&#8221;, fund\u00f3 <strong data-renderer-mark=\"true\">Software DELSOL<\/strong> en 1993 en Ja\u00e9n. Lo que comenz\u00f3 como un proyecto de autoempleo en un sector tecnol\u00f3gico a\u00fan incipiente, se convirti\u00f3 en un gigante nacional de software de gesti\u00f3n.<\/span><\/p>\n<p data-renderer-start-pos=\"403\"><span style=\"color: #000000\">Su \u00e9xito se ciment\u00f3 en dos pilares revolucionarios:<\/span><\/p>\n<ol class=\"ak-ol\" start=\"1\" data-indent-level=\"1\">\n<li>\n<p data-renderer-start-pos=\"458\"><span style=\"color: #000000\"><strong data-renderer-mark=\"true\">Modelo Freemium:<\/strong> Fue pionero en Espa\u00f1a al regalar su software y cobrar \u00fanicamente por el mantenimiento y soporte, a\u00f1os antes de que el t\u00e9rmino se popularizara.<\/span><\/p>\n<\/li>\n<li>\n<p data-renderer-start-pos=\"623\"><span style=\"color: #000000\"><strong data-renderer-mark=\"true\">Referente Social:<\/strong> En 2020, Software DELSOL ocup\u00f3 titulares en todo el pa\u00eds al convertirse en la primera gran empresa espa\u00f1ola en implantar con \u00e9xito la <strong data-renderer-mark=\"true\">jornada laboral de cuatro d\u00edas<\/strong> sin reducci\u00f3n de salario, demostrando que la felicidad del empleado es directamente proporcional a la rentabilidad.<\/span><\/p>\n<\/li>\n<\/ol>\n<p data-renderer-start-pos=\"1292\"><span style=\"color: #000000\">Hoy, su actividad se canaliza principalmente a trav\u00e9s del <strong data-renderer-mark=\"true\">Grupo Mesgal<\/strong> y su Fundaci\u00f3n, centrada en proyectos con alma y alto impacto territorial:<\/span><\/p>\n<ul class=\"ak-ul\" data-indent-level=\"1\">\n<li>\n<p data-renderer-start-pos=\"1452\"><span style=\"color: #000000\"><strong data-renderer-mark=\"true\">Fundaci\u00f3n Fulgencio Meseguer:<\/strong> Es su gran apuesta actual. Desde su sede en Ja\u00e9n, impulsa programas como &#8220;1, 2, 3&#8230; Emprende&#8221;, enfocados en el emprendimiento \u00e9tico, la formaci\u00f3n digital en zonas vulnerables y el apoyo a j\u00f3venes rurales.<\/span><\/p>\n<\/li>\n<li>\n<p data-renderer-start-pos=\"1693\"><span style=\"color: #000000\"><strong data-renderer-mark=\"true\">Recuperaci\u00f3n de Patrimonio:<\/strong> Ha liderado la rehabilitaci\u00f3n del <strong data-renderer-mark=\"true\">Palacio de la Condesa de Casares<\/strong> en Jerez para convertirlo en un centro cultural y museo vinculado a la cultura del vino, revitalizando el casco hist\u00f3rico.<\/span><\/p>\n<\/li>\n<li>\n<p data-renderer-start-pos=\"1934\"><span style=\"color: #000000\"><strong data-renderer-mark=\"true\">Inversi\u00f3n en Salud e Innovaci\u00f3n:<\/strong> Actualmente lidera la construcci\u00f3n de un <strong data-renderer-mark=\"true\">hospital privado de vanguardia en Ja\u00e9n<\/strong>, con una inversi\u00f3n de 20 millones de euros, y mantiene participaciones en diferentes proyectos tecnol\u00f3gicos.<\/span><\/p>\n<\/li>\n<li>\n<p data-renderer-start-pos=\"2226\"><span style=\"color: #000000\"><strong data-renderer-mark=\"true\">Liderazgo Institucional:<\/strong> Presidente de la asociaci\u00f3n <strong data-renderer-mark=\"true\">PROA<\/strong>, desde donde trabaja activamente para posicionar a Ja\u00e9n como un eje de desarrollo econ\u00f3mico en el sur de Espa\u00f1a.\u00a0<\/span><\/p>\n<\/li>\n<li>\u00a0<span style=\"color: #000000\"><b><b>Apoyo a empresarios y profesionales: <\/b><\/b>A trav\u00e9s de la Fundaci\u00f3n Fulgencio Meseguer apoya a las asociaciones de j\u00f3venes empresarios de las ocho provincias andaluzas con el prop\u00f3sito de generar sinergias y actuaciones que tengan como finalidad la creaci\u00f3n de un tejido empresarial s\u00f3lido basado en empresas innovadoras, creativas y competitivas.\u00a0<\/span><\/li>\n<\/ul>\n<p data-start=\"1322\" data-end=\"1497\"><span style=\"color: #000000\">Esta experiencia no la encontrar\u00e1s en ning\u00fan otro lugar.<\/span><\/p>\n<p data-start=\"1499\" data-end=\"1667\"><span style=\"color: #000000\"><strong data-start=\"1502\" data-end=\"1558\">Recuerda: Evento exclusivo para asociados. Plazas muy limitadas.<\/strong> Si quieres asegurarte tu sitio, <strong data-start=\"1591\" data-end=\"1619\">reserva ahora tu entrada.<\/strong><\/span><\/p>\n","protected":false},"excerpt":{"rendered":"<p>\u00bfQuieres compartir mesa y conversaci\u00f3n directa sobre los temas que marcan la agenda empresarial y econ\u00f3mica de nuestra provincia?<\/p>\n","protected":false},"author":8,"featured_media":14906,"comment_status":"closed","ping_status":"closed","template":"","meta":{"_acf_changed":false,"site-sidebar-layout":"default","site-content-layout":"","ast-site-content-layout":"default","site-content-style":"default","site-sidebar-style":"default","ast-global-header-display":"","ast-banner-title-visibility":"","ast-main-header-display":"","ast-hfb-above-header-display":"","ast-hfb-below-header-display":"","ast-hfb-mobile-header-display":"","site-post-title":"","ast-breadcrumbs-content":"","ast-featured-img":"","footer-sml-layout":"","ast-disable-related-posts":"","theme-transparent-header-meta":"default","adv-header-id-meta":"","stick-header-meta":"","header-above-stick-meta":"","header-main-stick-meta":"","header-below-stick-meta":"","astra-migrate-meta-layouts":"set","ast-page-background-enabled":"default","ast-page-background-meta":{"desktop":{"background-color":"var(--ast-global-color-5)","background-image":"","background-repeat":"repeat","background-position":"center center","background-size":"auto","background-attachment":"scroll","background-type":"","background-media":"","overlay-type":"","overlay-color":"","overlay-opacity":"","overlay-gradient":""},"tablet":{"background-color":"","background-image":"","background-repeat":"repeat","background-position":"center center","background-size":"auto","background-attachment":"scroll","background-type":"","background-media":"","overlay-type":"","overlay-color":"","overlay-opacity":"","overlay-gradient":""},"mobile":{"background-color":"","background-image":"","background-repeat":"repeat","background-position":"center center","background-size":"auto","background-attachment":"scroll","background-type":"","background-media":"","overlay-type":"","overlay-color":"","overlay-opacity":"","overlay-gradient":""}},"ast-content-background-meta":{"desktop":{"background-color":"var(--ast-global-color-4)","background-image":"","background-repeat":"repeat","background-position":"center center","background-size":"auto","background-attachment":"scroll","background-type":"","background-media":"","overlay-type":"","overlay-color":"","overlay-opacity":"","overlay-gradient":""},"tablet":{"background-color":"var(--ast-global-color-4)","background-image":"","background-repeat":"repeat","background-position":"center center","background-size":"auto","background-attachment":"scroll","background-type":"","background-media":"","overlay-type":"","overlay-color":"","overlay-opacity":"","overlay-gradient":""},"mobile":{"background-color":"var(--ast-global-color-4)","background-image":"","background-repeat":"repeat","background-position":"center center","background-size":"auto","background-attachment":"scroll","background-type":"","background-media":"","overlay-type":"","overlay-color":"","overlay-opacity":"","overlay-gradient":""}}},"tags":[],"mec_category":[],"mec_speaker":[],"mec_sponsor":[],"class_list":["post-14374","mec-events","type-mec-events","status-publish","has-post-thumbnail","hentry"],"acf":[],"yoast_head":"<!-- This site is optimized with the Yoast SEO plugin v26.9 - https:\/\/yoast.com\/product\/yoast-seo-wordpress\/ -->\n<title>Negocios a la Carta AJE Ja\u00e9n 2026 | Fulgencio Meseguer<\/title>\n<meta name=\"description\" content=\"Negocios a la Carta de AJE con Fulgencio Meseguer, un evento exclusivo con networking real, tertulia y conexiones de valor en Ja\u00e9n.\" \/>\n<meta name=\"robots\" content=\"index, follow, max-snippet:-1, max-image-preview:large, max-video-preview:-1\" \/>\n<link rel=\"canonical\" href=\"https:\/\/ajeandalucia.org\/jaen\/eventos\/negocios-a-la-carta-2\/\" \/>\n<meta property=\"og:locale\" content=\"es_ES\" \/>\n<meta property=\"og:type\" content=\"article\" \/>\n<meta property=\"og:title\" content=\"Negocios a la Carta AJE Ja\u00e9n 2026 | Fulgencio Meseguer\" \/>\n<meta property=\"og:description\" content=\"Negocios a la Carta de AJE con Fulgencio Meseguer, un evento exclusivo con networking real, tertulia y conexiones de valor en Ja\u00e9n.\" \/>\n<meta property=\"og:url\" content=\"https:\/\/ajeandalucia.org\/jaen\/eventos\/negocios-a-la-carta-2\/\" \/>\n<meta property=\"og:site_name\" content=\"AJE Ja\u00e9n\" \/>\n<meta property=\"article:modified_time\" content=\"2026-04-08T12:46:18+00:00\" \/>\n<meta property=\"og:image\" content=\"http:\/\/ajeandalucia.org\/jaen\/wp-content\/uploads\/sites\/9\/2026\/01\/negocios-a-la-carta-.png\" \/>\n\t<meta property=\"og:image:width\" content=\"1080\" \/>\n\t<meta property=\"og:image:height\" content=\"1350\" \/>\n\t<meta property=\"og:image:type\" content=\"image\/png\" \/>\n<meta name=\"twitter:card\" content=\"summary_large_image\" \/>\n<meta name=\"twitter:label1\" content=\"Tiempo de lectura\" \/>\n\t<meta name=\"twitter:data1\" content=\"3 minutos\" \/>\n<script type=\"application\/ld+json\" class=\"yoast-schema-graph\">{\"@context\":\"https:\/\/schema.org\",\"@graph\":[{\"@type\":\"WebPage\",\"@id\":\"https:\/\/ajeandalucia.org\/jaen\/eventos\/negocios-a-la-carta-2\/\",\"url\":\"https:\/\/ajeandalucia.org\/jaen\/eventos\/negocios-a-la-carta-2\/\",\"name\":\"Negocios a la Carta AJE Ja\u00e9n 2026 | Fulgencio Meseguer\",\"isPartOf\":{\"@id\":\"https:\/\/ajeandalucia.org\/jaen\/#website\"},\"primaryImageOfPage\":{\"@id\":\"https:\/\/ajeandalucia.org\/jaen\/eventos\/negocios-a-la-carta-2\/#primaryimage\"},\"image\":{\"@id\":\"https:\/\/ajeandalucia.org\/jaen\/eventos\/negocios-a-la-carta-2\/#primaryimage\"},\"thumbnailUrl\":\"https:\/\/ajeandalucia.org\/jaen\/wp-content\/uploads\/sites\/9\/2026\/01\/negocios-a-la-carta-.png\",\"datePublished\":\"2026-01-20T15:44:55+00:00\",\"dateModified\":\"2026-04-08T12:46:18+00:00\",\"description\":\"Negocios a la Carta de AJE con Fulgencio Meseguer, un evento exclusivo con networking real, tertulia y conexiones de valor en Ja\u00e9n.\",\"breadcrumb\":{\"@id\":\"https:\/\/ajeandalucia.org\/jaen\/eventos\/negocios-a-la-carta-2\/#breadcrumb\"},\"inLanguage\":\"es\",\"potentialAction\":[{\"@type\":\"ReadAction\",\"target\":[\"https:\/\/ajeandalucia.org\/jaen\/eventos\/negocios-a-la-carta-2\/\"]}]},{\"@type\":\"ImageObject\",\"inLanguage\":\"es\",\"@id\":\"https:\/\/ajeandalucia.org\/jaen\/eventos\/negocios-a-la-carta-2\/#primaryimage\",\"url\":\"https:\/\/ajeandalucia.org\/jaen\/wp-content\/uploads\/sites\/9\/2026\/01\/negocios-a-la-carta-.png\",\"contentUrl\":\"https:\/\/ajeandalucia.org\/jaen\/wp-content\/uploads\/sites\/9\/2026\/01\/negocios-a-la-carta-.png\",\"width\":1080,\"height\":1350},{\"@type\":\"BreadcrumbList\",\"@id\":\"https:\/\/ajeandalucia.org\/jaen\/eventos\/negocios-a-la-carta-2\/#breadcrumb\",\"itemListElement\":[{\"@type\":\"ListItem\",\"position\":1,\"name\":\"Portada\",\"item\":\"https:\/\/ajeandalucia.org\/jaen\/\"},{\"@type\":\"ListItem\",\"position\":2,\"name\":\"Eventos\",\"item\":\"https:\/\/ajeandalucia.org\/jaen\/eventos\/\"},{\"@type\":\"ListItem\",\"position\":3,\"name\":\"Negocios a la carta &#8211; Fulgencio Meseguer\"}]},{\"@type\":\"WebSite\",\"@id\":\"https:\/\/ajeandalucia.org\/jaen\/#website\",\"url\":\"https:\/\/ajeandalucia.org\/jaen\/\",\"name\":\"AJE Ja\u00e9n\",\"description\":\"Otro sitio m\u00e1s de AJE Andaluc\u00eda\",\"publisher\":{\"@id\":\"https:\/\/ajeandalucia.org\/jaen\/#organization\"},\"potentialAction\":[{\"@type\":\"SearchAction\",\"target\":{\"@type\":\"EntryPoint\",\"urlTemplate\":\"https:\/\/ajeandalucia.org\/jaen\/?s={search_term_string}\"},\"query-input\":{\"@type\":\"PropertyValueSpecification\",\"valueRequired\":true,\"valueName\":\"search_term_string\"}}],\"inLanguage\":\"es\"},{\"@type\":\"Organization\",\"@id\":\"https:\/\/ajeandalucia.org\/jaen\/#organization\",\"name\":\"AJE Ja\u00e9n\",\"url\":\"https:\/\/ajeandalucia.org\/jaen\/\",\"logo\":{\"@type\":\"ImageObject\",\"inLanguage\":\"es\",\"@id\":\"https:\/\/ajeandalucia.org\/jaen\/#\/schema\/logo\/image\/\",\"url\":\"https:\/\/ajeandalucia.org\/jaen\/wp-content\/uploads\/sites\/9\/2025\/01\/logotipo-aje-andalucia-jovenes-empresarios-1.png\",\"contentUrl\":\"https:\/\/ajeandalucia.org\/jaen\/wp-content\/uploads\/sites\/9\/2025\/01\/logotipo-aje-andalucia-jovenes-empresarios-1.png\",\"width\":1129,\"height\":207,\"caption\":\"AJE Ja\u00e9n\"},\"image\":{\"@id\":\"https:\/\/ajeandalucia.org\/jaen\/#\/schema\/logo\/image\/\"}}]}<\/script>\n<!-- \/ Yoast SEO plugin. -->","yoast_head_json":{"title":"Negocios a la Carta AJE Ja\u00e9n 2026 | Fulgencio Meseguer","description":"Negocios a la Carta de AJE con Fulgencio Meseguer, un evento exclusivo con networking real, tertulia y conexiones de valor en Ja\u00e9n.","robots":{"index":"index","follow":"follow","max-snippet":"max-snippet:-1","max-image-preview":"max-image-preview:large","max-video-preview":"max-video-preview:-1"},"canonical":"https:\/\/ajeandalucia.org\/jaen\/eventos\/negocios-a-la-carta-2\/","og_locale":"es_ES","og_type":"article","og_title":"Negocios a la Carta AJE Ja\u00e9n 2026 | Fulgencio Meseguer","og_description":"Negocios a la Carta de AJE con Fulgencio Meseguer, un evento exclusivo con networking real, tertulia y conexiones de valor en Ja\u00e9n.","og_url":"https:\/\/ajeandalucia.org\/jaen\/eventos\/negocios-a-la-carta-2\/","og_site_name":"AJE Ja\u00e9n","article_modified_time":"2026-04-08T12:46:18+00:00","og_image":[{"width":1080,"height":1350,"url":"http:\/\/ajeandalucia.org\/jaen\/wp-content\/uploads\/sites\/9\/2026\/01\/negocios-a-la-carta-.png","type":"image\/png"}],"twitter_card":"summary_large_image","twitter_misc":{"Tiempo de lectura":"3 minutos"},"schema":{"@context":"https:\/\/schema.org","@graph":[{"@type":"WebPage","@id":"https:\/\/ajeandalucia.org\/jaen\/eventos\/negocios-a-la-carta-2\/","url":"https:\/\/ajeandalucia.org\/jaen\/eventos\/negocios-a-la-carta-2\/","name":"Negocios a la Carta AJE Ja\u00e9n 2026 | Fulgencio Meseguer","isPartOf":{"@id":"https:\/\/ajeandalucia.org\/jaen\/#website"},"primaryImageOfPage":{"@id":"https:\/\/ajeandalucia.org\/jaen\/eventos\/negocios-a-la-carta-2\/#primaryimage"},"image":{"@id":"https:\/\/ajeandalucia.org\/jaen\/eventos\/negocios-a-la-carta-2\/#primaryimage"},"thumbnailUrl":"https:\/\/ajeandalucia.org\/jaen\/wp-content\/uploads\/sites\/9\/2026\/01\/negocios-a-la-carta-.png","datePublished":"2026-01-20T15:44:55+00:00","dateModified":"2026-04-08T12:46:18+00:00","description":"Negocios a la Carta de AJE con Fulgencio Meseguer, un evento exclusivo con networking real, tertulia y conexiones de valor en Ja\u00e9n.","breadcrumb":{"@id":"https:\/\/ajeandalucia.org\/jaen\/eventos\/negocios-a-la-carta-2\/#breadcrumb"},"inLanguage":"es","potentialAction":[{"@type":"ReadAction","target":["https:\/\/ajeandalucia.org\/jaen\/eventos\/negocios-a-la-carta-2\/"]}]},{"@type":"ImageObject","inLanguage":"es","@id":"https:\/\/ajeandalucia.org\/jaen\/eventos\/negocios-a-la-carta-2\/#primaryimage","url":"https:\/\/ajeandalucia.org\/jaen\/wp-content\/uploads\/sites\/9\/2026\/01\/negocios-a-la-carta-.png","contentUrl":"https:\/\/ajeandalucia.org\/jaen\/wp-content\/uploads\/sites\/9\/2026\/01\/negocios-a-la-carta-.png","width":1080,"height":1350},{"@type":"BreadcrumbList","@id":"https:\/\/ajeandalucia.org\/jaen\/eventos\/negocios-a-la-carta-2\/#breadcrumb","itemListElement":[{"@type":"ListItem","position":1,"name":"Portada","item":"https:\/\/ajeandalucia.org\/jaen\/"},{"@type":"ListItem","position":2,"name":"Eventos","item":"https:\/\/ajeandalucia.org\/jaen\/eventos\/"},{"@type":"ListItem","position":3,"name":"Negocios a la carta &#8211; Fulgencio Meseguer"}]},{"@type":"WebSite","@id":"https:\/\/ajeandalucia.org\/jaen\/#website","url":"https:\/\/ajeandalucia.org\/jaen\/","name":"AJE Ja\u00e9n","description":"Otro sitio m\u00e1s de AJE Andaluc\u00eda","publisher":{"@id":"https:\/\/ajeandalucia.org\/jaen\/#organization"},"potentialAction":[{"@type":"SearchAction","target":{"@type":"EntryPoint","urlTemplate":"https:\/\/ajeandalucia.org\/jaen\/?s={search_term_string}"},"query-input":{"@type":"PropertyValueSpecification","valueRequired":true,"valueName":"search_term_string"}}],"inLanguage":"es"},{"@type":"Organization","@id":"https:\/\/ajeandalucia.org\/jaen\/#organization","name":"AJE Ja\u00e9n","url":"https:\/\/ajeandalucia.org\/jaen\/","logo":{"@type":"ImageObject","inLanguage":"es","@id":"https:\/\/ajeandalucia.org\/jaen\/#\/schema\/logo\/image\/","url":"https:\/\/ajeandalucia.org\/jaen\/wp-content\/uploads\/sites\/9\/2025\/01\/logotipo-aje-andalucia-jovenes-empresarios-1.png","contentUrl":"https:\/\/ajeandalucia.org\/jaen\/wp-content\/uploads\/sites\/9\/2025\/01\/logotipo-aje-andalucia-jovenes-empresarios-1.png","width":1129,"height":207,"caption":"AJE Ja\u00e9n"},"image":{"@id":"https:\/\/ajeandalucia.org\/jaen\/#\/schema\/logo\/image\/"}}]}},"_links":{"self":[{"href":"https:\/\/ajeandalucia.org\/jaen\/wp-json\/wp\/v2\/mec-events\/14374","targetHints":{"allow":["GET"]}}],"collection":[{"href":"https:\/\/ajeandalucia.org\/jaen\/wp-json\/wp\/v2\/mec-events"}],"about":[{"href":"https:\/\/ajeandalucia.org\/jaen\/wp-json\/wp\/v2\/types\/mec-events"}],"author":[{"embeddable":true,"href":"https:\/\/ajeandalucia.org\/jaen\/wp-json\/wp\/v2\/users\/8"}],"replies":[{"embeddable":true,"href":"https:\/\/ajeandalucia.org\/jaen\/wp-json\/wp\/v2\/comments?post=14374"}],"version-history":[{"count":5,"href":"https:\/\/ajeandalucia.org\/jaen\/wp-json\/wp\/v2\/mec-events\/14374\/revisions"}],"predecessor-version":[{"id":14920,"href":"https:\/\/ajeandalucia.org\/jaen\/wp-json\/wp\/v2\/mec-events\/14374\/revisions\/14920"}],"wp:featuredmedia":[{"embeddable":true,"href":"https:\/\/ajeandalucia.org\/jaen\/wp-json\/wp\/v2\/media\/14906"}],"wp:attachment":[{"href":"https:\/\/ajeandalucia.org\/jaen\/wp-json\/wp\/v2\/media?parent=14374"}],"wp:term":[{"taxonomy":"post_tag","embeddable":true,"href":"https:\/\/ajeandalucia.org\/jaen\/wp-json\/wp\/v2\/tags?post=14374"},{"taxonomy":"mec_category","embeddable":true,"href":"https:\/\/ajeandalucia.org\/jaen\/wp-json\/wp\/v2\/mec_category?post=14374"},{"taxonomy":"mec_speaker","embeddable":true,"href":"https:\/\/ajeandalucia.org\/jaen\/wp-json\/wp\/v2\/mec_speaker?post=14374"},{"taxonomy":"mec_sponsor","embeddable":true,"href":"https:\/\/ajeandalucia.org\/jaen\/wp-json\/wp\/v2\/mec_sponsor?post=14374"}],"curies":[{"name":"wp","href":"https:\/\/api.w.org\/{rel}","templated":true}]}}