{"id":15180,"date":"2026-04-28T13:38:17","date_gmt":"2026-04-28T11:38:17","guid":{"rendered":"https:\/\/ajeandalucia.org\/jaen\/?post_type=mec-events&#038;p=15180"},"modified":"2026-04-28T13:38:17","modified_gmt":"2026-04-28T11:38:17","slug":"ajejaen-es-agenda-privada","status":"publish","type":"mec-events","link":"https:\/\/ajeandalucia.org\/jaen\/eventos\/ajejaen-es-agenda-privada\/","title":{"rendered":"AJEnda Privada \u2014 Una experiencia exclusiva para socios de AJE Ja\u00e9n"},"content":{"rendered":"<h4 data-prosemirror-content-type=\"node\" data-prosemirror-node-name=\"heading\" data-prosemirror-node-block=\"true\" data-pm-slice=\"1 1 []\"><span style=\"color: #000000\">No te diremos d\u00f3nde. Ni con qui\u00e9n. Pero querr\u00e1s estar.<\/span><\/h4>\n<p data-renderer-start-pos=\"271\"><span style=\"color: #000000\"><strong data-renderer-mark=\"true\">AJEnda Privada<\/strong> es una experiencia que AJE Ja\u00e9n no ha hecho nunca hasta ahora.<\/span><\/p>\n<p data-renderer-start-pos=\"350\"><span style=\"color: #000000\">Visitamos a un empresario de referencia de nuestra provincia, conocemos su empresa de primera mano y escuchamos su historia sin filtros. Todo en un entorno confidencial, solo para socios, y con plazas tan limitadas que no todo el mundo podr\u00e1 entrar.<\/span><\/p>\n<p data-renderer-start-pos=\"601\"><span style=\"color: #000000\">Hasta el d\u00eda del evento, la ubicaci\u00f3n es confidencial. Sin cartel. Sin pistas. Solo si est\u00e1s dentro.<\/span><\/p>\n<ul>\n<li data-renderer-start-pos=\"704\"><strong data-renderer-mark=\"true\">Fecha:<\/strong> 14 de mayo de 2026<\/li>\n<li data-renderer-start-pos=\"704\"><strong data-renderer-mark=\"true\">Hora:<\/strong> 15:00h<\/li>\n<li data-renderer-start-pos=\"704\"><strong data-renderer-mark=\"true\">Ubicaci\u00f3n:<\/strong> Confidencial (se comunica a los inscritos)<\/li>\n<li data-renderer-start-pos=\"704\"><strong data-renderer-mark=\"true\">Acceso:<\/strong> Exclusivo socios AJE Ja\u00e9n<\/li>\n<li data-renderer-start-pos=\"704\"><strong data-renderer-mark=\"true\">Plazas:<\/strong> Muy limitadas<\/li>\n<\/ul>\n<p data-renderer-start-pos=\"869\"><strong data-renderer-mark=\"true\">Inscripciones abiertas a partir del 5 de mayo.<\/strong><\/p>\n","protected":false},"excerpt":{"rendered":"<p>No te diremos d\u00f3nde. Ni con qui\u00e9n. Pero querr\u00e1s estar. AJEnda Privada es una experiencia que AJE Ja\u00e9n no ha [&hellip;]<\/p>\n","protected":false},"author":8,"featured_media":15182,"comment_status":"closed","ping_status":"closed","template":"","meta":{"_acf_changed":false,"site-sidebar-layout":"default","site-content-layout":"","ast-site-content-layout":"default","site-content-style":"default","site-sidebar-style":"default","ast-global-header-display":"","ast-banner-title-visibility":"","ast-main-header-display":"","ast-hfb-above-header-display":"","ast-hfb-below-header-display":"","ast-hfb-mobile-header-display":"","site-post-title":"","ast-breadcrumbs-content":"","ast-featured-img":"","footer-sml-layout":"","ast-disable-related-posts":"","theme-transparent-header-meta":"default","adv-header-id-meta":"","stick-header-meta":"","header-above-stick-meta":"","header-main-stick-meta":"","header-below-stick-meta":"","astra-migrate-meta-layouts":"set","ast-page-background-enabled":"default","ast-page-background-meta":{"desktop":{"background-color":"var(--ast-global-color-5)","background-image":"","background-repeat":"repeat","background-position":"center center","background-size":"auto","background-attachment":"scroll","background-type":"","background-media":"","overlay-type":"","overlay-color":"","overlay-opacity":"","overlay-gradient":""},"tablet":{"background-color":"","background-image":"","background-repeat":"repeat","background-position":"center center","background-size":"auto","background-attachment":"scroll","background-type":"","background-media":"","overlay-type":"","overlay-color":"","overlay-opacity":"","overlay-gradient":""},"mobile":{"background-color":"","background-image":"","background-repeat":"repeat","background-position":"center center","background-size":"auto","background-attachment":"scroll","background-type":"","background-media":"","overlay-type":"","overlay-color":"","overlay-opacity":"","overlay-gradient":""}},"ast-content-background-meta":{"desktop":{"background-color":"var(--ast-global-color-4)","background-image":"","background-repeat":"repeat","background-position":"center center","background-size":"auto","background-attachment":"scroll","background-type":"","background-media":"","overlay-type":"","overlay-color":"","overlay-opacity":"","overlay-gradient":""},"tablet":{"background-color":"var(--ast-global-color-4)","background-image":"","background-repeat":"repeat","background-position":"center center","background-size":"auto","background-attachment":"scroll","background-type":"","background-media":"","overlay-type":"","overlay-color":"","overlay-opacity":"","overlay-gradient":""},"mobile":{"background-color":"var(--ast-global-color-4)","background-image":"","background-repeat":"repeat","background-position":"center center","background-size":"auto","background-attachment":"scroll","background-type":"","background-media":"","overlay-type":"","overlay-color":"","overlay-opacity":"","overlay-gradient":""}}},"tags":[],"mec_category":[],"mec_speaker":[],"mec_sponsor":[],"class_list":["post-15180","mec-events","type-mec-events","status-publish","has-post-thumbnail","hentry"],"acf":[],"yoast_head":"<!-- This site is optimized with the Yoast SEO plugin v26.9 - https:\/\/yoast.com\/product\/yoast-seo-wordpress\/ -->\n<title>AJEnda Privada | Experiencia exclusiva para socios \u2014 AJE Ja\u00e9n<\/title>\n<meta name=\"description\" content=\"Una experiencia que no hab\u00edamos hecho nunca. Visita confidencial a un empresario de referencia de Ja\u00e9n. Solo socios, plazas limitadas. 14 de mayo. Inscripciones desde el 05.05.\" \/>\n<meta name=\"robots\" content=\"index, follow, max-snippet:-1, max-image-preview:large, max-video-preview:-1\" \/>\n<link rel=\"canonical\" href=\"https:\/\/ajeandalucia.org\/jaen\/eventos\/ajejaen-es-agenda-privada\/\" \/>\n<meta property=\"og:locale\" content=\"es_ES\" \/>\n<meta property=\"og:type\" content=\"article\" \/>\n<meta property=\"og:title\" content=\"AJEnda Privada | Experiencia exclusiva para socios \u2014 AJE Ja\u00e9n\" \/>\n<meta property=\"og:description\" content=\"Una experiencia que no hab\u00edamos hecho nunca. Visita confidencial a un empresario de referencia de Ja\u00e9n. Solo socios, plazas limitadas. 14 de mayo. Inscripciones desde el 05.05.\" \/>\n<meta property=\"og:url\" content=\"https:\/\/ajeandalucia.org\/jaen\/eventos\/ajejaen-es-agenda-privada\/\" \/>\n<meta property=\"og:site_name\" content=\"AJE Ja\u00e9n\" \/>\n<meta property=\"og:image\" content=\"http:\/\/ajeandalucia.org\/jaen\/wp-content\/uploads\/sites\/9\/2026\/04\/1.png\" \/>\n\t<meta property=\"og:image:width\" content=\"1080\" \/>\n\t<meta property=\"og:image:height\" content=\"1350\" \/>\n\t<meta property=\"og:image:type\" content=\"image\/png\" \/>\n<meta name=\"twitter:card\" content=\"summary_large_image\" \/>\n<meta name=\"twitter:label1\" content=\"Tiempo de lectura\" \/>\n\t<meta name=\"twitter:data1\" content=\"1 minuto\" \/>\n<script type=\"application\/ld+json\" class=\"yoast-schema-graph\">{\"@context\":\"https:\/\/schema.org\",\"@graph\":[{\"@type\":\"WebPage\",\"@id\":\"https:\/\/ajeandalucia.org\/jaen\/eventos\/ajejaen-es-agenda-privada\/\",\"url\":\"https:\/\/ajeandalucia.org\/jaen\/eventos\/ajejaen-es-agenda-privada\/\",\"name\":\"AJEnda Privada | Experiencia exclusiva para socios \u2014 AJE Ja\u00e9n\",\"isPartOf\":{\"@id\":\"https:\/\/ajeandalucia.org\/jaen\/#website\"},\"primaryImageOfPage\":{\"@id\":\"https:\/\/ajeandalucia.org\/jaen\/eventos\/ajejaen-es-agenda-privada\/#primaryimage\"},\"image\":{\"@id\":\"https:\/\/ajeandalucia.org\/jaen\/eventos\/ajejaen-es-agenda-privada\/#primaryimage\"},\"thumbnailUrl\":\"https:\/\/ajeandalucia.org\/jaen\/wp-content\/uploads\/sites\/9\/2026\/04\/1.png\",\"datePublished\":\"2026-04-28T11:38:17+00:00\",\"description\":\"Una experiencia que no hab\u00edamos hecho nunca. Visita confidencial a un empresario de referencia de Ja\u00e9n. Solo socios, plazas limitadas. 14 de mayo. Inscripciones desde el 05.05.\",\"breadcrumb\":{\"@id\":\"https:\/\/ajeandalucia.org\/jaen\/eventos\/ajejaen-es-agenda-privada\/#breadcrumb\"},\"inLanguage\":\"es\",\"potentialAction\":[{\"@type\":\"ReadAction\",\"target\":[\"https:\/\/ajeandalucia.org\/jaen\/eventos\/ajejaen-es-agenda-privada\/\"]}]},{\"@type\":\"ImageObject\",\"inLanguage\":\"es\",\"@id\":\"https:\/\/ajeandalucia.org\/jaen\/eventos\/ajejaen-es-agenda-privada\/#primaryimage\",\"url\":\"https:\/\/ajeandalucia.org\/jaen\/wp-content\/uploads\/sites\/9\/2026\/04\/1.png\",\"contentUrl\":\"https:\/\/ajeandalucia.org\/jaen\/wp-content\/uploads\/sites\/9\/2026\/04\/1.png\",\"width\":1080,\"height\":1350},{\"@type\":\"BreadcrumbList\",\"@id\":\"https:\/\/ajeandalucia.org\/jaen\/eventos\/ajejaen-es-agenda-privada\/#breadcrumb\",\"itemListElement\":[{\"@type\":\"ListItem\",\"position\":1,\"name\":\"Portada\",\"item\":\"https:\/\/ajeandalucia.org\/jaen\/\"},{\"@type\":\"ListItem\",\"position\":2,\"name\":\"Eventos\",\"item\":\"https:\/\/ajeandalucia.org\/jaen\/eventos\/\"},{\"@type\":\"ListItem\",\"position\":3,\"name\":\"AJEnda Privada \u2014 Una experiencia exclusiva para socios de AJE Ja\u00e9n\"}]},{\"@type\":\"WebSite\",\"@id\":\"https:\/\/ajeandalucia.org\/jaen\/#website\",\"url\":\"https:\/\/ajeandalucia.org\/jaen\/\",\"name\":\"AJE Ja\u00e9n\",\"description\":\"Otro sitio m\u00e1s de AJE Andaluc\u00eda\",\"publisher\":{\"@id\":\"https:\/\/ajeandalucia.org\/jaen\/#organization\"},\"potentialAction\":[{\"@type\":\"SearchAction\",\"target\":{\"@type\":\"EntryPoint\",\"urlTemplate\":\"https:\/\/ajeandalucia.org\/jaen\/?s={search_term_string}\"},\"query-input\":{\"@type\":\"PropertyValueSpecification\",\"valueRequired\":true,\"valueName\":\"search_term_string\"}}],\"inLanguage\":\"es\"},{\"@type\":\"Organization\",\"@id\":\"https:\/\/ajeandalucia.org\/jaen\/#organization\",\"name\":\"AJE Ja\u00e9n\",\"url\":\"https:\/\/ajeandalucia.org\/jaen\/\",\"logo\":{\"@type\":\"ImageObject\",\"inLanguage\":\"es\",\"@id\":\"https:\/\/ajeandalucia.org\/jaen\/#\/schema\/logo\/image\/\",\"url\":\"https:\/\/ajeandalucia.org\/jaen\/wp-content\/uploads\/sites\/9\/2025\/01\/logotipo-aje-andalucia-jovenes-empresarios-1.png\",\"contentUrl\":\"https:\/\/ajeandalucia.org\/jaen\/wp-content\/uploads\/sites\/9\/2025\/01\/logotipo-aje-andalucia-jovenes-empresarios-1.png\",\"width\":1129,\"height\":207,\"caption\":\"AJE Ja\u00e9n\"},\"image\":{\"@id\":\"https:\/\/ajeandalucia.org\/jaen\/#\/schema\/logo\/image\/\"}}]}<\/script>\n<!-- \/ Yoast SEO plugin. -->","yoast_head_json":{"title":"AJEnda Privada | Experiencia exclusiva para socios \u2014 AJE Ja\u00e9n","description":"Una experiencia que no hab\u00edamos hecho nunca. Visita confidencial a un empresario de referencia de Ja\u00e9n. Solo socios, plazas limitadas. 14 de mayo. Inscripciones desde el 05.05.","robots":{"index":"index","follow":"follow","max-snippet":"max-snippet:-1","max-image-preview":"max-image-preview:large","max-video-preview":"max-video-preview:-1"},"canonical":"https:\/\/ajeandalucia.org\/jaen\/eventos\/ajejaen-es-agenda-privada\/","og_locale":"es_ES","og_type":"article","og_title":"AJEnda Privada | Experiencia exclusiva para socios \u2014 AJE Ja\u00e9n","og_description":"Una experiencia que no hab\u00edamos hecho nunca. Visita confidencial a un empresario de referencia de Ja\u00e9n. Solo socios, plazas limitadas. 14 de mayo. Inscripciones desde el 05.05.","og_url":"https:\/\/ajeandalucia.org\/jaen\/eventos\/ajejaen-es-agenda-privada\/","og_site_name":"AJE Ja\u00e9n","og_image":[{"width":1080,"height":1350,"url":"http:\/\/ajeandalucia.org\/jaen\/wp-content\/uploads\/sites\/9\/2026\/04\/1.png","type":"image\/png"}],"twitter_card":"summary_large_image","twitter_misc":{"Tiempo de lectura":"1 minuto"},"schema":{"@context":"https:\/\/schema.org","@graph":[{"@type":"WebPage","@id":"https:\/\/ajeandalucia.org\/jaen\/eventos\/ajejaen-es-agenda-privada\/","url":"https:\/\/ajeandalucia.org\/jaen\/eventos\/ajejaen-es-agenda-privada\/","name":"AJEnda Privada | Experiencia exclusiva para socios \u2014 AJE Ja\u00e9n","isPartOf":{"@id":"https:\/\/ajeandalucia.org\/jaen\/#website"},"primaryImageOfPage":{"@id":"https:\/\/ajeandalucia.org\/jaen\/eventos\/ajejaen-es-agenda-privada\/#primaryimage"},"image":{"@id":"https:\/\/ajeandalucia.org\/jaen\/eventos\/ajejaen-es-agenda-privada\/#primaryimage"},"thumbnailUrl":"https:\/\/ajeandalucia.org\/jaen\/wp-content\/uploads\/sites\/9\/2026\/04\/1.png","datePublished":"2026-04-28T11:38:17+00:00","description":"Una experiencia que no hab\u00edamos hecho nunca. Visita confidencial a un empresario de referencia de Ja\u00e9n. Solo socios, plazas limitadas. 14 de mayo. Inscripciones desde el 05.05.","breadcrumb":{"@id":"https:\/\/ajeandalucia.org\/jaen\/eventos\/ajejaen-es-agenda-privada\/#breadcrumb"},"inLanguage":"es","potentialAction":[{"@type":"ReadAction","target":["https:\/\/ajeandalucia.org\/jaen\/eventos\/ajejaen-es-agenda-privada\/"]}]},{"@type":"ImageObject","inLanguage":"es","@id":"https:\/\/ajeandalucia.org\/jaen\/eventos\/ajejaen-es-agenda-privada\/#primaryimage","url":"https:\/\/ajeandalucia.org\/jaen\/wp-content\/uploads\/sites\/9\/2026\/04\/1.png","contentUrl":"https:\/\/ajeandalucia.org\/jaen\/wp-content\/uploads\/sites\/9\/2026\/04\/1.png","width":1080,"height":1350},{"@type":"BreadcrumbList","@id":"https:\/\/ajeandalucia.org\/jaen\/eventos\/ajejaen-es-agenda-privada\/#breadcrumb","itemListElement":[{"@type":"ListItem","position":1,"name":"Portada","item":"https:\/\/ajeandalucia.org\/jaen\/"},{"@type":"ListItem","position":2,"name":"Eventos","item":"https:\/\/ajeandalucia.org\/jaen\/eventos\/"},{"@type":"ListItem","position":3,"name":"AJEnda Privada \u2014 Una experiencia exclusiva para socios de AJE Ja\u00e9n"}]},{"@type":"WebSite","@id":"https:\/\/ajeandalucia.org\/jaen\/#website","url":"https:\/\/ajeandalucia.org\/jaen\/","name":"AJE Ja\u00e9n","description":"Otro sitio m\u00e1s de AJE Andaluc\u00eda","publisher":{"@id":"https:\/\/ajeandalucia.org\/jaen\/#organization"},"potentialAction":[{"@type":"SearchAction","target":{"@type":"EntryPoint","urlTemplate":"https:\/\/ajeandalucia.org\/jaen\/?s={search_term_string}"},"query-input":{"@type":"PropertyValueSpecification","valueRequired":true,"valueName":"search_term_string"}}],"inLanguage":"es"},{"@type":"Organization","@id":"https:\/\/ajeandalucia.org\/jaen\/#organization","name":"AJE Ja\u00e9n","url":"https:\/\/ajeandalucia.org\/jaen\/","logo":{"@type":"ImageObject","inLanguage":"es","@id":"https:\/\/ajeandalucia.org\/jaen\/#\/schema\/logo\/image\/","url":"https:\/\/ajeandalucia.org\/jaen\/wp-content\/uploads\/sites\/9\/2025\/01\/logotipo-aje-andalucia-jovenes-empresarios-1.png","contentUrl":"https:\/\/ajeandalucia.org\/jaen\/wp-content\/uploads\/sites\/9\/2025\/01\/logotipo-aje-andalucia-jovenes-empresarios-1.png","width":1129,"height":207,"caption":"AJE Ja\u00e9n"},"image":{"@id":"https:\/\/ajeandalucia.org\/jaen\/#\/schema\/logo\/image\/"}}]}},"_links":{"self":[{"href":"https:\/\/ajeandalucia.org\/jaen\/wp-json\/wp\/v2\/mec-events\/15180","targetHints":{"allow":["GET"]}}],"collection":[{"href":"https:\/\/ajeandalucia.org\/jaen\/wp-json\/wp\/v2\/mec-events"}],"about":[{"href":"https:\/\/ajeandalucia.org\/jaen\/wp-json\/wp\/v2\/types\/mec-events"}],"author":[{"embeddable":true,"href":"https:\/\/ajeandalucia.org\/jaen\/wp-json\/wp\/v2\/users\/8"}],"replies":[{"embeddable":true,"href":"https:\/\/ajeandalucia.org\/jaen\/wp-json\/wp\/v2\/comments?post=15180"}],"version-history":[{"count":2,"href":"https:\/\/ajeandalucia.org\/jaen\/wp-json\/wp\/v2\/mec-events\/15180\/revisions"}],"predecessor-version":[{"id":15184,"href":"https:\/\/ajeandalucia.org\/jaen\/wp-json\/wp\/v2\/mec-events\/15180\/revisions\/15184"}],"wp:featuredmedia":[{"embeddable":true,"href":"https:\/\/ajeandalucia.org\/jaen\/wp-json\/wp\/v2\/media\/15182"}],"wp:attachment":[{"href":"https:\/\/ajeandalucia.org\/jaen\/wp-json\/wp\/v2\/media?parent=15180"}],"wp:term":[{"taxonomy":"post_tag","embeddable":true,"href":"https:\/\/ajeandalucia.org\/jaen\/wp-json\/wp\/v2\/tags?post=15180"},{"taxonomy":"mec_category","embeddable":true,"href":"https:\/\/ajeandalucia.org\/jaen\/wp-json\/wp\/v2\/mec_category?post=15180"},{"taxonomy":"mec_speaker","embeddable":true,"href":"https:\/\/ajeandalucia.org\/jaen\/wp-json\/wp\/v2\/mec_speaker?post=15180"},{"taxonomy":"mec_sponsor","embeddable":true,"href":"https:\/\/ajeandalucia.org\/jaen\/wp-json\/wp\/v2\/mec_sponsor?post=15180"}],"curies":[{"name":"wp","href":"https:\/\/api.w.org\/{rel}","templated":true}]}}